{"id":7555,"date":"2026-01-22T14:58:05","date_gmt":"2026-01-22T13:58:05","guid":{"rendered":"https:\/\/spuehler.legal\/milena-van-dierendonck\/"},"modified":"2026-01-22T14:58:07","modified_gmt":"2026-01-22T13:58:07","slug":"milena-van-dierendonck","status":"publish","type":"page","link":"https:\/\/spuehler.legal\/pt-pt\/milena-van-dierendonck\/","title":{"rendered":"Milena van Dierendonck"},"content":{"rendered":"<section class=\"l-section wpb_row height_large color_primary with_img\"><div class=\"l-section-img\" role=\"img\" aria-label=\"Advogado Zurique\" data-img-width=\"1920\" data-img-height=\"1280\" style=\"background-image: url(https:\/\/spuehler.legal\/wp-content\/uploads\/2017\/12\/rwi-bibliothek-zuerich3.jpg);\"><\/div><div class=\"l-section-overlay\" style=\"background:rgba(0,0,0,0.6)\"><\/div><div class=\"l-section-h i-cf\"><div class=\"g-cols vc_row via_flex valign_top type_default stacking_default\"><div class=\"vc_col-sm-12 wpb_column vc_column_container\"><div class=\"vc_column-inner\"><div class=\"wpb_wrapper\"><div class=\"wpb_text_column\"><div class=\"wpb_wrapper\"><h1><span>Milena van Dierendonck  <\/span><\/h1>\n<\/div><\/div><div class=\"wpb_text_column us_custom_dfddb007\"><div class=\"wpb_wrapper\"><h3>Assistente de advogado<\/h3>\n<\/div><\/div><\/div><\/div><\/div><\/div><\/div><\/section><section class=\"l-section wpb_row us_custom_a40275d7 height_medium\"><div class=\"l-section-h i-cf\"><div class=\"g-cols vc_row via_flex valign_top type_default stacking_default\"><div class=\"vc_col-sm-4 wpb_column vc_column_container\"><div class=\"vc_column-inner\"><div class=\"wpb_wrapper\"><div class=\"w-person layout_simple\" itemscope itemtype=\"https:\/\/schema.org\/Person\"><div class=\"w-person-image\"><img decoding=\"async\" width=\"600\" height=\"800\" src=\"https:\/\/spuehler.legal\/wp-content\/uploads\/2026\/01\/Portrait_Milena_van_Dierendonck.jpg\" class=\"attachment-full size-full\" alt=\"\" itemprop=\"image\" srcset=\"https:\/\/spuehler.legal\/wp-content\/uploads\/2026\/01\/Portrait_Milena_van_Dierendonck.jpg 600w, https:\/\/spuehler.legal\/wp-content\/uploads\/2026\/01\/Portrait_Milena_van_Dierendonck-225x300.jpg 225w\" sizes=\"(max-width: 600px) 100vw, 600px\" \/><\/div><div class=\"w-person-content\"><h4 itemprop=\"name\" class=\"w-person-name\"><span>Milena van Dierendonck<\/span><\/h4><div class=\"w-person-role\" itemprop=\"jobTitle\">Assistente de advogado<\/div><\/div><\/div><\/div><\/div><\/div><div class=\"vc_col-sm-8 wpb_column vc_column_container\"><div class=\"vc_column-inner\"><div class=\"wpb_wrapper\"><div class=\"wpb_text_column\"><div class=\"wpb_wrapper\"><h2>Carreira<\/h2>\n<p>Milena van Dierendonck est\u00e1 estudando Direito na Universidade de Zurique desde setembro de 2022. No semestre de outono de 2025, ela concluiu um semestre de interc\u00e2mbio na Universidade de Maastricht. <\/p>\n<p>Milena van Dierendonck trabalha como paralegal na Sp\u00fchler Rechtsanw\u00e4lte AG desde janeiro de 2026.  <span style=\"font-size: 13.0pt;\"><\/span><\/p>\n<\/div><\/div><\/div><\/div><\/div><\/div><\/div><\/section><section class=\"l-section wpb_row us_custom_8d5aa4e2 height_small\"><div class=\"l-section-h i-cf\"><div class=\"g-cols vc_row via_flex valign_top type_default stacking_default\"><div class=\"vc_col-sm-4 wpb_column vc_column_container\"><div class=\"vc_column-inner\"><div class=\"wpb_wrapper\"><div class=\"w-iconbox iconpos_top style_outlined color_primary align_center no_text no_title\"><div class=\"w-iconbox-icon\" style=\"font-size:60px;\"><i class=\"fas fa-comments\"><\/i><\/div><div class=\"w-iconbox-meta\"><\/div><\/div><div class=\"w-separator size_custom\" style=\"height:20px\"><\/div><\/div><\/div><\/div><div class=\"vc_col-sm-8 wpb_column vc_column_container\"><div class=\"vc_column-inner\"><div class=\"wpb_wrapper\"><div class=\"g-cols wpb_row via_flex valign_top type_default stacking_default\"><div class=\"vc_col-sm-6 wpb_column vc_column_container\"><div class=\"vc_column-inner us_custom_539f15ee\"><div class=\"wpb_wrapper\"><div class=\"wpb_text_column\"><div class=\"wpb_wrapper\"><h3>Habilidades lingu\u00edsticas<\/h3>\n<p>&#8211; Alem\u00e3o (l\u00edngua materna)<br \/>\n&#8211; Holand\u00eas (l\u00edngua materna)<br \/>\n&#8211; Ingl\u00eas<br \/>\n&#8211; Franc\u00eas<\/p>\n<\/div><\/div><\/div><\/div><\/div><div class=\"vc_col-sm-6 wpb_column vc_column_container\"><div class=\"vc_column-inner us_custom_539f15ee\"><div class=\"wpb_wrapper\"><\/div><\/div><\/div><\/div><\/div><\/div><\/div><\/div><\/div><\/section><section class=\"l-section wpb_row height_large color_primary\"><div class=\"l-section-h i-cf\"><div class=\"g-cols vc_row via_flex valign_top type_default stacking_default\"><div class=\"vc_col-sm-4 wpb_column vc_column_container\"><div class=\"vc_column-inner us_custom_289537ba\"><div class=\"wpb_wrapper\"><div class=\"w-iconbox iconpos_top style_outlined color_custom align_center no_text no_title\"><div class=\"w-iconbox-icon\" style=\"font-size:60px;--icon-color:#ffffff;--icon-bg-color:#ffffff;\"><i class=\"fas fa-graduation-cap\"><\/i><\/div><div class=\"w-iconbox-meta\"><\/div><\/div><div class=\"w-separator size_custom\" style=\"height:20px\"><\/div><\/div><\/div><\/div><div class=\"vc_col-sm-8 wpb_column vc_column_container\"><div class=\"vc_column-inner\"><div class=\"wpb_wrapper\"><div class=\"wpb_text_column\"><div class=\"wpb_wrapper\"><h2><strong>Vis\u00e3o geral<\/strong> do treinamento e Vis\u00e3o geral do atividades profissionais<\/h2>\n<p><strong>Desde janeiro de 2025<\/strong><br \/>\nParalegal na Sp\u00fchler Rechtsanw\u00e4lte AG<\/p>\n<p><strong>Desde setembro de 2022<\/strong><br \/>\nEstudando Direito (Bacharelado em Direito), Universidade de Zurique<\/p>\n<\/div><\/div><\/div><\/div><\/div><\/div><\/div><\/section><section class=\"l-section wpb_row height_medium\"><div class=\"l-section-h i-cf\"><div class=\"g-cols vc_row via_flex valign_top type_default stacking_default\"><div class=\"vc_col-sm-4 wpb_column vc_column_container\"><div class=\"vc_column-inner\"><div class=\"wpb_wrapper\"><div class=\"w-iconbox iconpos_top style_outlined color_primary align_center no_text no_title\"><div class=\"w-iconbox-icon\" style=\"font-size:60px;\"><i class=\"fas fa-id-card\"><\/i><\/div><div class=\"w-iconbox-meta\"><\/div><\/div><div class=\"w-separator size_custom\" style=\"height:20px\"><\/div><\/div><\/div><\/div><div class=\"vc_col-sm-8 wpb_column vc_column_container\"><div class=\"vc_column-inner\"><div class=\"wpb_wrapper\"><div class=\"g-cols wpb_row via_flex valign_top type_default stacking_default\"><div class=\"vc_col-sm-6 wpb_column vc_column_container\"><div class=\"vc_column-inner us_custom_539f15ee\"><div class=\"wpb_wrapper\"><div class=\"wpb_text_column\"><div class=\"wpb_wrapper\"><h3>Entre em contato conosco<\/h3>\n<\/div><\/div><div class=\"w-iconbox iconpos_left style_default color_contrast align_left no_text\"><a href=\"tel:+41433440505\" class=\"w-iconbox-link\" aria-label=\"+41 43 344 05 05\"><div class=\"w-iconbox-icon\" style=\"font-size:1.3em;\"><i class=\"fas fa-phone\"><\/i><\/div><\/a><div class=\"w-iconbox-meta\"><div class=\"w-iconbox-title\"><a href=\"tel:+41433440505\" class=\"w-iconbox-link\" aria-label=\"+41 43 344 05 05\">+41 43 344 05 05<\/a><\/div><\/div><\/div><div class=\"w-separator size_custom\" style=\"height:25px\"><\/div><div class=\"w-iconbox iconpos_left style_default color_contrast align_left no_text\"><a href=\"mailto:mv@spuehler.legal\" class=\"w-iconbox-link\" aria-label=\"MV@spuehler.legal\"><div class=\"w-iconbox-icon\" style=\"font-size:1.3em;\"><i class=\"fas fa-envelope\"><\/i><\/div><\/a><div class=\"w-iconbox-meta\"><div class=\"w-iconbox-title\"><a href=\"mailto:mv@spuehler.legal\" class=\"w-iconbox-link\" aria-label=\"MV@spuehler.legal\">MV@spuehler.legal<\/a><\/div><\/div><\/div><\/div><\/div><\/div><div class=\"vc_col-sm-6 wpb_column vc_column_container\"><div class=\"vc_column-inner us_custom_539f15ee\"><div class=\"wpb_wrapper\"><\/div><\/div><\/div><\/div><\/div><\/div><\/div><\/div><\/div><\/section>\n","protected":false},"excerpt":{"rendered":"Milena van Dierendonck Assistente de advogado Milena van DierendonckAssistente de advogadoCarreira Milena van Dierendonck est\u00e1 estudando Direito na Universidade de Zurique desde setembro de 2022. No semestre de outono de 2025, ela concluiu um semestre de interc\u00e2mbio na Universidade de Maastricht. Milena van Dierendonck trabalha como paralegal na Sp\u00fchler Rechtsanw\u00e4lte AG desde janeiro de 2026....","protected":false},"author":1,"featured_media":0,"parent":0,"menu_order":0,"comment_status":"closed","ping_status":"closed","template":"","meta":{"footnotes":""},"class_list":["post-7555","page","type-page","status-publish","hentry"],"yoast_head":"<!-- This site is optimized with the Yoast SEO Premium plugin v27.4 (Yoast SEO v27.4) - https:\/\/yoast.com\/product\/yoast-seo-premium-wordpress\/ -->\n<title>Milena van Dierendonck - Sp\u00fchler Rechtsanw\u00e4lte AG<\/title>\n<meta name=\"robots\" content=\"index, follow, max-snippet:-1, max-image-preview:large, max-video-preview:-1\" \/>\n<link rel=\"canonical\" href=\"https:\/\/spuehler.legal\/pt-pt\/milena-van-dierendonck\/\" \/>\n<meta property=\"og:locale\" content=\"pt_PT\" \/>\n<meta property=\"og:type\" content=\"article\" \/>\n<meta property=\"og:title\" content=\"Milena van Dierendonck\" \/>\n<meta property=\"og:url\" content=\"https:\/\/spuehler.legal\/pt-pt\/milena-van-dierendonck\/\" \/>\n<meta property=\"og:site_name\" content=\"Sp\u00fchler Rechtsanw\u00e4lte AG\" \/>\n<meta property=\"article:publisher\" content=\"https:\/\/www.facebook.com\/spuehler.legal\" \/>\n<meta property=\"article:modified_time\" content=\"2026-01-22T13:58:07+00:00\" \/>\n<meta name=\"twitter:card\" content=\"summary_large_image\" \/>\n<meta name=\"twitter:label1\" content=\"Tempo estimado de leitura\" \/>\n\t<meta name=\"twitter:data1\" content=\"3 minutos\" \/>\n<script type=\"application\/ld+json\" class=\"yoast-schema-graph\">{\"@context\":\"https:\\\/\\\/schema.org\",\"@graph\":[{\"@type\":\"WebPage\",\"@id\":\"https:\\\/\\\/spuehler.legal\\\/pt-pt\\\/milena-van-dierendonck\\\/\",\"url\":\"https:\\\/\\\/spuehler.legal\\\/pt-pt\\\/milena-van-dierendonck\\\/\",\"name\":\"Milena van Dierendonck - Sp\u00fchler Rechtsanw\u00e4lte AG\",\"isPartOf\":{\"@id\":\"https:\\\/\\\/spuehler.legal\\\/pt-pt\\\/#website\"},\"datePublished\":\"2026-01-22T13:58:05+00:00\",\"dateModified\":\"2026-01-22T13:58:07+00:00\",\"breadcrumb\":{\"@id\":\"https:\\\/\\\/spuehler.legal\\\/pt-pt\\\/milena-van-dierendonck\\\/#breadcrumb\"},\"inLanguage\":\"pt-PT\",\"potentialAction\":[{\"@type\":\"ReadAction\",\"target\":[\"https:\\\/\\\/spuehler.legal\\\/pt-pt\\\/milena-van-dierendonck\\\/\"]}]},{\"@type\":\"BreadcrumbList\",\"@id\":\"https:\\\/\\\/spuehler.legal\\\/pt-pt\\\/milena-van-dierendonck\\\/#breadcrumb\",\"itemListElement\":[{\"@type\":\"ListItem\",\"position\":1,\"name\":\"Startseite\",\"item\":\"https:\\\/\\\/spuehler.legal\\\/pt-pt\\\/inicio\\\/\"},{\"@type\":\"ListItem\",\"position\":2,\"name\":\"Milena van Dierendonck\"}]},{\"@type\":\"WebSite\",\"@id\":\"https:\\\/\\\/spuehler.legal\\\/pt-pt\\\/#website\",\"url\":\"https:\\\/\\\/spuehler.legal\\\/pt-pt\\\/\",\"name\":\"Sp\u00fchler Rechtsanw\u00e4lte AG\",\"description\":\"Rechtsberatung und Rechtsvertretung in allen Lebenslagen\",\"publisher\":{\"@id\":\"https:\\\/\\\/spuehler.legal\\\/pt-pt\\\/#organization\"},\"potentialAction\":[{\"@type\":\"SearchAction\",\"target\":{\"@type\":\"EntryPoint\",\"urlTemplate\":\"https:\\\/\\\/spuehler.legal\\\/pt-pt\\\/?s={search_term_string}\"},\"query-input\":{\"@type\":\"PropertyValueSpecification\",\"valueRequired\":true,\"valueName\":\"search_term_string\"}}],\"inLanguage\":\"pt-PT\"},{\"@type\":\"Organization\",\"@id\":\"https:\\\/\\\/spuehler.legal\\\/pt-pt\\\/#organization\",\"name\":\"Sp\u00fchler Rechtsanw\u00e4lte AG\",\"url\":\"https:\\\/\\\/spuehler.legal\\\/pt-pt\\\/\",\"logo\":{\"@type\":\"ImageObject\",\"inLanguage\":\"pt-PT\",\"@id\":\"https:\\\/\\\/spuehler.legal\\\/pt-pt\\\/#\\\/schema\\\/logo\\\/image\\\/\",\"url\":\"https:\\\/\\\/spuehler.legal\\\/wp-content\\\/uploads\\\/2020\\\/08\\\/logo-spuehler-rechtsanwaelte.png\",\"contentUrl\":\"https:\\\/\\\/spuehler.legal\\\/wp-content\\\/uploads\\\/2020\\\/08\\\/logo-spuehler-rechtsanwaelte.png\",\"width\":898,\"height\":259,\"caption\":\"Sp\u00fchler Rechtsanw\u00e4lte AG\"},\"image\":{\"@id\":\"https:\\\/\\\/spuehler.legal\\\/pt-pt\\\/#\\\/schema\\\/logo\\\/image\\\/\"},\"sameAs\":[\"https:\\\/\\\/www.facebook.com\\\/spuehler.legal\",\"https:\\\/\\\/www.linkedin.com\\\/in\\\/fspuehler\\\/\"],\"description\":\"Die Anwaltskanzlei Sp\u00fchler Rechtsanw\u00e4lte AG ist beratend und prozessierend t\u00e4tig. Sie vertritt Privatpersonen sowie kleine und mittlere Unternehmen (KMU) in nationalen und internationalen Sachverhalten. Durch die breite Ausrichtung der Kanzlei ist eine ganzheitliche Beratung m\u00f6glich, welche auf Deutsch, Englisch, Spanisch, Franz\u00f6sisch, Italienisch oder Portugiesisch stattfindet. Kontaktieren Sie Ihre Anw\u00e4ltin oder Ihren Anwalt in Z\u00fcrich!\",\"email\":\"info@spuehler.legal\",\"telephone\":\"+41433440505\",\"legalName\":\"Sp\u00fchler Rechtsanw\u00e4lte AG\",\"foundingDate\":\"2018-01-01\",\"vatID\":\"CHE-431.484.624\",\"numberOfEmployees\":{\"@type\":\"QuantitativeValue\",\"minValue\":\"1\",\"maxValue\":\"10\"}}]}<\/script>\n<!-- \/ Yoast SEO Premium plugin. -->","yoast_head_json":{"title":"Milena van Dierendonck - Sp\u00fchler Rechtsanw\u00e4lte AG","robots":{"index":"index","follow":"follow","max-snippet":"max-snippet:-1","max-image-preview":"max-image-preview:large","max-video-preview":"max-video-preview:-1"},"canonical":"https:\/\/spuehler.legal\/pt-pt\/milena-van-dierendonck\/","og_locale":"pt_PT","og_type":"article","og_title":"Milena van Dierendonck","og_url":"https:\/\/spuehler.legal\/pt-pt\/milena-van-dierendonck\/","og_site_name":"Sp\u00fchler Rechtsanw\u00e4lte AG","article_publisher":"https:\/\/www.facebook.com\/spuehler.legal","article_modified_time":"2026-01-22T13:58:07+00:00","twitter_card":"summary_large_image","twitter_misc":{"Tempo estimado de leitura":"3 minutos"},"schema":{"@context":"https:\/\/schema.org","@graph":[{"@type":"WebPage","@id":"https:\/\/spuehler.legal\/pt-pt\/milena-van-dierendonck\/","url":"https:\/\/spuehler.legal\/pt-pt\/milena-van-dierendonck\/","name":"Milena van Dierendonck - Sp\u00fchler Rechtsanw\u00e4lte AG","isPartOf":{"@id":"https:\/\/spuehler.legal\/pt-pt\/#website"},"datePublished":"2026-01-22T13:58:05+00:00","dateModified":"2026-01-22T13:58:07+00:00","breadcrumb":{"@id":"https:\/\/spuehler.legal\/pt-pt\/milena-van-dierendonck\/#breadcrumb"},"inLanguage":"pt-PT","potentialAction":[{"@type":"ReadAction","target":["https:\/\/spuehler.legal\/pt-pt\/milena-van-dierendonck\/"]}]},{"@type":"BreadcrumbList","@id":"https:\/\/spuehler.legal\/pt-pt\/milena-van-dierendonck\/#breadcrumb","itemListElement":[{"@type":"ListItem","position":1,"name":"Startseite","item":"https:\/\/spuehler.legal\/pt-pt\/inicio\/"},{"@type":"ListItem","position":2,"name":"Milena van Dierendonck"}]},{"@type":"WebSite","@id":"https:\/\/spuehler.legal\/pt-pt\/#website","url":"https:\/\/spuehler.legal\/pt-pt\/","name":"Sp\u00fchler Rechtsanw\u00e4lte AG","description":"Rechtsberatung und Rechtsvertretung in allen Lebenslagen","publisher":{"@id":"https:\/\/spuehler.legal\/pt-pt\/#organization"},"potentialAction":[{"@type":"SearchAction","target":{"@type":"EntryPoint","urlTemplate":"https:\/\/spuehler.legal\/pt-pt\/?s={search_term_string}"},"query-input":{"@type":"PropertyValueSpecification","valueRequired":true,"valueName":"search_term_string"}}],"inLanguage":"pt-PT"},{"@type":"Organization","@id":"https:\/\/spuehler.legal\/pt-pt\/#organization","name":"Sp\u00fchler Rechtsanw\u00e4lte AG","url":"https:\/\/spuehler.legal\/pt-pt\/","logo":{"@type":"ImageObject","inLanguage":"pt-PT","@id":"https:\/\/spuehler.legal\/pt-pt\/#\/schema\/logo\/image\/","url":"https:\/\/spuehler.legal\/wp-content\/uploads\/2020\/08\/logo-spuehler-rechtsanwaelte.png","contentUrl":"https:\/\/spuehler.legal\/wp-content\/uploads\/2020\/08\/logo-spuehler-rechtsanwaelte.png","width":898,"height":259,"caption":"Sp\u00fchler Rechtsanw\u00e4lte AG"},"image":{"@id":"https:\/\/spuehler.legal\/pt-pt\/#\/schema\/logo\/image\/"},"sameAs":["https:\/\/www.facebook.com\/spuehler.legal","https:\/\/www.linkedin.com\/in\/fspuehler\/"],"description":"Die Anwaltskanzlei Sp\u00fchler Rechtsanw\u00e4lte AG ist beratend und prozessierend t\u00e4tig. Sie vertritt Privatpersonen sowie kleine und mittlere Unternehmen (KMU) in nationalen und internationalen Sachverhalten. Durch die breite Ausrichtung der Kanzlei ist eine ganzheitliche Beratung m\u00f6glich, welche auf Deutsch, Englisch, Spanisch, Franz\u00f6sisch, Italienisch oder Portugiesisch stattfindet. Kontaktieren Sie Ihre Anw\u00e4ltin oder Ihren Anwalt in Z\u00fcrich!","email":"info@spuehler.legal","telephone":"+41433440505","legalName":"Sp\u00fchler Rechtsanw\u00e4lte AG","foundingDate":"2018-01-01","vatID":"CHE-431.484.624","numberOfEmployees":{"@type":"QuantitativeValue","minValue":"1","maxValue":"10"}}]}},"_links":{"self":[{"href":"https:\/\/spuehler.legal\/pt-pt\/wp-json\/wp\/v2\/pages\/7555","targetHints":{"allow":["GET"]}}],"collection":[{"href":"https:\/\/spuehler.legal\/pt-pt\/wp-json\/wp\/v2\/pages"}],"about":[{"href":"https:\/\/spuehler.legal\/pt-pt\/wp-json\/wp\/v2\/types\/page"}],"author":[{"embeddable":true,"href":"https:\/\/spuehler.legal\/pt-pt\/wp-json\/wp\/v2\/users\/1"}],"replies":[{"embeddable":true,"href":"https:\/\/spuehler.legal\/pt-pt\/wp-json\/wp\/v2\/comments?post=7555"}],"version-history":[{"count":3,"href":"https:\/\/spuehler.legal\/pt-pt\/wp-json\/wp\/v2\/pages\/7555\/revisions"}],"predecessor-version":[{"id":7561,"href":"https:\/\/spuehler.legal\/pt-pt\/wp-json\/wp\/v2\/pages\/7555\/revisions\/7561"}],"wp:attachment":[{"href":"https:\/\/spuehler.legal\/pt-pt\/wp-json\/wp\/v2\/media?parent=7555"}],"curies":[{"name":"wp","href":"https:\/\/api.w.org\/{rel}","templated":true}]}}