{"id":3098,"date":"2021-11-16T17:55:36","date_gmt":"2021-11-16T16:55:36","guid":{"rendered":"https:\/\/spuehler.legal\/honorario\/"},"modified":"2026-03-05T10:31:49","modified_gmt":"2026-03-05T09:31:49","slug":"honorario","status":"publish","type":"page","link":"https:\/\/spuehler.legal\/pt-pt\/honorario\/","title":{"rendered":"Honor\u00e1rio"},"content":{"rendered":"<section class=\"l-section wpb_row height_large color_primary with_img\"><div class=\"l-section-img\" role=\"img\" aria-label=\"C\u00fapula do telhado da Biblioteca RWI de Zurique\" data-img-width=\"1920\" data-img-height=\"1280\" style=\"background-image: url(https:\/\/spuehler.legal\/wp-content\/uploads\/2017\/12\/rwi-bibliothek-zuerich4.jpg);\"><\/div><div class=\"l-section-overlay\" style=\"background:rgba(0,0,0,0.6)\"><\/div><div class=\"l-section-h i-cf\"><div class=\"g-cols vc_row via_flex valign_top type_default stacking_default\"><div class=\"vc_col-sm-12 wpb_column vc_column_container\"><div class=\"vc_column-inner\"><div class=\"wpb_wrapper\"><div class=\"wpb_text_column\"><div class=\"wpb_wrapper\"><h1 style=\"text-align: left;\">Honor\u00e1rio<\/h1>\n<\/div><\/div><div class=\"wpb_text_column us_custom_dfddb007\"><div class=\"wpb_wrapper\"><h3 style=\"text-align: left;\"><strong>Pre\u00e7os<\/strong> justos e transparentes.<\/h3>\n<\/div><\/div><\/div><\/div><\/div><\/div><\/div><\/section><section class=\"l-section wpb_row height_medium\"><div class=\"l-section-h i-cf\"><div class=\"g-cols vc_row via_flex valign_top type_default stacking_default\"><div class=\"vc_col-sm-8 wpb_column vc_column_container\"><div class=\"vc_column-inner\"><div class=\"wpb_wrapper\"><div class=\"wpb_text_column\"><div class=\"wpb_wrapper\"><h2>Honor\u00e1rio<\/h2>\n<p>Cobramos nossos honor\u00e1rios por hora. O valor da taxa hor\u00e1ria depende da pessoa encarregada do caso e da responsabilidade no mandato espec\u00edfico. Salvo acordo em contr\u00e1rio, aplicam-se as seguintes taxas:  <\/p>\n<p><strong>Advogado:<\/strong> CHF 300 por hora<\/p>\n<p><strong>Fabian Sp\u00fchler:<\/strong> CHF 340 por hora<\/p>\n<p data-start=\"318\" data-end=\"388\">As taxas de honor\u00e1rios n\u00e3o incluem IVA e despesas.<\/p>\n<p data-start=\"390\" data-end=\"757\">Cada etapa de trabalho \u00e9 listada individualmente na fatura, descrita brevemente em termos de conte\u00fado e registrada em unidades de 0,1 hora. Todo o tempo gasto em conex\u00e3o com o mandato \u00e9 faturado, especialmente para cartas, documentos jur\u00eddicos, chamadas telef\u00f4nicas, e-mails, reuni\u00f5es, viagens para compromissos externos e audi\u00eancias judiciais. <\/p>\n<p data-start=\"759\" data-end=\"846\">O cliente pode solicitar informa\u00e7\u00f5es sobre os custos incorridos at\u00e9 o momento a qualquer momento.<\/p>\n<p data-start=\"848\" data-end=\"964\" data-is-last-node=\"\" data-is-only-node=\"\">O trabalho de secretariado e as despesas relacionadas ao faturamento n\u00e3o s\u00e3o faturados.<\/p>\n<\/div><\/div><div class=\"w-separator size_small\"><\/div><div class=\"wpb_text_column\"><div class=\"wpb_wrapper\"><h2>Despesas<\/h2>\n<p>Al\u00e9m dos honor\u00e1rios, s\u00e3o devidas despesas acrescidas de IVA. Uma taxa fixa de 3% da taxa (excluindo o IVA) \u00e9 cobrada para pequenas despesas (papel, postagem, c\u00f3pias, telefone). Outras despesas, como despesas de viagem, ser\u00e3o cobradas al\u00e9m das pequenas despesas.<\/p>\n<\/div><\/div><div class=\"w-separator size_small\"><\/div><div class=\"wpb_text_column\"><div class=\"wpb_wrapper\"><h2>Adiantamentos de custos<\/h2>\n<p>Devido \u00e0s suas obriga\u00e7\u00f5es profissionais e \u00e9ticas, os advogados geralmente s\u00e3o obrigados a exigir de seus clientes um adiantamento de seus honor\u00e1rios. Portanto, o escrit\u00f3rio de advocacia Sp\u00fchler Attorneys at Law solicita regularmente adiantamentos de custos. <\/p>\n<p>Para a primeira reuni\u00e3o, exigimos um pagamento antecipado de CHF 350,00, que cobre os custos de aproximadamente uma hora. Na primeira reuni\u00e3o, a pessoa respons\u00e1vel pelo caso pode explicar os custos adicionais do tratamento do caso e as op\u00e7\u00f5es de financiamento. <\/p>\n<p>Se, ap\u00f3s a primeira reuni\u00e3o, for determinado que a representa\u00e7\u00e3o legal gratuita ou a defesa oficial \u00e9 poss\u00edvel, n\u00e3o ser\u00e3o solicitados outros adiantamentos sobre os custos.<\/p>\n<p>No caso de aprova\u00e7\u00e3o de custos por um seguro de despesas jur\u00eddicas ou por um centro de aconselhamento a v\u00edtimas, dispensamos um adiantamento sobre os custos da primeira reuni\u00e3o.<\/p>\n<\/div><\/div><div class=\"w-separator size_small\"><\/div><div class=\"wpb_text_column\"><div class=\"wpb_wrapper\"><h2>Representa\u00e7\u00e3o legal gratuita \/ defesa oficial<\/h2>\n<p>O escrit\u00f3rio de advocacia Sp\u00fchler Attorneys at Law tamb\u00e9m assume mandatos no contexto de representa\u00e7\u00e3o legal gratuita ou defesa oficial (&#8220;defesa p\u00fablica&#8221;). Trata-se de mandatos nos quais os honor\u00e1rios do advogado e, se for o caso, os custos do processo s\u00e3o arcados pelo Estado. O pr\u00e9-requisito \u00e9 que a pessoa que est\u00e1 buscando assist\u00eancia jur\u00eddica n\u00e3o possa pagar pelos procedimentos oficiais ou judiciais e que o caso seja de certa complexidade.   Os custos pagos pelo estado podem ser recuperados se a situa\u00e7\u00e3o financeira do cliente melhorar. A indeniza\u00e7\u00e3o da parte em caso de perda de um caso n\u00e3o \u00e9 coberta pela administra\u00e7\u00e3o gratuita da justi\u00e7a.<\/p>\n<p>Durante sua primeira consulta com Sp\u00fchler Rechtsanw\u00e4lte AG, teremos o prazer de verificar se voc\u00ea tem direito \u00e0 assist\u00eancia jur\u00eddica gratuita.<\/p>\n<\/div><\/div><div class=\"w-separator size_small\"><\/div><div class=\"wpb_text_column\"><div class=\"wpb_wrapper\"><h2>Seguro de despesas jur\u00eddicas<\/h2>\n<p>O escrit\u00f3rio de advocacia Sp\u00fchler Rechtsanw\u00e4lte tamb\u00e9m trabalha em conjunto com seguradoras de despesas jur\u00eddicas. Depois de esclarecer se podemos assumir o caso solicitando uma consulta, voc\u00ea deve registrar o caso imediata e pessoalmente com a companhia de seguros de despesas jur\u00eddicas e esclarecer se existe cobertura de seguro. Informe \u00e0 companhia de seguros por quem do Sp\u00fchler Attorneys at Law voc\u00ea gostaria de ser representado. O seguro de despesas jur\u00eddicas emitir\u00e1, ent\u00e3o, um cr\u00e9dito de custo para etapas individuais (processuais). Voc\u00ea n\u00e3o tem nenhum risco de custo dentro do c\u00e1lculo de custos. Os servi\u00e7os que ultrapassam a aprova\u00e7\u00e3o de custo ou n\u00e3o s\u00e3o cobertos pela ap\u00f3lice de seguro est\u00e3o sujeitos a uma cobran\u00e7a para o cliente.     <\/p>\n<p>Favor consultar a <a href=\"https:\/\/www.sav-fsa.ch\/de\/documents\/news\/checkliste_svv-und-sav_d.pdf\">folha de informa\u00e7\u00f5es<\/a> do Ordem dos Advogados da Su\u00ed\u00e7a.<\/p>\n<\/div><\/div><div class=\"w-separator size_small\"><\/div><div class=\"wpb_text_column\"><div class=\"wpb_wrapper\"><h2>Custos adicionais<\/h2>\n<p>Os processos perante tribunais e autoridades podem resultar em custos adicionais, como <strong>custos processuais<\/strong> e <strong>indeniza\u00e7\u00e3o das partes<\/strong>. Leia mais sobre isso em <a href=\"https:\/\/spuehler.legal\/pt-pt\/faq\/\">FAQ (perguntas frequentes)<\/a>.<\/p>\n<\/div><\/div><div class=\"w-separator size_small\"><\/div><\/div><\/div><\/div><div class=\"vc_col-sm-4 wpb_column vc_column_container\"><div class=\"vc_column-inner type_sticky\"><div class=\"wpb_wrapper\"><div class=\"g-cols wpb_row us_custom_b2c0e22a via_flex valign_top type_default stacking_default\"><div class=\"vc_col-sm-12 wpb_column vc_column_container\"><div class=\"vc_column-inner type_sticky\"><div class=\"wpb_wrapper\"><div class=\"w-iconbox iconpos_top style_outlined color_primary align_center no_text no_title\"><div class=\"w-iconbox-icon\" style=\"font-size:52px;\"><i class=\"fas fa-calendar-alt\"><\/i><\/div><div class=\"w-iconbox-meta\"><\/div><\/div><div class=\"w-separator size_small\"><\/div><div class=\"w-separator hide_on_default hide_on_laptops size_small\"><\/div><div class=\"wpb_text_column\"><div class=\"wpb_wrapper\"><p style=\"text-align: center;\"><strong>Marque uma reuni\u00e3o com um especialista on-line.<\/strong><\/p>\n<\/div><\/div><div class=\"w-btn-wrapper align_center\"><a class=\"w-btn us-btn-style_1 icon_atleft\" title=\"Nomea\u00e7\u00e3o\" href=\"https:\/\/spuehler.legal\/pt-pt\/nomeacao\/\"><i class=\"fas fa-calendar-check\"><\/i><span class=\"w-btn-label\">Marca\u00e7\u00e3o de consulta<\/span><\/a><\/div><\/div><\/div><\/div><\/div><\/div><\/div><\/div><\/div><\/div><\/section>\n","protected":false},"excerpt":{"rendered":"Honor\u00e1rio Pre\u00e7os justos e transparentes. Honor\u00e1rio Cobramos nossos honor\u00e1rios por hora. O valor da taxa hor\u00e1ria depende da pessoa encarregada do caso e da responsabilidade no mandato espec\u00edfico. Salvo acordo em contr\u00e1rio, aplicam-se as seguintes taxas: Advogado: CHF 300 por hora Fabian Sp\u00fchler: CHF 340 por hora As taxas de honor\u00e1rios n\u00e3o incluem IVA e...","protected":false},"author":1,"featured_media":0,"parent":0,"menu_order":0,"comment_status":"closed","ping_status":"closed","template":"","meta":{"footnotes":""},"class_list":["post-3098","page","type-page","status-publish","hentry"],"yoast_head":"<!-- This site is optimized with the Yoast SEO Premium plugin v27.4 (Yoast SEO v27.4) - https:\/\/yoast.com\/product\/yoast-seo-premium-wordpress\/ -->\n<title>Honor\u00e1rio - Sp\u00fchler Rechtsanw\u00e4lte AG<\/title>\n<meta name=\"robots\" content=\"index, follow, max-snippet:-1, max-image-preview:large, max-video-preview:-1\" \/>\n<link rel=\"canonical\" href=\"https:\/\/spuehler.legal\/pt-pt\/honorario\/\" \/>\n<meta property=\"og:locale\" content=\"pt_PT\" \/>\n<meta property=\"og:type\" content=\"article\" \/>\n<meta property=\"og:title\" content=\"Honor\u00e1rio\" \/>\n<meta property=\"og:url\" content=\"https:\/\/spuehler.legal\/pt-pt\/honorario\/\" \/>\n<meta property=\"og:site_name\" content=\"Sp\u00fchler Rechtsanw\u00e4lte AG\" \/>\n<meta property=\"article:publisher\" content=\"https:\/\/www.facebook.com\/spuehler.legal\" \/>\n<meta property=\"article:modified_time\" content=\"2026-03-05T09:31:49+00:00\" \/>\n<meta name=\"twitter:card\" content=\"summary_large_image\" \/>\n<meta name=\"twitter:label1\" content=\"Tempo estimado de leitura\" \/>\n\t<meta name=\"twitter:data1\" content=\"5 minutos\" \/>\n<script type=\"application\/ld+json\" class=\"yoast-schema-graph\">{\"@context\":\"https:\\\/\\\/schema.org\",\"@graph\":[{\"@type\":\"WebPage\",\"@id\":\"https:\\\/\\\/spuehler.legal\\\/pt-pt\\\/honorario\\\/\",\"url\":\"https:\\\/\\\/spuehler.legal\\\/pt-pt\\\/honorario\\\/\",\"name\":\"Honor\u00e1rio - Sp\u00fchler Rechtsanw\u00e4lte AG\",\"isPartOf\":{\"@id\":\"https:\\\/\\\/spuehler.legal\\\/pt-pt\\\/#website\"},\"datePublished\":\"2021-11-16T16:55:36+00:00\",\"dateModified\":\"2026-03-05T09:31:49+00:00\",\"breadcrumb\":{\"@id\":\"https:\\\/\\\/spuehler.legal\\\/pt-pt\\\/honorario\\\/#breadcrumb\"},\"inLanguage\":\"pt-PT\",\"potentialAction\":[{\"@type\":\"ReadAction\",\"target\":[\"https:\\\/\\\/spuehler.legal\\\/pt-pt\\\/honorario\\\/\"]}]},{\"@type\":\"BreadcrumbList\",\"@id\":\"https:\\\/\\\/spuehler.legal\\\/pt-pt\\\/honorario\\\/#breadcrumb\",\"itemListElement\":[{\"@type\":\"ListItem\",\"position\":1,\"name\":\"Startseite\",\"item\":\"https:\\\/\\\/spuehler.legal\\\/pt-pt\\\/inicio\\\/\"},{\"@type\":\"ListItem\",\"position\":2,\"name\":\"Honor\u00e1rio\"}]},{\"@type\":\"WebSite\",\"@id\":\"https:\\\/\\\/spuehler.legal\\\/pt-pt\\\/#website\",\"url\":\"https:\\\/\\\/spuehler.legal\\\/pt-pt\\\/\",\"name\":\"Sp\u00fchler Rechtsanw\u00e4lte AG\",\"description\":\"Rechtsberatung und Rechtsvertretung in allen Lebenslagen\",\"publisher\":{\"@id\":\"https:\\\/\\\/spuehler.legal\\\/pt-pt\\\/#organization\"},\"potentialAction\":[{\"@type\":\"SearchAction\",\"target\":{\"@type\":\"EntryPoint\",\"urlTemplate\":\"https:\\\/\\\/spuehler.legal\\\/pt-pt\\\/?s={search_term_string}\"},\"query-input\":{\"@type\":\"PropertyValueSpecification\",\"valueRequired\":true,\"valueName\":\"search_term_string\"}}],\"inLanguage\":\"pt-PT\"},{\"@type\":\"Organization\",\"@id\":\"https:\\\/\\\/spuehler.legal\\\/pt-pt\\\/#organization\",\"name\":\"Sp\u00fchler Rechtsanw\u00e4lte AG\",\"url\":\"https:\\\/\\\/spuehler.legal\\\/pt-pt\\\/\",\"logo\":{\"@type\":\"ImageObject\",\"inLanguage\":\"pt-PT\",\"@id\":\"https:\\\/\\\/spuehler.legal\\\/pt-pt\\\/#\\\/schema\\\/logo\\\/image\\\/\",\"url\":\"https:\\\/\\\/spuehler.legal\\\/wp-content\\\/uploads\\\/2020\\\/08\\\/logo-spuehler-rechtsanwaelte.png\",\"contentUrl\":\"https:\\\/\\\/spuehler.legal\\\/wp-content\\\/uploads\\\/2020\\\/08\\\/logo-spuehler-rechtsanwaelte.png\",\"width\":898,\"height\":259,\"caption\":\"Sp\u00fchler Rechtsanw\u00e4lte AG\"},\"image\":{\"@id\":\"https:\\\/\\\/spuehler.legal\\\/pt-pt\\\/#\\\/schema\\\/logo\\\/image\\\/\"},\"sameAs\":[\"https:\\\/\\\/www.facebook.com\\\/spuehler.legal\",\"https:\\\/\\\/www.linkedin.com\\\/in\\\/fspuehler\\\/\"],\"description\":\"Die Anwaltskanzlei Sp\u00fchler Rechtsanw\u00e4lte AG ist beratend und prozessierend t\u00e4tig. Sie vertritt Privatpersonen sowie kleine und mittlere Unternehmen (KMU) in nationalen und internationalen Sachverhalten. Durch die breite Ausrichtung der Kanzlei ist eine ganzheitliche Beratung m\u00f6glich, welche auf Deutsch, Englisch, Spanisch, Franz\u00f6sisch, Italienisch oder Portugiesisch stattfindet. Kontaktieren Sie Ihre Anw\u00e4ltin oder Ihren Anwalt in Z\u00fcrich!\",\"email\":\"info@spuehler.legal\",\"telephone\":\"+41433440505\",\"legalName\":\"Sp\u00fchler Rechtsanw\u00e4lte AG\",\"foundingDate\":\"2018-01-01\",\"vatID\":\"CHE-431.484.624\",\"numberOfEmployees\":{\"@type\":\"QuantitativeValue\",\"minValue\":\"1\",\"maxValue\":\"10\"}}]}<\/script>\n<!-- \/ Yoast SEO Premium plugin. -->","yoast_head_json":{"title":"Honor\u00e1rio - Sp\u00fchler Rechtsanw\u00e4lte AG","robots":{"index":"index","follow":"follow","max-snippet":"max-snippet:-1","max-image-preview":"max-image-preview:large","max-video-preview":"max-video-preview:-1"},"canonical":"https:\/\/spuehler.legal\/pt-pt\/honorario\/","og_locale":"pt_PT","og_type":"article","og_title":"Honor\u00e1rio","og_url":"https:\/\/spuehler.legal\/pt-pt\/honorario\/","og_site_name":"Sp\u00fchler Rechtsanw\u00e4lte AG","article_publisher":"https:\/\/www.facebook.com\/spuehler.legal","article_modified_time":"2026-03-05T09:31:49+00:00","twitter_card":"summary_large_image","twitter_misc":{"Tempo estimado de leitura":"5 minutos"},"schema":{"@context":"https:\/\/schema.org","@graph":[{"@type":"WebPage","@id":"https:\/\/spuehler.legal\/pt-pt\/honorario\/","url":"https:\/\/spuehler.legal\/pt-pt\/honorario\/","name":"Honor\u00e1rio - Sp\u00fchler Rechtsanw\u00e4lte AG","isPartOf":{"@id":"https:\/\/spuehler.legal\/pt-pt\/#website"},"datePublished":"2021-11-16T16:55:36+00:00","dateModified":"2026-03-05T09:31:49+00:00","breadcrumb":{"@id":"https:\/\/spuehler.legal\/pt-pt\/honorario\/#breadcrumb"},"inLanguage":"pt-PT","potentialAction":[{"@type":"ReadAction","target":["https:\/\/spuehler.legal\/pt-pt\/honorario\/"]}]},{"@type":"BreadcrumbList","@id":"https:\/\/spuehler.legal\/pt-pt\/honorario\/#breadcrumb","itemListElement":[{"@type":"ListItem","position":1,"name":"Startseite","item":"https:\/\/spuehler.legal\/pt-pt\/inicio\/"},{"@type":"ListItem","position":2,"name":"Honor\u00e1rio"}]},{"@type":"WebSite","@id":"https:\/\/spuehler.legal\/pt-pt\/#website","url":"https:\/\/spuehler.legal\/pt-pt\/","name":"Sp\u00fchler Rechtsanw\u00e4lte AG","description":"Rechtsberatung und Rechtsvertretung in allen Lebenslagen","publisher":{"@id":"https:\/\/spuehler.legal\/pt-pt\/#organization"},"potentialAction":[{"@type":"SearchAction","target":{"@type":"EntryPoint","urlTemplate":"https:\/\/spuehler.legal\/pt-pt\/?s={search_term_string}"},"query-input":{"@type":"PropertyValueSpecification","valueRequired":true,"valueName":"search_term_string"}}],"inLanguage":"pt-PT"},{"@type":"Organization","@id":"https:\/\/spuehler.legal\/pt-pt\/#organization","name":"Sp\u00fchler Rechtsanw\u00e4lte AG","url":"https:\/\/spuehler.legal\/pt-pt\/","logo":{"@type":"ImageObject","inLanguage":"pt-PT","@id":"https:\/\/spuehler.legal\/pt-pt\/#\/schema\/logo\/image\/","url":"https:\/\/spuehler.legal\/wp-content\/uploads\/2020\/08\/logo-spuehler-rechtsanwaelte.png","contentUrl":"https:\/\/spuehler.legal\/wp-content\/uploads\/2020\/08\/logo-spuehler-rechtsanwaelte.png","width":898,"height":259,"caption":"Sp\u00fchler Rechtsanw\u00e4lte AG"},"image":{"@id":"https:\/\/spuehler.legal\/pt-pt\/#\/schema\/logo\/image\/"},"sameAs":["https:\/\/www.facebook.com\/spuehler.legal","https:\/\/www.linkedin.com\/in\/fspuehler\/"],"description":"Die Anwaltskanzlei Sp\u00fchler Rechtsanw\u00e4lte AG ist beratend und prozessierend t\u00e4tig. Sie vertritt Privatpersonen sowie kleine und mittlere Unternehmen (KMU) in nationalen und internationalen Sachverhalten. Durch die breite Ausrichtung der Kanzlei ist eine ganzheitliche Beratung m\u00f6glich, welche auf Deutsch, Englisch, Spanisch, Franz\u00f6sisch, Italienisch oder Portugiesisch stattfindet. Kontaktieren Sie Ihre Anw\u00e4ltin oder Ihren Anwalt in Z\u00fcrich!","email":"info@spuehler.legal","telephone":"+41433440505","legalName":"Sp\u00fchler Rechtsanw\u00e4lte AG","foundingDate":"2018-01-01","vatID":"CHE-431.484.624","numberOfEmployees":{"@type":"QuantitativeValue","minValue":"1","maxValue":"10"}}]}},"_links":{"self":[{"href":"https:\/\/spuehler.legal\/pt-pt\/wp-json\/wp\/v2\/pages\/3098","targetHints":{"allow":["GET"]}}],"collection":[{"href":"https:\/\/spuehler.legal\/pt-pt\/wp-json\/wp\/v2\/pages"}],"about":[{"href":"https:\/\/spuehler.legal\/pt-pt\/wp-json\/wp\/v2\/types\/page"}],"author":[{"embeddable":true,"href":"https:\/\/spuehler.legal\/pt-pt\/wp-json\/wp\/v2\/users\/1"}],"replies":[{"embeddable":true,"href":"https:\/\/spuehler.legal\/pt-pt\/wp-json\/wp\/v2\/comments?post=3098"}],"version-history":[{"count":34,"href":"https:\/\/spuehler.legal\/pt-pt\/wp-json\/wp\/v2\/pages\/3098\/revisions"}],"predecessor-version":[{"id":7593,"href":"https:\/\/spuehler.legal\/pt-pt\/wp-json\/wp\/v2\/pages\/3098\/revisions\/7593"}],"wp:attachment":[{"href":"https:\/\/spuehler.legal\/pt-pt\/wp-json\/wp\/v2\/media?parent=3098"}],"curies":[{"name":"wp","href":"https:\/\/api.w.org\/{rel}","templated":true}]}}