{"id":1141,"date":"2018-01-23T22:14:27","date_gmt":"2018-01-23T21:14:27","guid":{"rendered":"https:\/\/spuehler.legal\/termos-e-condicoes\/"},"modified":"2024-09-15T16:42:06","modified_gmt":"2024-09-15T14:42:06","slug":"termos-e-condicoes","status":"publish","type":"page","link":"https:\/\/spuehler.legal\/pt-pt\/termos-e-condicoes\/","title":{"rendered":"Termos de uso"},"content":{"rendered":"<h2>Termos de uso<\/h2>\n<p>O acesso e o uso deste site est\u00e3o sujeitos aos seguintes termos de uso.<\/p>\n<p>Todo o conte\u00fado deste site \u00e9 apenas para fins de orienta\u00e7\u00e3o preliminar e informa\u00e7\u00f5es gerais e n\u00e3o constitui aconselhamento jur\u00eddico. Elas n\u00e3o podem substituir o esclarecimento cuidadoso da situa\u00e7\u00e3o factual e jur\u00eddica individual espec\u00edfica por um advogado. O escrit\u00f3rio de advocacia Sp\u00fchler Rechtsanw\u00e4lte AG se esfor\u00e7a para manter o site atualizado. No entanto, a responsabilidade pela integridade e precis\u00e3o do conte\u00fado \u00e9 expressamente rejeitada.<\/p>\n<p>O site n\u00e3o constitui uma oferta. O uso deste site, a obten\u00e7\u00e3o de informa\u00e7\u00f5es ou o envio de uma mensagem n\u00e3o constituem um relacionamento advogado-cliente.<\/p>\n<p>Por motivos t\u00e9cnicos, a comunica\u00e7\u00e3o por e-mail ou formul\u00e1rios de contato nem sempre \u00e9 confi\u00e1vel ou confidencial, o que est\u00e1 fora do controle da Sp\u00fchler Rechtsanw\u00e4lte AG. Qualquer responsabilidade por essa forma de comunica\u00e7\u00e3o est\u00e1 exclu\u00edda. Embora os e-mails e as consultas por meio dos formul\u00e1rios de contato sejam processados regularmente, o recebimento pode sofrer interrup\u00e7\u00f5es ou falhas por motivos t\u00e9cnicos ou operacionais.<\/p>\n<p>A comunica\u00e7\u00e3o via e-mail ou formul\u00e1rio de contato com a Sp\u00fchler Rechtsanw\u00e4lte AG \u00e9 considerada como consentimento para comunica\u00e7\u00e3o via e-mail.<\/p>\n<p>Salvo indica\u00e7\u00e3o em contr\u00e1rio, todos os materiais, incluindo imagens, ilustra\u00e7\u00f5es, designs, \u00edcones, fotografias e textos que fazem parte do site www.spuehler.legal s\u00e3o protegidos por direitos autorais. A reprodu\u00e7\u00e3o de textos deste site \u00e9 autorizada desde que a fonte seja citada. A refer\u00eancia na Internet deve incluir um link para este site.<\/p>\n","protected":false},"excerpt":{"rendered":"<p>Termos de uso O acesso e o uso deste site est\u00e3o sujeitos aos seguintes termos de uso. Todo o conte\u00fado deste site \u00e9 apenas para fins de orienta\u00e7\u00e3o preliminar e informa\u00e7\u00f5es gerais e n\u00e3o constitui aconselhamento jur\u00eddico. Elas n\u00e3o podem substituir o esclarecimento cuidadoso da situa\u00e7\u00e3o factual e jur\u00eddica individual espec\u00edfica por um advogado. O&#8230;<\/p>\n","protected":false},"author":1,"featured_media":0,"parent":0,"menu_order":0,"comment_status":"closed","ping_status":"closed","template":"","meta":{"footnotes":""},"class_list":["post-1141","page","type-page","status-publish","hentry"],"yoast_head":"<!-- This site is optimized with the Yoast SEO Premium plugin v27.4 (Yoast SEO v27.4) - https:\/\/yoast.com\/product\/yoast-seo-premium-wordpress\/ -->\n<title>Termos de uso - Sp\u00fchler Rechtsanw\u00e4lte AG<\/title>\n<meta name=\"robots\" content=\"index, follow, max-snippet:-1, max-image-preview:large, max-video-preview:-1\" \/>\n<link rel=\"canonical\" href=\"https:\/\/spuehler.legal\/pt-pt\/termos-e-condicoes\/\" \/>\n<meta property=\"og:locale\" content=\"pt_PT\" \/>\n<meta property=\"og:type\" content=\"article\" \/>\n<meta property=\"og:title\" content=\"Termos de uso\" \/>\n<meta property=\"og:description\" content=\"Termos de uso O acesso e o uso deste site est\u00e3o sujeitos aos seguintes termos de uso. Todo o conte\u00fado deste site \u00e9 apenas para fins de orienta\u00e7\u00e3o preliminar e informa\u00e7\u00f5es gerais e n\u00e3o constitui aconselhamento jur\u00eddico. Elas n\u00e3o podem substituir o esclarecimento cuidadoso da situa\u00e7\u00e3o factual e jur\u00eddica individual espec\u00edfica por um advogado. O...\" \/>\n<meta property=\"og:url\" content=\"https:\/\/spuehler.legal\/pt-pt\/termos-e-condicoes\/\" \/>\n<meta property=\"og:site_name\" content=\"Sp\u00fchler Rechtsanw\u00e4lte AG\" \/>\n<meta property=\"article:publisher\" content=\"https:\/\/www.facebook.com\/spuehler.legal\" \/>\n<meta property=\"article:modified_time\" content=\"2024-09-15T14:42:06+00:00\" \/>\n<meta name=\"twitter:card\" content=\"summary_large_image\" \/>\n<meta name=\"twitter:label1\" content=\"Tempo estimado de leitura\" \/>\n\t<meta name=\"twitter:data1\" content=\"1 minuto\" \/>\n<script type=\"application\/ld+json\" class=\"yoast-schema-graph\">{\"@context\":\"https:\\\/\\\/schema.org\",\"@graph\":[{\"@type\":\"WebPage\",\"@id\":\"https:\\\/\\\/spuehler.legal\\\/pt-pt\\\/termos-e-condicoes\\\/\",\"url\":\"https:\\\/\\\/spuehler.legal\\\/pt-pt\\\/termos-e-condicoes\\\/\",\"name\":\"Termos de uso - Sp\u00fchler Rechtsanw\u00e4lte AG\",\"isPartOf\":{\"@id\":\"https:\\\/\\\/spuehler.legal\\\/pt-pt\\\/#website\"},\"datePublished\":\"2018-01-23T21:14:27+00:00\",\"dateModified\":\"2024-09-15T14:42:06+00:00\",\"breadcrumb\":{\"@id\":\"https:\\\/\\\/spuehler.legal\\\/pt-pt\\\/termos-e-condicoes\\\/#breadcrumb\"},\"inLanguage\":\"pt-PT\",\"potentialAction\":[{\"@type\":\"ReadAction\",\"target\":[\"https:\\\/\\\/spuehler.legal\\\/pt-pt\\\/termos-e-condicoes\\\/\"]}]},{\"@type\":\"BreadcrumbList\",\"@id\":\"https:\\\/\\\/spuehler.legal\\\/pt-pt\\\/termos-e-condicoes\\\/#breadcrumb\",\"itemListElement\":[{\"@type\":\"ListItem\",\"position\":1,\"name\":\"Startseite\",\"item\":\"https:\\\/\\\/spuehler.legal\\\/pt-pt\\\/inicio\\\/\"},{\"@type\":\"ListItem\",\"position\":2,\"name\":\"Termos de uso\"}]},{\"@type\":\"WebSite\",\"@id\":\"https:\\\/\\\/spuehler.legal\\\/pt-pt\\\/#website\",\"url\":\"https:\\\/\\\/spuehler.legal\\\/pt-pt\\\/\",\"name\":\"Sp\u00fchler Rechtsanw\u00e4lte AG\",\"description\":\"Rechtsberatung und Rechtsvertretung in allen Lebenslagen\",\"publisher\":{\"@id\":\"https:\\\/\\\/spuehler.legal\\\/pt-pt\\\/#organization\"},\"potentialAction\":[{\"@type\":\"SearchAction\",\"target\":{\"@type\":\"EntryPoint\",\"urlTemplate\":\"https:\\\/\\\/spuehler.legal\\\/pt-pt\\\/?s={search_term_string}\"},\"query-input\":{\"@type\":\"PropertyValueSpecification\",\"valueRequired\":true,\"valueName\":\"search_term_string\"}}],\"inLanguage\":\"pt-PT\"},{\"@type\":\"Organization\",\"@id\":\"https:\\\/\\\/spuehler.legal\\\/pt-pt\\\/#organization\",\"name\":\"Sp\u00fchler Rechtsanw\u00e4lte AG\",\"url\":\"https:\\\/\\\/spuehler.legal\\\/pt-pt\\\/\",\"logo\":{\"@type\":\"ImageObject\",\"inLanguage\":\"pt-PT\",\"@id\":\"https:\\\/\\\/spuehler.legal\\\/pt-pt\\\/#\\\/schema\\\/logo\\\/image\\\/\",\"url\":\"https:\\\/\\\/spuehler.legal\\\/wp-content\\\/uploads\\\/2020\\\/08\\\/logo-spuehler-rechtsanwaelte.png\",\"contentUrl\":\"https:\\\/\\\/spuehler.legal\\\/wp-content\\\/uploads\\\/2020\\\/08\\\/logo-spuehler-rechtsanwaelte.png\",\"width\":898,\"height\":259,\"caption\":\"Sp\u00fchler Rechtsanw\u00e4lte AG\"},\"image\":{\"@id\":\"https:\\\/\\\/spuehler.legal\\\/pt-pt\\\/#\\\/schema\\\/logo\\\/image\\\/\"},\"sameAs\":[\"https:\\\/\\\/www.facebook.com\\\/spuehler.legal\",\"https:\\\/\\\/www.linkedin.com\\\/in\\\/fspuehler\\\/\"],\"description\":\"Die Anwaltskanzlei Sp\u00fchler Rechtsanw\u00e4lte AG ist beratend und prozessierend t\u00e4tig. Sie vertritt Privatpersonen sowie kleine und mittlere Unternehmen (KMU) in nationalen und internationalen Sachverhalten. Durch die breite Ausrichtung der Kanzlei ist eine ganzheitliche Beratung m\u00f6glich, welche auf Deutsch, Englisch, Spanisch, Franz\u00f6sisch, Italienisch oder Portugiesisch stattfindet. Kontaktieren Sie Ihre Anw\u00e4ltin oder Ihren Anwalt in Z\u00fcrich!\",\"email\":\"info@spuehler.legal\",\"telephone\":\"+41433440505\",\"legalName\":\"Sp\u00fchler Rechtsanw\u00e4lte AG\",\"foundingDate\":\"2018-01-01\",\"vatID\":\"CHE-431.484.624\",\"numberOfEmployees\":{\"@type\":\"QuantitativeValue\",\"minValue\":\"1\",\"maxValue\":\"10\"}}]}<\/script>\n<!-- \/ Yoast SEO Premium plugin. -->","yoast_head_json":{"title":"Termos de uso - Sp\u00fchler Rechtsanw\u00e4lte AG","robots":{"index":"index","follow":"follow","max-snippet":"max-snippet:-1","max-image-preview":"max-image-preview:large","max-video-preview":"max-video-preview:-1"},"canonical":"https:\/\/spuehler.legal\/pt-pt\/termos-e-condicoes\/","og_locale":"pt_PT","og_type":"article","og_title":"Termos de uso","og_description":"Termos de uso O acesso e o uso deste site est\u00e3o sujeitos aos seguintes termos de uso. Todo o conte\u00fado deste site \u00e9 apenas para fins de orienta\u00e7\u00e3o preliminar e informa\u00e7\u00f5es gerais e n\u00e3o constitui aconselhamento jur\u00eddico. Elas n\u00e3o podem substituir o esclarecimento cuidadoso da situa\u00e7\u00e3o factual e jur\u00eddica individual espec\u00edfica por um advogado. O...","og_url":"https:\/\/spuehler.legal\/pt-pt\/termos-e-condicoes\/","og_site_name":"Sp\u00fchler Rechtsanw\u00e4lte AG","article_publisher":"https:\/\/www.facebook.com\/spuehler.legal","article_modified_time":"2024-09-15T14:42:06+00:00","twitter_card":"summary_large_image","twitter_misc":{"Tempo estimado de leitura":"1 minuto"},"schema":{"@context":"https:\/\/schema.org","@graph":[{"@type":"WebPage","@id":"https:\/\/spuehler.legal\/pt-pt\/termos-e-condicoes\/","url":"https:\/\/spuehler.legal\/pt-pt\/termos-e-condicoes\/","name":"Termos de uso - Sp\u00fchler Rechtsanw\u00e4lte AG","isPartOf":{"@id":"https:\/\/spuehler.legal\/pt-pt\/#website"},"datePublished":"2018-01-23T21:14:27+00:00","dateModified":"2024-09-15T14:42:06+00:00","breadcrumb":{"@id":"https:\/\/spuehler.legal\/pt-pt\/termos-e-condicoes\/#breadcrumb"},"inLanguage":"pt-PT","potentialAction":[{"@type":"ReadAction","target":["https:\/\/spuehler.legal\/pt-pt\/termos-e-condicoes\/"]}]},{"@type":"BreadcrumbList","@id":"https:\/\/spuehler.legal\/pt-pt\/termos-e-condicoes\/#breadcrumb","itemListElement":[{"@type":"ListItem","position":1,"name":"Startseite","item":"https:\/\/spuehler.legal\/pt-pt\/inicio\/"},{"@type":"ListItem","position":2,"name":"Termos de uso"}]},{"@type":"WebSite","@id":"https:\/\/spuehler.legal\/pt-pt\/#website","url":"https:\/\/spuehler.legal\/pt-pt\/","name":"Sp\u00fchler Rechtsanw\u00e4lte AG","description":"Rechtsberatung und Rechtsvertretung in allen Lebenslagen","publisher":{"@id":"https:\/\/spuehler.legal\/pt-pt\/#organization"},"potentialAction":[{"@type":"SearchAction","target":{"@type":"EntryPoint","urlTemplate":"https:\/\/spuehler.legal\/pt-pt\/?s={search_term_string}"},"query-input":{"@type":"PropertyValueSpecification","valueRequired":true,"valueName":"search_term_string"}}],"inLanguage":"pt-PT"},{"@type":"Organization","@id":"https:\/\/spuehler.legal\/pt-pt\/#organization","name":"Sp\u00fchler Rechtsanw\u00e4lte AG","url":"https:\/\/spuehler.legal\/pt-pt\/","logo":{"@type":"ImageObject","inLanguage":"pt-PT","@id":"https:\/\/spuehler.legal\/pt-pt\/#\/schema\/logo\/image\/","url":"https:\/\/spuehler.legal\/wp-content\/uploads\/2020\/08\/logo-spuehler-rechtsanwaelte.png","contentUrl":"https:\/\/spuehler.legal\/wp-content\/uploads\/2020\/08\/logo-spuehler-rechtsanwaelte.png","width":898,"height":259,"caption":"Sp\u00fchler Rechtsanw\u00e4lte AG"},"image":{"@id":"https:\/\/spuehler.legal\/pt-pt\/#\/schema\/logo\/image\/"},"sameAs":["https:\/\/www.facebook.com\/spuehler.legal","https:\/\/www.linkedin.com\/in\/fspuehler\/"],"description":"Die Anwaltskanzlei Sp\u00fchler Rechtsanw\u00e4lte AG ist beratend und prozessierend t\u00e4tig. Sie vertritt Privatpersonen sowie kleine und mittlere Unternehmen (KMU) in nationalen und internationalen Sachverhalten. Durch die breite Ausrichtung der Kanzlei ist eine ganzheitliche Beratung m\u00f6glich, welche auf Deutsch, Englisch, Spanisch, Franz\u00f6sisch, Italienisch oder Portugiesisch stattfindet. Kontaktieren Sie Ihre Anw\u00e4ltin oder Ihren Anwalt in Z\u00fcrich!","email":"info@spuehler.legal","telephone":"+41433440505","legalName":"Sp\u00fchler Rechtsanw\u00e4lte AG","foundingDate":"2018-01-01","vatID":"CHE-431.484.624","numberOfEmployees":{"@type":"QuantitativeValue","minValue":"1","maxValue":"10"}}]}},"_links":{"self":[{"href":"https:\/\/spuehler.legal\/pt-pt\/wp-json\/wp\/v2\/pages\/1141","targetHints":{"allow":["GET"]}}],"collection":[{"href":"https:\/\/spuehler.legal\/pt-pt\/wp-json\/wp\/v2\/pages"}],"about":[{"href":"https:\/\/spuehler.legal\/pt-pt\/wp-json\/wp\/v2\/types\/page"}],"author":[{"embeddable":true,"href":"https:\/\/spuehler.legal\/pt-pt\/wp-json\/wp\/v2\/users\/1"}],"replies":[{"embeddable":true,"href":"https:\/\/spuehler.legal\/pt-pt\/wp-json\/wp\/v2\/comments?post=1141"}],"version-history":[{"count":5,"href":"https:\/\/spuehler.legal\/pt-pt\/wp-json\/wp\/v2\/pages\/1141\/revisions"}],"predecessor-version":[{"id":5067,"href":"https:\/\/spuehler.legal\/pt-pt\/wp-json\/wp\/v2\/pages\/1141\/revisions\/5067"}],"wp:attachment":[{"href":"https:\/\/spuehler.legal\/pt-pt\/wp-json\/wp\/v2\/media?parent=1141"}],"curies":[{"name":"wp","href":"https:\/\/api.w.org\/{rel}","templated":true}]}}