{"id":7544,"date":"2026-01-22T14:57:23","date_gmt":"2026-01-22T13:57:23","guid":{"rendered":"https:\/\/spuehler.legal\/milena-van-dierendonck\/"},"modified":"2026-01-22T14:57:25","modified_gmt":"2026-01-22T13:57:25","slug":"milena-van-dierendonck","status":"publish","type":"page","link":"https:\/\/spuehler.legal\/fr\/milena-van-dierendonck\/","title":{"rendered":"Milena van Dierendonck"},"content":{"rendered":"<section class=\"l-section wpb_row height_large color_primary with_img\"><div class=\"l-section-img\" role=\"img\" aria-label=\"Avocat Zurich\" data-img-width=\"1920\" data-img-height=\"1280\" style=\"background-image: url(https:\/\/spuehler.legal\/wp-content\/uploads\/2017\/12\/rwi-bibliothek-zuerich3.jpg);\"><\/div><div class=\"l-section-overlay\" style=\"background:rgba(0,0,0,0.6)\"><\/div><div class=\"l-section-h i-cf\"><div class=\"g-cols vc_row via_flex valign_top type_default stacking_default\"><div class=\"vc_col-sm-12 wpb_column vc_column_container\"><div class=\"vc_column-inner\"><div class=\"wpb_wrapper\"><div class=\"wpb_text_column\"><div class=\"wpb_wrapper\"><h1><span>Milena van Dierendonck  <\/span><\/h1>\n<\/div><\/div><div class=\"wpb_text_column us_custom_dfddb007\"><div class=\"wpb_wrapper\"><h3>Assistante juridique<\/h3>\n<\/div><\/div><\/div><\/div><\/div><\/div><\/div><\/section><section class=\"l-section wpb_row us_custom_a40275d7 height_medium\"><div class=\"l-section-h i-cf\"><div class=\"g-cols vc_row via_flex valign_top type_default stacking_default\"><div class=\"vc_col-sm-4 wpb_column vc_column_container\"><div class=\"vc_column-inner\"><div class=\"wpb_wrapper\"><div class=\"w-person layout_simple\" itemscope itemtype=\"https:\/\/schema.org\/Person\"><div class=\"w-person-image\"><img decoding=\"async\" width=\"600\" height=\"800\" src=\"https:\/\/spuehler.legal\/wp-content\/uploads\/2026\/01\/Portrait_Milena_van_Dierendonck.jpg\" class=\"attachment-full size-full\" alt=\"\" itemprop=\"image\" srcset=\"https:\/\/spuehler.legal\/wp-content\/uploads\/2026\/01\/Portrait_Milena_van_Dierendonck.jpg 600w, https:\/\/spuehler.legal\/wp-content\/uploads\/2026\/01\/Portrait_Milena_van_Dierendonck-225x300.jpg 225w\" sizes=\"(max-width: 600px) 100vw, 600px\" \/><\/div><div class=\"w-person-content\"><h4 itemprop=\"name\" class=\"w-person-name\"><span>Milena van Dierendonck<\/span><\/h4><div class=\"w-person-role\" itemprop=\"jobTitle\">Assistante juridique<\/div><\/div><\/div><\/div><\/div><\/div><div class=\"vc_col-sm-8 wpb_column vc_column_container\"><div class=\"vc_column-inner\"><div class=\"wpb_wrapper\"><div class=\"wpb_text_column\"><div class=\"wpb_wrapper\"><h2>Carri\u00e8re<\/h2>\n<p>Milena van Dierendonck \u00e9tudie le droit \u00e0 l&rsquo;Universit\u00e9 de Zurich depuis septembre 2022. Au semestre d&rsquo;automne 2025, elle a effectu\u00e9 un semestre d&rsquo;\u00e9change \u00e0 l&rsquo;Universit\u00e9 de Maastricht. <\/p>\n<p>Depuis janvier 2026, Milena van Dierendonck travaille comme assistante juridique chez Sp\u00fchler Rechtsanw\u00e4lte AG.  <span style=\"font-size: 13.0pt;\"><\/span><\/p>\n<\/div><\/div><\/div><\/div><\/div><\/div><\/div><\/section><section class=\"l-section wpb_row us_custom_8d5aa4e2 height_small\"><div class=\"l-section-h i-cf\"><div class=\"g-cols vc_row via_flex valign_top type_default stacking_default\"><div class=\"vc_col-sm-4 wpb_column vc_column_container\"><div class=\"vc_column-inner\"><div class=\"wpb_wrapper\"><div class=\"w-iconbox iconpos_top style_outlined color_primary align_center no_text no_title\"><div class=\"w-iconbox-icon\" style=\"font-size:60px;\"><i class=\"fas fa-comments\"><\/i><\/div><div class=\"w-iconbox-meta\"><\/div><\/div><div class=\"w-separator size_custom\" style=\"height:20px\"><\/div><\/div><\/div><\/div><div class=\"vc_col-sm-8 wpb_column vc_column_container\"><div class=\"vc_column-inner\"><div class=\"wpb_wrapper\"><div class=\"g-cols wpb_row via_flex valign_top type_default stacking_default\"><div class=\"vc_col-sm-6 wpb_column vc_column_container\"><div class=\"vc_column-inner us_custom_539f15ee\"><div class=\"wpb_wrapper\"><div class=\"wpb_text_column\"><div class=\"wpb_wrapper\"><h3>Connaissances linguistiques<\/h3>\n<p>&#8211; Allemand (langue maternelle)<br \/>\n&#8211; N\u00e9erlandais (langue maternelle)<br \/>\n&#8211; Anglais<br \/>\n&#8211; Fran\u00e7ais<\/p>\n<\/div><\/div><\/div><\/div><\/div><div class=\"vc_col-sm-6 wpb_column vc_column_container\"><div class=\"vc_column-inner us_custom_539f15ee\"><div class=\"wpb_wrapper\"><\/div><\/div><\/div><\/div><\/div><\/div><\/div><\/div><\/div><\/section><section class=\"l-section wpb_row height_large color_primary\"><div class=\"l-section-h i-cf\"><div class=\"g-cols vc_row via_flex valign_top type_default stacking_default\"><div class=\"vc_col-sm-4 wpb_column vc_column_container\"><div class=\"vc_column-inner us_custom_289537ba\"><div class=\"wpb_wrapper\"><div class=\"w-iconbox iconpos_top style_outlined color_custom align_center no_text no_title\"><div class=\"w-iconbox-icon\" style=\"font-size:60px;--icon-color:#ffffff;--icon-bg-color:#ffffff;\"><i class=\"fas fa-graduation-cap\"><\/i><\/div><div class=\"w-iconbox-meta\"><\/div><\/div><div class=\"w-separator size_custom\" style=\"height:20px\"><\/div><\/div><\/div><\/div><div class=\"vc_col-sm-8 wpb_column vc_column_container\"><div class=\"vc_column-inner\"><div class=\"wpb_wrapper\"><div class=\"wpb_text_column\"><div class=\"wpb_wrapper\"><h2><strong>Aper\u00e7u <\/strong>de la formation et des activit\u00e9s professionnelles<\/h2>\n<p><strong>Depuis janvier 2025<\/strong><br \/>\nAssistante juridique chez Sp\u00fchler Rechtsanw\u00e4lte AG<\/p>\n<p><strong>Depuis septembre 2022<\/strong><br \/>\n\u00c9tudes de droit (Bachelor of Law), Universit\u00e9 de Zurich<\/p>\n<\/div><\/div><\/div><\/div><\/div><\/div><\/div><\/section><section class=\"l-section wpb_row height_medium\"><div class=\"l-section-h i-cf\"><div class=\"g-cols vc_row via_flex valign_top type_default stacking_default\"><div class=\"vc_col-sm-4 wpb_column vc_column_container\"><div class=\"vc_column-inner\"><div class=\"wpb_wrapper\"><div class=\"w-iconbox iconpos_top style_outlined color_primary align_center no_text no_title\"><div class=\"w-iconbox-icon\" style=\"font-size:60px;\"><i class=\"fas fa-id-card\"><\/i><\/div><div class=\"w-iconbox-meta\"><\/div><\/div><div class=\"w-separator size_custom\" style=\"height:20px\"><\/div><\/div><\/div><\/div><div class=\"vc_col-sm-8 wpb_column vc_column_container\"><div class=\"vc_column-inner\"><div class=\"wpb_wrapper\"><div class=\"g-cols wpb_row via_flex valign_top type_default stacking_default\"><div class=\"vc_col-sm-6 wpb_column vc_column_container\"><div class=\"vc_column-inner us_custom_539f15ee\"><div class=\"wpb_wrapper\"><div class=\"wpb_text_column\"><div class=\"wpb_wrapper\"><h3>Contact<\/h3>\n<\/div><\/div><div class=\"w-iconbox iconpos_left style_default color_contrast align_left no_text\"><a href=\"tel:+41433440505\" class=\"w-iconbox-link\" aria-label=\"+41 43 344 05 05\"><div class=\"w-iconbox-icon\" style=\"font-size:1.3em;\"><i class=\"fas fa-phone\"><\/i><\/div><\/a><div class=\"w-iconbox-meta\"><div class=\"w-iconbox-title\"><a href=\"tel:+41433440505\" class=\"w-iconbox-link\" aria-label=\"+41 43 344 05 05\">+41 43 344 05 05<\/a><\/div><\/div><\/div><div class=\"w-separator size_custom\" style=\"height:25px\"><\/div><div class=\"w-iconbox iconpos_left style_default color_contrast align_left no_text\"><a href=\"mailto:mv@spuehler.legal\" class=\"w-iconbox-link\" aria-label=\"MV@spuehler.legal\"><div class=\"w-iconbox-icon\" style=\"font-size:1.3em;\"><i class=\"fas fa-envelope\"><\/i><\/div><\/a><div class=\"w-iconbox-meta\"><div class=\"w-iconbox-title\"><a href=\"mailto:mv@spuehler.legal\" class=\"w-iconbox-link\" aria-label=\"MV@spuehler.legal\">MV@spuehler.legal<\/a><\/div><\/div><\/div><\/div><\/div><\/div><div class=\"vc_col-sm-6 wpb_column vc_column_container\"><div class=\"vc_column-inner us_custom_539f15ee\"><div class=\"wpb_wrapper\"><\/div><\/div><\/div><\/div><\/div><\/div><\/div><\/div><\/div><\/section>\n","protected":false},"excerpt":{"rendered":"Milena van Dierendonck Assistante juridique Milena van DierendonckAssistante juridiqueCarri\u00e8re Milena van Dierendonck \u00e9tudie le droit \u00e0 l&rsquo;Universit\u00e9 de Zurich depuis septembre 2022. Au semestre d&rsquo;automne 2025, elle a effectu\u00e9 un semestre d&rsquo;\u00e9change \u00e0 l&rsquo;Universit\u00e9 de Maastricht. Depuis janvier 2026, Milena van Dierendonck travaille comme assistante juridique chez Sp\u00fchler Rechtsanw\u00e4lte AG. Connaissances linguistiques &#8211; Allemand (langue...","protected":false},"author":1,"featured_media":0,"parent":0,"menu_order":0,"comment_status":"closed","ping_status":"closed","template":"","meta":{"footnotes":""},"class_list":["post-7544","page","type-page","status-publish","hentry"],"yoast_head":"<!-- This site is optimized with the Yoast SEO Premium plugin v27.4 (Yoast SEO v27.4) - https:\/\/yoast.com\/product\/yoast-seo-premium-wordpress\/ -->\n<title>Milena van Dierendonck - Sp\u00fchler Rechtsanw\u00e4lte AG<\/title>\n<meta name=\"robots\" content=\"index, follow, max-snippet:-1, max-image-preview:large, max-video-preview:-1\" \/>\n<link rel=\"canonical\" href=\"https:\/\/spuehler.legal\/fr\/milena-van-dierendonck\/\" \/>\n<meta property=\"og:locale\" content=\"fr_FR\" \/>\n<meta property=\"og:type\" content=\"article\" \/>\n<meta property=\"og:title\" content=\"Milena van Dierendonck\" \/>\n<meta property=\"og:url\" content=\"https:\/\/spuehler.legal\/fr\/milena-van-dierendonck\/\" \/>\n<meta property=\"og:site_name\" content=\"Sp\u00fchler Rechtsanw\u00e4lte AG\" \/>\n<meta property=\"article:publisher\" content=\"https:\/\/www.facebook.com\/spuehler.legal\" \/>\n<meta property=\"article:modified_time\" content=\"2026-01-22T13:57:25+00:00\" \/>\n<meta name=\"twitter:card\" content=\"summary_large_image\" \/>\n<meta name=\"twitter:label1\" content=\"Dur\u00e9e de lecture estim\u00e9e\" \/>\n\t<meta name=\"twitter:data1\" content=\"2 minutes\" \/>\n<script type=\"application\/ld+json\" class=\"yoast-schema-graph\">{\"@context\":\"https:\\\/\\\/schema.org\",\"@graph\":[{\"@type\":\"WebPage\",\"@id\":\"https:\\\/\\\/spuehler.legal\\\/fr\\\/milena-van-dierendonck\\\/\",\"url\":\"https:\\\/\\\/spuehler.legal\\\/fr\\\/milena-van-dierendonck\\\/\",\"name\":\"Milena van Dierendonck - Sp\u00fchler Rechtsanw\u00e4lte AG\",\"isPartOf\":{\"@id\":\"https:\\\/\\\/spuehler.legal\\\/fr\\\/#website\"},\"datePublished\":\"2026-01-22T13:57:23+00:00\",\"dateModified\":\"2026-01-22T13:57:25+00:00\",\"breadcrumb\":{\"@id\":\"https:\\\/\\\/spuehler.legal\\\/fr\\\/milena-van-dierendonck\\\/#breadcrumb\"},\"inLanguage\":\"fr-FR\",\"potentialAction\":[{\"@type\":\"ReadAction\",\"target\":[\"https:\\\/\\\/spuehler.legal\\\/fr\\\/milena-van-dierendonck\\\/\"]}]},{\"@type\":\"BreadcrumbList\",\"@id\":\"https:\\\/\\\/spuehler.legal\\\/fr\\\/milena-van-dierendonck\\\/#breadcrumb\",\"itemListElement\":[{\"@type\":\"ListItem\",\"position\":1,\"name\":\"Startseite\",\"item\":\"https:\\\/\\\/spuehler.legal\\\/fr\\\/accueil\\\/\"},{\"@type\":\"ListItem\",\"position\":2,\"name\":\"Milena van Dierendonck\"}]},{\"@type\":\"WebSite\",\"@id\":\"https:\\\/\\\/spuehler.legal\\\/fr\\\/#website\",\"url\":\"https:\\\/\\\/spuehler.legal\\\/fr\\\/\",\"name\":\"Sp\u00fchler Rechtsanw\u00e4lte AG\",\"description\":\"Rechtsberatung und Rechtsvertretung in allen Lebenslagen\",\"publisher\":{\"@id\":\"https:\\\/\\\/spuehler.legal\\\/fr\\\/#organization\"},\"potentialAction\":[{\"@type\":\"SearchAction\",\"target\":{\"@type\":\"EntryPoint\",\"urlTemplate\":\"https:\\\/\\\/spuehler.legal\\\/fr\\\/?s={search_term_string}\"},\"query-input\":{\"@type\":\"PropertyValueSpecification\",\"valueRequired\":true,\"valueName\":\"search_term_string\"}}],\"inLanguage\":\"fr-FR\"},{\"@type\":\"Organization\",\"@id\":\"https:\\\/\\\/spuehler.legal\\\/fr\\\/#organization\",\"name\":\"Sp\u00fchler Rechtsanw\u00e4lte AG\",\"url\":\"https:\\\/\\\/spuehler.legal\\\/fr\\\/\",\"logo\":{\"@type\":\"ImageObject\",\"inLanguage\":\"fr-FR\",\"@id\":\"https:\\\/\\\/spuehler.legal\\\/fr\\\/#\\\/schema\\\/logo\\\/image\\\/\",\"url\":\"https:\\\/\\\/spuehler.legal\\\/wp-content\\\/uploads\\\/2020\\\/08\\\/logo-spuehler-rechtsanwaelte.png\",\"contentUrl\":\"https:\\\/\\\/spuehler.legal\\\/wp-content\\\/uploads\\\/2020\\\/08\\\/logo-spuehler-rechtsanwaelte.png\",\"width\":898,\"height\":259,\"caption\":\"Sp\u00fchler Rechtsanw\u00e4lte AG\"},\"image\":{\"@id\":\"https:\\\/\\\/spuehler.legal\\\/fr\\\/#\\\/schema\\\/logo\\\/image\\\/\"},\"sameAs\":[\"https:\\\/\\\/www.facebook.com\\\/spuehler.legal\",\"https:\\\/\\\/www.linkedin.com\\\/in\\\/fspuehler\\\/\"],\"description\":\"Die Anwaltskanzlei Sp\u00fchler Rechtsanw\u00e4lte AG ist beratend und prozessierend t\u00e4tig. Sie vertritt Privatpersonen sowie kleine und mittlere Unternehmen (KMU) in nationalen und internationalen Sachverhalten. Durch die breite Ausrichtung der Kanzlei ist eine ganzheitliche Beratung m\u00f6glich, welche auf Deutsch, Englisch, Spanisch, Franz\u00f6sisch, Italienisch oder Portugiesisch stattfindet. Kontaktieren Sie Ihre Anw\u00e4ltin oder Ihren Anwalt in Z\u00fcrich!\",\"email\":\"info@spuehler.legal\",\"telephone\":\"+41433440505\",\"legalName\":\"Sp\u00fchler Rechtsanw\u00e4lte AG\",\"foundingDate\":\"2018-01-01\",\"vatID\":\"CHE-431.484.624\",\"numberOfEmployees\":{\"@type\":\"QuantitativeValue\",\"minValue\":\"1\",\"maxValue\":\"10\"}}]}<\/script>\n<!-- \/ Yoast SEO Premium plugin. -->","yoast_head_json":{"title":"Milena van Dierendonck - Sp\u00fchler Rechtsanw\u00e4lte AG","robots":{"index":"index","follow":"follow","max-snippet":"max-snippet:-1","max-image-preview":"max-image-preview:large","max-video-preview":"max-video-preview:-1"},"canonical":"https:\/\/spuehler.legal\/fr\/milena-van-dierendonck\/","og_locale":"fr_FR","og_type":"article","og_title":"Milena van Dierendonck","og_url":"https:\/\/spuehler.legal\/fr\/milena-van-dierendonck\/","og_site_name":"Sp\u00fchler Rechtsanw\u00e4lte AG","article_publisher":"https:\/\/www.facebook.com\/spuehler.legal","article_modified_time":"2026-01-22T13:57:25+00:00","twitter_card":"summary_large_image","twitter_misc":{"Dur\u00e9e de lecture estim\u00e9e":"2 minutes"},"schema":{"@context":"https:\/\/schema.org","@graph":[{"@type":"WebPage","@id":"https:\/\/spuehler.legal\/fr\/milena-van-dierendonck\/","url":"https:\/\/spuehler.legal\/fr\/milena-van-dierendonck\/","name":"Milena van Dierendonck - Sp\u00fchler Rechtsanw\u00e4lte AG","isPartOf":{"@id":"https:\/\/spuehler.legal\/fr\/#website"},"datePublished":"2026-01-22T13:57:23+00:00","dateModified":"2026-01-22T13:57:25+00:00","breadcrumb":{"@id":"https:\/\/spuehler.legal\/fr\/milena-van-dierendonck\/#breadcrumb"},"inLanguage":"fr-FR","potentialAction":[{"@type":"ReadAction","target":["https:\/\/spuehler.legal\/fr\/milena-van-dierendonck\/"]}]},{"@type":"BreadcrumbList","@id":"https:\/\/spuehler.legal\/fr\/milena-van-dierendonck\/#breadcrumb","itemListElement":[{"@type":"ListItem","position":1,"name":"Startseite","item":"https:\/\/spuehler.legal\/fr\/accueil\/"},{"@type":"ListItem","position":2,"name":"Milena van Dierendonck"}]},{"@type":"WebSite","@id":"https:\/\/spuehler.legal\/fr\/#website","url":"https:\/\/spuehler.legal\/fr\/","name":"Sp\u00fchler Rechtsanw\u00e4lte AG","description":"Rechtsberatung und Rechtsvertretung in allen Lebenslagen","publisher":{"@id":"https:\/\/spuehler.legal\/fr\/#organization"},"potentialAction":[{"@type":"SearchAction","target":{"@type":"EntryPoint","urlTemplate":"https:\/\/spuehler.legal\/fr\/?s={search_term_string}"},"query-input":{"@type":"PropertyValueSpecification","valueRequired":true,"valueName":"search_term_string"}}],"inLanguage":"fr-FR"},{"@type":"Organization","@id":"https:\/\/spuehler.legal\/fr\/#organization","name":"Sp\u00fchler Rechtsanw\u00e4lte AG","url":"https:\/\/spuehler.legal\/fr\/","logo":{"@type":"ImageObject","inLanguage":"fr-FR","@id":"https:\/\/spuehler.legal\/fr\/#\/schema\/logo\/image\/","url":"https:\/\/spuehler.legal\/wp-content\/uploads\/2020\/08\/logo-spuehler-rechtsanwaelte.png","contentUrl":"https:\/\/spuehler.legal\/wp-content\/uploads\/2020\/08\/logo-spuehler-rechtsanwaelte.png","width":898,"height":259,"caption":"Sp\u00fchler Rechtsanw\u00e4lte AG"},"image":{"@id":"https:\/\/spuehler.legal\/fr\/#\/schema\/logo\/image\/"},"sameAs":["https:\/\/www.facebook.com\/spuehler.legal","https:\/\/www.linkedin.com\/in\/fspuehler\/"],"description":"Die Anwaltskanzlei Sp\u00fchler Rechtsanw\u00e4lte AG ist beratend und prozessierend t\u00e4tig. Sie vertritt Privatpersonen sowie kleine und mittlere Unternehmen (KMU) in nationalen und internationalen Sachverhalten. Durch die breite Ausrichtung der Kanzlei ist eine ganzheitliche Beratung m\u00f6glich, welche auf Deutsch, Englisch, Spanisch, Franz\u00f6sisch, Italienisch oder Portugiesisch stattfindet. Kontaktieren Sie Ihre Anw\u00e4ltin oder Ihren Anwalt in Z\u00fcrich!","email":"info@spuehler.legal","telephone":"+41433440505","legalName":"Sp\u00fchler Rechtsanw\u00e4lte AG","foundingDate":"2018-01-01","vatID":"CHE-431.484.624","numberOfEmployees":{"@type":"QuantitativeValue","minValue":"1","maxValue":"10"}}]}},"_links":{"self":[{"href":"https:\/\/spuehler.legal\/fr\/wp-json\/wp\/v2\/pages\/7544","targetHints":{"allow":["GET"]}}],"collection":[{"href":"https:\/\/spuehler.legal\/fr\/wp-json\/wp\/v2\/pages"}],"about":[{"href":"https:\/\/spuehler.legal\/fr\/wp-json\/wp\/v2\/types\/page"}],"author":[{"embeddable":true,"href":"https:\/\/spuehler.legal\/fr\/wp-json\/wp\/v2\/users\/1"}],"replies":[{"embeddable":true,"href":"https:\/\/spuehler.legal\/fr\/wp-json\/wp\/v2\/comments?post=7544"}],"version-history":[{"count":3,"href":"https:\/\/spuehler.legal\/fr\/wp-json\/wp\/v2\/pages\/7544\/revisions"}],"predecessor-version":[{"id":7550,"href":"https:\/\/spuehler.legal\/fr\/wp-json\/wp\/v2\/pages\/7544\/revisions\/7550"}],"wp:attachment":[{"href":"https:\/\/spuehler.legal\/fr\/wp-json\/wp\/v2\/media?parent=7544"}],"curies":[{"name":"wp","href":"https:\/\/api.w.org\/{rel}","templated":true}]}}