{"id":3665,"date":"2022-06-20T22:48:54","date_gmt":"2022-06-20T20:48:54","guid":{"rendered":"https:\/\/spuehler.legal\/service\/"},"modified":"2026-01-22T11:07:58","modified_gmt":"2026-01-22T10:07:58","slug":"service","status":"publish","type":"page","link":"https:\/\/spuehler.legal\/fr\/service\/","title":{"rendered":"Services"},"content":{"rendered":"<section class=\"l-section wpb_row height_large color_primary with_img\"><div class=\"l-section-img\" role=\"img\" aria-label=\"Cabinet d&#039;avocats Zurich\" data-img-width=\"1920\" data-img-height=\"1280\" style=\"background-image: url(https:\/\/spuehler.legal\/wp-content\/uploads\/2017\/12\/rwi-bibliothek-zuerich2.jpg);\"><\/div><div class=\"l-section-overlay\" style=\"background:rgba(0,0,0,0.6)\"><\/div><div class=\"l-section-h i-cf\"><div class=\"g-cols vc_row via_flex valign_top type_default stacking_default\"><div class=\"vc_col-sm-12 wpb_column vc_column_container\"><div class=\"vc_column-inner\"><div class=\"wpb_wrapper\"><div class=\"wpb_text_column\"><div class=\"wpb_wrapper\"><h1 style=\"text-align: left;\">Offre de votre <strong>cabinet d&rsquo;avocats \u00e0 Zurich<\/strong><\/h1>\n<\/div><\/div><div class=\"wpb_text_column us_custom_ce05b304\"><div class=\"wpb_wrapper\"><h3 style=\"text-align: left;\">Conseil, repr\u00e9sentation extrajudiciaire et <strong>proc\u00e9dure judiciaire.<\/strong><\/h3>\n<\/div><\/div><\/div><\/div><\/div><\/div><\/div><\/section><section class=\"l-section wpb_row height_small\"><div class=\"l-section-h i-cf\"><div class=\"g-cols vc_row via_flex valign_top type_default stacking_default\"><div class=\"vc_col-sm-12 wpb_column vc_column_container\"><div class=\"vc_column-inner\"><div class=\"wpb_wrapper\"><div class=\"wpb_text_column\"><div class=\"wpb_wrapper\"><h2>Services du <strong>cabinet d&rsquo;avocats<\/strong><\/h2>\n<\/div><\/div><\/div><\/div><\/div><\/div><\/div><\/section><section class=\"l-section wpb_row us_custom_a40275d7 height_small\"><div class=\"l-section-h i-cf\"><div class=\"g-cols vc_row via_flex valign_top type_default stacking_default\"><div class=\"vc_col-sm-4 wpb_column vc_column_container\"><div class=\"vc_column-inner us_custom_539f15ee\"><div class=\"wpb_wrapper\"><div class=\"w-iconbox iconpos_top style_circle color_primary align_center\"><div class=\"w-iconbox-icon\" style=\"font-size:44px;\"><i class=\"far fa-lightbulb\"><\/i><\/div><div class=\"w-iconbox-meta\"><h3 class=\"w-iconbox-title\">Conseil + r\u00e9daction de contrats<\/h3><div class=\"w-iconbox-text\"><p>Des conseils juridiques et une r\u00e9daction de contrats s\u00e9rieux offrent une s\u00e9curit\u00e9 juridique et pr\u00e9viennent les litiges co\u00fbteux<\/p>\n<\/div><\/div><\/div><\/div><\/div><\/div><div class=\"vc_col-sm-4 wpb_column vc_column_container\"><div class=\"vc_column-inner us_custom_539f15ee\"><div class=\"wpb_wrapper\"><div class=\"w-iconbox iconpos_top style_circle color_primary align_center\"><div class=\"w-iconbox-icon\" style=\"font-size:44px;\"><i class=\"far fa-handshake\"><\/i><\/div><div class=\"w-iconbox-meta\"><h3 class=\"w-iconbox-title\">Repr\u00e9sentation extrajudiciaire<\/h3><div class=\"w-iconbox-text\"><p>Un r\u00e8glement extrajudiciaire efficace des litiges \u00e9vite des frais de justice et d&rsquo;avocat \u00e9lev\u00e9s<\/p>\n<\/div><\/div><\/div><\/div><\/div><\/div><div class=\"vc_col-sm-4 wpb_column vc_column_container\"><div class=\"vc_column-inner us_custom_539f15ee\"><div class=\"wpb_wrapper\"><div class=\"w-iconbox iconpos_top style_circle color_primary align_center\"><div class=\"w-iconbox-icon\" style=\"font-size:44px;\"><i class=\"fas fa-balance-scale\"><\/i><\/div><div class=\"w-iconbox-meta\"><h3 class=\"w-iconbox-title\">Conduite du proc\u00e8s<\/h3><div class=\"w-iconbox-text\"><p>Repr\u00e9sentation juridique ax\u00e9e sur la recherche de solutions et soucieuse des co\u00fbts devant les autorit\u00e9s et les tribunaux, ainsi que la d\u00e9fense p\u00e9nale<\/p>\n<\/div><\/div><\/div><\/div><\/div><\/div><\/div><\/div><\/section><section class=\"l-section wpb_row height_small\"><div class=\"l-section-h i-cf\"><div class=\"g-cols vc_row via_flex valign_top type_default stacking_default\"><div class=\"vc_col-sm-12 wpb_column vc_column_container\"><div class=\"vc_column-inner\"><div class=\"wpb_wrapper\"><div class=\"wpb_text_column\"><div class=\"wpb_wrapper\"><h2><strong>Domaines de<\/strong> pr\u00e9dilection <strong>de nos avocats<\/strong><\/h2>\n<p>Le cabinet d&rsquo;avocats Sp\u00fchler Rechtsanw\u00e4lte est principalement actif dans le domaine <strong>du droit p\u00e9nal et civil<\/strong> dans des contextes nationaux et internationaux. Nous conseillons notre client\u00e8le \u00e0 notre si\u00e8ge de Zurich en <strong>allemand, anglais, espagnol, fran\u00e7ais, italien ou portugais<\/strong>. Les avocats de notre cabinet repr\u00e9sentent des personnes devant toutes les autorit\u00e9s et les tribunaux de Suisse al\u00e9manique. Vos domaines de pr\u00e9dilection peuvent \u00eatre r\u00e9partis dans les th\u00e8mes suivants :<\/p>\n<\/div><\/div><div class=\"w-separator size_medium\"><\/div><div class=\"w-iconbox iconpos_left style_default color_primary align_left\"><a href=\"https:\/\/spuehler.legal\/fr\/defense-penale\/\" class=\"w-iconbox-link\" aria-label=\"D\u00e9fense p\u00e9nale\"><div class=\"w-iconbox-icon\" style=\"font-size:3rem;\"><i class=\"fas fa-user-secret\"><\/i><\/div><\/a><div class=\"w-iconbox-meta\"><h3 class=\"w-iconbox-title\"><a href=\"https:\/\/spuehler.legal\/fr\/defense-penale\/\" class=\"w-iconbox-link\" aria-label=\"D\u00e9fense p\u00e9nale\">D\u00e9fense p\u00e9nale<\/a><\/h3><div class=\"w-iconbox-text\"><p>Vous avez re\u00e7u un courrier d&rsquo;une autorit\u00e9 p\u00e9nale ? \u00cates-vous accus\u00e9 d&rsquo;un d\u00e9lit ? Une personne de votre entourage a-t-elle \u00e9t\u00e9 arr\u00eat\u00e9e ? Nous vous aidons dans tous les domaines du droit p\u00e9nal.     <a href=\"https:\/\/spuehler.legal\/fr\/defense-penale\/\">\u27a8En savoir plus sur le droit p\u00e9nal.<\/a><\/p>\n<\/div><\/div><\/div><div class=\"w-separator size_medium\"><\/div><div class=\"w-iconbox iconpos_left style_default color_primary align_left\"><a href=\"https:\/\/spuehler.legal\/fr\/representation-des-victimes\/\" class=\"w-iconbox-link\" aria-label=\"Repr\u00e9sentation des victimes\"><div class=\"w-iconbox-icon\" style=\"font-size:3rem;\"><i class=\"fas fa-life-ring\"><\/i><\/div><\/a><div class=\"w-iconbox-meta\"><h3 class=\"w-iconbox-title\"><a href=\"https:\/\/spuehler.legal\/fr\/representation-des-victimes\/\" class=\"w-iconbox-link\" aria-label=\"Repr\u00e9sentation des victimes\">Repr\u00e9sentation des victimes<\/a><\/h3><div class=\"w-iconbox-text\"><p>Avez-vous \u00e9t\u00e9 victime d&rsquo;un acte de violence ou d&rsquo;un d\u00e9lit sexuel ? Souffrez-vous de violence domestique ? Vous avez perdu de l&rsquo;argent \u00e0 la suite d&rsquo;une escroquerie ? Nous repr\u00e9sentons les personnes l\u00e9s\u00e9es dans tous les domaines du droit p\u00e9nal.     <a href=\"https:\/\/spuehler.legal\/fr\/representation-des-victimes\/\">\u27a8En savoir plus sur la repr\u00e9sentation des victimes.<\/a><\/p>\n<\/div><\/div><\/div><div class=\"w-separator size_medium\"><\/div><div class=\"w-iconbox iconpos_left style_default color_primary align_left\"><a href=\"https:\/\/spuehler.legal\/fr\/droit-de-la-famille\/\" class=\"w-iconbox-link\" aria-label=\"Droit de la famille\"><div class=\"w-iconbox-icon\" style=\"font-size:3rem;\"><i class=\"fas fa-users\"><\/i><\/div><\/a><div class=\"w-iconbox-meta\"><h3 class=\"w-iconbox-title\"><a href=\"https:\/\/spuehler.legal\/fr\/droit-de-la-famille\/\" class=\"w-iconbox-link\" aria-label=\"Droit de la famille\">Droit de la famille<\/a><\/h3><div class=\"w-iconbox-text\"><p>Vous vous trouvez actuellement dans une situation de s\u00e9paration ou de divorce ? Souhaitez-vous obtenir des conseils en vue d&rsquo;un mariage ? Avez-vous besoin d&rsquo;un contrat de mariage ? Souhaitez-vous r\u00e9gler votre succession par le biais d&rsquo;un testament ou d&rsquo;un pacte successoral ?     <a href=\"https:\/\/spuehler.legal\/fr\/droit-de-la-famille\/\">\u27a8En savoir plus sur le droit de la famille.<\/a><\/p>\n<\/div><\/div><\/div><div class=\"w-separator size_medium\"><\/div><div class=\"w-iconbox iconpos_left style_default color_primary align_left\"><a href=\"https:\/\/spuehler.legal\/fr\/droit-de-la-migration\/\" class=\"w-iconbox-link\" aria-label=\"Droit de la migration\"><div class=\"w-iconbox-icon\" style=\"font-size:3rem;\"><i class=\"fas fa-ship\"><\/i><\/div><\/a><div class=\"w-iconbox-meta\"><h3 class=\"w-iconbox-title\"><a href=\"https:\/\/spuehler.legal\/fr\/droit-de-la-migration\/\" class=\"w-iconbox-link\" aria-label=\"Droit de la migration\">Droit de la migration<\/a><\/h3><div class=\"w-iconbox-text\"><p>Votre permis de s\u00e9jour ou d&rsquo;\u00e9tablissement vous a-t-il \u00e9t\u00e9 retir\u00e9 ? Vous avez re\u00e7u un courrier de l&rsquo;Office des migrations ? Vous souhaitez \u00e9tablir un s\u00e9jour en Suisse ? Notre cabinet d&rsquo;avocats vous assiste dans tous les domaines du droit de la migration.     <a href=\"https:\/\/spuehler.legal\/fr\/droit-de-la-migration\/\">\u27a8En savoir plus sur le droit de la migration.<\/a><\/p>\n<\/div><\/div><\/div><div class=\"w-separator size_medium\"><\/div><div class=\"w-iconbox iconpos_left style_default color_primary align_left\"><a href=\"https:\/\/spuehler.legal\/anwalt-arbeitsrecht-zuerich\/\" class=\"w-iconbox-link\" aria-label=\"Droit du travail\"><div class=\"w-iconbox-icon\" style=\"font-size:3rem;\"><i class=\"fas fa-briefcase\"><\/i><\/div><\/a><div class=\"w-iconbox-meta\"><h3 class=\"w-iconbox-title\"><a href=\"https:\/\/spuehler.legal\/anwalt-arbeitsrecht-zuerich\/\" class=\"w-iconbox-link\" aria-label=\"Droit du travail\">Droit du travail<\/a><\/h3><div class=\"w-iconbox-text\"><p>Votre contrat de travail a-t-il \u00e9t\u00e9 r\u00e9sili\u00e9 ? Vous n&rsquo;avez pas re\u00e7u votre salaire ? Vous souhaitez obtenir un meilleur certificat de travail ? Nous vous aidons \u00e0 faire valoir vos droits en mati\u00e8re de droit du travail.     <a href=\"https:\/\/spuehler.legal\/fr\/droit-du-travail\/\">\u27a8En savoir plus sur le droit du travail.<\/a><\/p>\n<\/div><\/div><\/div><div class=\"w-separator size_medium\"><\/div><div class=\"w-iconbox iconpos_left style_default color_primary align_left\"><a href=\"https:\/\/spuehler.legal\/fr\/droit-des-contrats\/\" class=\"w-iconbox-link\" aria-label=\"Droit des contrats\"><div class=\"w-iconbox-icon\" style=\"font-size:3rem;\"><i class=\"fas fa-file-alt\"><\/i><\/div><\/a><div class=\"w-iconbox-meta\"><h3 class=\"w-iconbox-title\"><a href=\"https:\/\/spuehler.legal\/fr\/droit-des-contrats\/\" class=\"w-iconbox-link\" aria-label=\"Droit des contrats\">Droit des contrats<\/a><\/h3><div class=\"w-iconbox-text\"><p>Nous proposons une assistance pour la <strong>r\u00e9daction de contrats<\/strong>, <strong>la r\u00e9vision de contrats<\/strong> et les <strong>litiges contractuels<\/strong>. Une r\u00e9daction minutieuse des contrats peut pr\u00e9venir des litiges co\u00fbteux \u00e0 une date ult\u00e9rieure.  <a href=\"https:\/\/spuehler.legal\/fr\/droit-des-contrats\/\">\u27a8En savoir plus sur le droit des contrats.<\/a><\/p>\n<\/div><\/div><\/div><div class=\"w-separator size_medium\"><\/div><div class=\"w-iconbox iconpos_left style_default color_primary align_left\"><div class=\"w-iconbox-icon\" style=\"font-size:3rem;\"><i class=\"fas fa-home\"><\/i><\/div><div class=\"w-iconbox-meta\"><h3 class=\"w-iconbox-title\">Loyer + bien immobilier<\/h3><div class=\"w-iconbox-text\"><p>Votre logement en location a-t-il \u00e9t\u00e9 r\u00e9sili\u00e9 ? Votre propri\u00e9taire ne rem\u00e9die pas aux d\u00e9fauts de votre logement et ne vous accorde pas de r\u00e9duction de loyer ? Vous avez besoin d&rsquo;une r\u00e9vision ou d&rsquo;un projet de contrat d&rsquo;achat de terrain ? Vous \u00eates en conflit avec votre voisin ? Y a-t-il des probl\u00e8mes avec la copropri\u00e9t\u00e9 ?<\/p>\n<\/div><\/div><\/div><div class=\"w-separator size_medium\"><\/div><div class=\"w-iconbox iconpos_left style_default color_primary align_left\"><a href=\"https:\/\/spuehler.legal\/anwalt-betreibung-zuerich-konkurs\/\" class=\"w-iconbox-link\" aria-label=\"Poursuite + faillite\"><div class=\"w-iconbox-icon\" style=\"font-size:3rem;\"><i class=\"fas fa-gavel\"><\/i><\/div><\/a><div class=\"w-iconbox-meta\"><h3 class=\"w-iconbox-title\"><a href=\"https:\/\/spuehler.legal\/anwalt-betreibung-zuerich-konkurs\/\" class=\"w-iconbox-link\" aria-label=\"Poursuite + faillite\">Poursuite + faillite<\/a><\/h3><div class=\"w-iconbox-text\"><p>La loi sur les poursuites et les faillites (LP) r\u00e9git l&rsquo;ex\u00e9cution forc\u00e9e des cr\u00e9ances financi\u00e8res. Que les cr\u00e9anciers souhaitent recouvrer une cr\u00e9ance ou que les d\u00e9biteurs veuillent se d\u00e9fendre contre une poursuite injustifi\u00e9e, nous vous assistons tout au long de la proc\u00e9dure en vous fournissant des conseils juridiques avis\u00e9s et en vous proposant une proc\u00e9dure efficace.   <a href=\"https:\/\/spuehler.legal\/fr\/poursuite-faillite\/\">\u27a8En savoir plus sur le droit des poursuites et des faillites.<\/a><\/p>\n<\/div><\/div><\/div><div class=\"w-separator size_medium\"><\/div><div class=\"w-iconbox iconpos_left style_default color_primary align_left\"><div class=\"w-iconbox-icon\" style=\"font-size:3rem;\"><i class=\"fas fa-building\"><\/i><\/div><div class=\"w-iconbox-meta\"><h3 class=\"w-iconbox-title\">Droit des entreprises<\/h3><div class=\"w-iconbox-text\"><p>Les entreprises sont r\u00e9guli\u00e8rement confront\u00e9es \u00e0 de nombreuses questions juridiques. Nous vous offrons un service de conseil et de repr\u00e9sentation juridique fiable et rentable \u00e0 partir d&rsquo;une source unique. Les questions juridiques peuvent porter sur l&rsquo;entreprise et sa forme juridique ou sur les relations juridiques avec les employ\u00e9s ou la client\u00e8le.<\/p>\n<\/div><\/div><\/div><div class=\"w-separator size_medium\"><\/div><div class=\"w-iconbox iconpos_left style_default color_primary align_left\"><a target=\"_blank\" href=\"https:\/\/domiziladresse.zuerich\/\" class=\"w-iconbox-link\" aria-label=\"Adresse du domicile\"><div class=\"w-iconbox-icon\" style=\"font-size:3rem;\"><i class=\"fas fa-map-marker-alt\"><\/i><\/div><\/a><div class=\"w-iconbox-meta\"><h3 class=\"w-iconbox-title\"><a target=\"_blank\" href=\"https:\/\/domiziladresse.zuerich\/\" class=\"w-iconbox-link\" aria-label=\"Adresse du domicile\">Adresse du domicile<\/a><\/h3><div class=\"w-iconbox-text\"><p><span>Sp\u00fchler Rechtsanw\u00e4lte AG propose \u00e0 votre entreprise une adresse de domiciliation avantageuse \u00e0 une adresse repr\u00e9sentative de Zurich. Le courrier adress\u00e9 \u00e0 votre adresse de domicile vous sera transmis par nos soins. Nous vous assistons dans la cr\u00e9ation de votre entreprise, l&rsquo;inscription au registre du commerce et d&rsquo;autres services li\u00e9s \u00e0 votre domiciliation. <a href=\"https:\/\/domiziladresse.zuerich\/\" target=\"_blank\" rel=\"noopener\">\u27a8En savoir plus sur l&rsquo;adresse professionnelle<\/a><\/span><\/p>\n<\/div><\/div><\/div><div class=\"w-separator size_medium\"><\/div><\/div><\/div><\/div><\/div><\/div><\/section><section class=\"l-section wpb_row align_center height_medium color_primary\"><div class=\"l-section-h i-cf\"><div class=\"g-cols vc_row via_flex valign_top type_default stacking_default\"><div class=\"vc_col-sm-12 wpb_column vc_column_container\"><div class=\"vc_column-inner\"><div class=\"wpb_wrapper\"><div class=\"wpb_text_column\"><div class=\"wpb_wrapper\"><h2><strong>Contactez<\/strong> d\u00e8s maintenant <strong>votre avocat \u00e0 Zurich<\/strong><\/h2>\n<\/div><\/div><div class=\"w-btn-wrapper align_none\"><a class=\"w-btn us-btn-style_6 us_custom_f73f4019 font_bold icon_atleft\" title=\"R\u00e9server un rendez-vous\" href=\"https:\/\/spuehler.legal\/fr\/rendez-vous\/\"><i class=\"fas fa-calendar-check\"><\/i><span class=\"w-btn-label\">R\u00e9server un rendez-vous<\/span><\/a><\/div><div class=\"w-btn-wrapper align_none\"><a class=\"w-btn us-btn-style_7 us_custom_f73f4019 icon_atleft\" href=\"https:\/\/spuehler.legal\/fr\/contact\/\"><i class=\"fas fa-address-book\"><\/i><span class=\"w-btn-label\">Contact<\/span><\/a><\/div><\/div><\/div><\/div><\/div><\/div><\/section>\n","protected":false},"excerpt":{"rendered":"Offre de votre cabinet d&rsquo;avocats \u00e0 Zurich Conseil, repr\u00e9sentation extrajudiciaire et proc\u00e9dure judiciaire. Services du cabinet d&rsquo;avocats Conseil + r\u00e9daction de contratsDes conseils juridiques et une r\u00e9daction de contrats s\u00e9rieux offrent une s\u00e9curit\u00e9 juridique et pr\u00e9viennent les litiges co\u00fbteux Repr\u00e9sentation extrajudiciaireUn r\u00e8glement extrajudiciaire efficace des litiges \u00e9vite des frais de justice et d'avocat \u00e9lev\u00e9s Conduite...","protected":false},"author":1,"featured_media":0,"parent":0,"menu_order":0,"comment_status":"closed","ping_status":"closed","template":"","meta":{"footnotes":""},"class_list":["post-3665","page","type-page","status-publish","hentry"],"yoast_head":"<!-- This site is optimized with the Yoast SEO Premium plugin v27.4 (Yoast SEO v27.4) - https:\/\/yoast.com\/product\/yoast-seo-premium-wordpress\/ -->\n<title>Votre avocat \u00e0 Zurich pour le droit civil et p\u00e9nal | Services<\/title>\n<meta name=\"description\" content=\"\u2713 D\u00e9fense p\u00e9nale \u2713 Repr\u00e9sentation des victimes \u2713 Droit de la famille \u2713 Droit des migrations \u2713 Droit des contrats \u2713 Droit des entreprises \u2713 Droit des poursuites\" \/>\n<meta name=\"robots\" content=\"index, follow, max-snippet:-1, max-image-preview:large, max-video-preview:-1\" \/>\n<link rel=\"canonical\" href=\"https:\/\/spuehler.legal\/fr\/service\/\" \/>\n<meta property=\"og:locale\" content=\"fr_FR\" \/>\n<meta property=\"og:type\" content=\"article\" \/>\n<meta property=\"og:title\" content=\"Services\" \/>\n<meta property=\"og:description\" content=\"\u2713 D\u00e9fense p\u00e9nale \u2713 Repr\u00e9sentation des victimes \u2713 Droit de la famille \u2713 Droit des migrations \u2713 Droit des contrats \u2713 Droit des entreprises \u2713 Droit des poursuites\" \/>\n<meta property=\"og:url\" content=\"https:\/\/spuehler.legal\/fr\/service\/\" \/>\n<meta property=\"og:site_name\" content=\"Sp\u00fchler Rechtsanw\u00e4lte AG\" \/>\n<meta property=\"article:publisher\" content=\"https:\/\/www.facebook.com\/spuehler.legal\" \/>\n<meta property=\"article:modified_time\" content=\"2026-01-22T10:07:58+00:00\" \/>\n<meta name=\"twitter:card\" content=\"summary_large_image\" \/>\n<meta name=\"twitter:label1\" content=\"Dur\u00e9e de lecture estim\u00e9e\" \/>\n\t<meta name=\"twitter:data1\" content=\"7 minutes\" \/>\n<script type=\"application\/ld+json\" class=\"yoast-schema-graph\">{\"@context\":\"https:\\\/\\\/schema.org\",\"@graph\":[{\"@type\":\"WebPage\",\"@id\":\"https:\\\/\\\/spuehler.legal\\\/fr\\\/service\\\/\",\"url\":\"https:\\\/\\\/spuehler.legal\\\/fr\\\/service\\\/\",\"name\":\"Votre avocat \u00e0 Zurich pour le droit civil et p\u00e9nal | Services\",\"isPartOf\":{\"@id\":\"https:\\\/\\\/spuehler.legal\\\/fr\\\/#website\"},\"datePublished\":\"2022-06-20T20:48:54+00:00\",\"dateModified\":\"2026-01-22T10:07:58+00:00\",\"description\":\"\u2713 D\u00e9fense p\u00e9nale \u2713 Repr\u00e9sentation des victimes \u2713 Droit de la famille \u2713 Droit des migrations \u2713 Droit des contrats \u2713 Droit des entreprises \u2713 Droit des poursuites\",\"breadcrumb\":{\"@id\":\"https:\\\/\\\/spuehler.legal\\\/fr\\\/service\\\/#breadcrumb\"},\"inLanguage\":\"fr-FR\",\"potentialAction\":[{\"@type\":\"ReadAction\",\"target\":[\"https:\\\/\\\/spuehler.legal\\\/fr\\\/service\\\/\"]}]},{\"@type\":\"BreadcrumbList\",\"@id\":\"https:\\\/\\\/spuehler.legal\\\/fr\\\/service\\\/#breadcrumb\",\"itemListElement\":[{\"@type\":\"ListItem\",\"position\":1,\"name\":\"Startseite\",\"item\":\"https:\\\/\\\/spuehler.legal\\\/fr\\\/accueil\\\/\"},{\"@type\":\"ListItem\",\"position\":2,\"name\":\"Services\"}]},{\"@type\":\"WebSite\",\"@id\":\"https:\\\/\\\/spuehler.legal\\\/fr\\\/#website\",\"url\":\"https:\\\/\\\/spuehler.legal\\\/fr\\\/\",\"name\":\"Sp\u00fchler Rechtsanw\u00e4lte AG\",\"description\":\"Rechtsberatung und Rechtsvertretung in allen Lebenslagen\",\"publisher\":{\"@id\":\"https:\\\/\\\/spuehler.legal\\\/fr\\\/#organization\"},\"potentialAction\":[{\"@type\":\"SearchAction\",\"target\":{\"@type\":\"EntryPoint\",\"urlTemplate\":\"https:\\\/\\\/spuehler.legal\\\/fr\\\/?s={search_term_string}\"},\"query-input\":{\"@type\":\"PropertyValueSpecification\",\"valueRequired\":true,\"valueName\":\"search_term_string\"}}],\"inLanguage\":\"fr-FR\"},{\"@type\":\"Organization\",\"@id\":\"https:\\\/\\\/spuehler.legal\\\/fr\\\/#organization\",\"name\":\"Sp\u00fchler Rechtsanw\u00e4lte AG\",\"url\":\"https:\\\/\\\/spuehler.legal\\\/fr\\\/\",\"logo\":{\"@type\":\"ImageObject\",\"inLanguage\":\"fr-FR\",\"@id\":\"https:\\\/\\\/spuehler.legal\\\/fr\\\/#\\\/schema\\\/logo\\\/image\\\/\",\"url\":\"https:\\\/\\\/spuehler.legal\\\/wp-content\\\/uploads\\\/2020\\\/08\\\/logo-spuehler-rechtsanwaelte.png\",\"contentUrl\":\"https:\\\/\\\/spuehler.legal\\\/wp-content\\\/uploads\\\/2020\\\/08\\\/logo-spuehler-rechtsanwaelte.png\",\"width\":898,\"height\":259,\"caption\":\"Sp\u00fchler Rechtsanw\u00e4lte AG\"},\"image\":{\"@id\":\"https:\\\/\\\/spuehler.legal\\\/fr\\\/#\\\/schema\\\/logo\\\/image\\\/\"},\"sameAs\":[\"https:\\\/\\\/www.facebook.com\\\/spuehler.legal\",\"https:\\\/\\\/www.linkedin.com\\\/in\\\/fspuehler\\\/\"],\"description\":\"Die Anwaltskanzlei Sp\u00fchler Rechtsanw\u00e4lte AG ist beratend und prozessierend t\u00e4tig. Sie vertritt Privatpersonen sowie kleine und mittlere Unternehmen (KMU) in nationalen und internationalen Sachverhalten. Durch die breite Ausrichtung der Kanzlei ist eine ganzheitliche Beratung m\u00f6glich, welche auf Deutsch, Englisch, Spanisch, Franz\u00f6sisch, Italienisch oder Portugiesisch stattfindet. Kontaktieren Sie Ihre Anw\u00e4ltin oder Ihren Anwalt in Z\u00fcrich!\",\"email\":\"info@spuehler.legal\",\"telephone\":\"+41433440505\",\"legalName\":\"Sp\u00fchler Rechtsanw\u00e4lte AG\",\"foundingDate\":\"2018-01-01\",\"vatID\":\"CHE-431.484.624\",\"numberOfEmployees\":{\"@type\":\"QuantitativeValue\",\"minValue\":\"1\",\"maxValue\":\"10\"}}]}<\/script>\n<!-- \/ Yoast SEO Premium plugin. -->","yoast_head_json":{"title":"Votre avocat \u00e0 Zurich pour le droit civil et p\u00e9nal | Services","description":"\u2713 D\u00e9fense p\u00e9nale \u2713 Repr\u00e9sentation des victimes \u2713 Droit de la famille \u2713 Droit des migrations \u2713 Droit des contrats \u2713 Droit des entreprises \u2713 Droit des poursuites","robots":{"index":"index","follow":"follow","max-snippet":"max-snippet:-1","max-image-preview":"max-image-preview:large","max-video-preview":"max-video-preview:-1"},"canonical":"https:\/\/spuehler.legal\/fr\/service\/","og_locale":"fr_FR","og_type":"article","og_title":"Services","og_description":"\u2713 D\u00e9fense p\u00e9nale \u2713 Repr\u00e9sentation des victimes \u2713 Droit de la famille \u2713 Droit des migrations \u2713 Droit des contrats \u2713 Droit des entreprises \u2713 Droit des poursuites","og_url":"https:\/\/spuehler.legal\/fr\/service\/","og_site_name":"Sp\u00fchler Rechtsanw\u00e4lte AG","article_publisher":"https:\/\/www.facebook.com\/spuehler.legal","article_modified_time":"2026-01-22T10:07:58+00:00","twitter_card":"summary_large_image","twitter_misc":{"Dur\u00e9e de lecture estim\u00e9e":"7 minutes"},"schema":{"@context":"https:\/\/schema.org","@graph":[{"@type":"WebPage","@id":"https:\/\/spuehler.legal\/fr\/service\/","url":"https:\/\/spuehler.legal\/fr\/service\/","name":"Votre avocat \u00e0 Zurich pour le droit civil et p\u00e9nal | Services","isPartOf":{"@id":"https:\/\/spuehler.legal\/fr\/#website"},"datePublished":"2022-06-20T20:48:54+00:00","dateModified":"2026-01-22T10:07:58+00:00","description":"\u2713 D\u00e9fense p\u00e9nale \u2713 Repr\u00e9sentation des victimes \u2713 Droit de la famille \u2713 Droit des migrations \u2713 Droit des contrats \u2713 Droit des entreprises \u2713 Droit des poursuites","breadcrumb":{"@id":"https:\/\/spuehler.legal\/fr\/service\/#breadcrumb"},"inLanguage":"fr-FR","potentialAction":[{"@type":"ReadAction","target":["https:\/\/spuehler.legal\/fr\/service\/"]}]},{"@type":"BreadcrumbList","@id":"https:\/\/spuehler.legal\/fr\/service\/#breadcrumb","itemListElement":[{"@type":"ListItem","position":1,"name":"Startseite","item":"https:\/\/spuehler.legal\/fr\/accueil\/"},{"@type":"ListItem","position":2,"name":"Services"}]},{"@type":"WebSite","@id":"https:\/\/spuehler.legal\/fr\/#website","url":"https:\/\/spuehler.legal\/fr\/","name":"Sp\u00fchler Rechtsanw\u00e4lte AG","description":"Rechtsberatung und Rechtsvertretung in allen Lebenslagen","publisher":{"@id":"https:\/\/spuehler.legal\/fr\/#organization"},"potentialAction":[{"@type":"SearchAction","target":{"@type":"EntryPoint","urlTemplate":"https:\/\/spuehler.legal\/fr\/?s={search_term_string}"},"query-input":{"@type":"PropertyValueSpecification","valueRequired":true,"valueName":"search_term_string"}}],"inLanguage":"fr-FR"},{"@type":"Organization","@id":"https:\/\/spuehler.legal\/fr\/#organization","name":"Sp\u00fchler Rechtsanw\u00e4lte AG","url":"https:\/\/spuehler.legal\/fr\/","logo":{"@type":"ImageObject","inLanguage":"fr-FR","@id":"https:\/\/spuehler.legal\/fr\/#\/schema\/logo\/image\/","url":"https:\/\/spuehler.legal\/wp-content\/uploads\/2020\/08\/logo-spuehler-rechtsanwaelte.png","contentUrl":"https:\/\/spuehler.legal\/wp-content\/uploads\/2020\/08\/logo-spuehler-rechtsanwaelte.png","width":898,"height":259,"caption":"Sp\u00fchler Rechtsanw\u00e4lte AG"},"image":{"@id":"https:\/\/spuehler.legal\/fr\/#\/schema\/logo\/image\/"},"sameAs":["https:\/\/www.facebook.com\/spuehler.legal","https:\/\/www.linkedin.com\/in\/fspuehler\/"],"description":"Die Anwaltskanzlei Sp\u00fchler Rechtsanw\u00e4lte AG ist beratend und prozessierend t\u00e4tig. Sie vertritt Privatpersonen sowie kleine und mittlere Unternehmen (KMU) in nationalen und internationalen Sachverhalten. Durch die breite Ausrichtung der Kanzlei ist eine ganzheitliche Beratung m\u00f6glich, welche auf Deutsch, Englisch, Spanisch, Franz\u00f6sisch, Italienisch oder Portugiesisch stattfindet. Kontaktieren Sie Ihre Anw\u00e4ltin oder Ihren Anwalt in Z\u00fcrich!","email":"info@spuehler.legal","telephone":"+41433440505","legalName":"Sp\u00fchler Rechtsanw\u00e4lte AG","foundingDate":"2018-01-01","vatID":"CHE-431.484.624","numberOfEmployees":{"@type":"QuantitativeValue","minValue":"1","maxValue":"10"}}]}},"_links":{"self":[{"href":"https:\/\/spuehler.legal\/fr\/wp-json\/wp\/v2\/pages\/3665","targetHints":{"allow":["GET"]}}],"collection":[{"href":"https:\/\/spuehler.legal\/fr\/wp-json\/wp\/v2\/pages"}],"about":[{"href":"https:\/\/spuehler.legal\/fr\/wp-json\/wp\/v2\/types\/page"}],"author":[{"embeddable":true,"href":"https:\/\/spuehler.legal\/fr\/wp-json\/wp\/v2\/users\/1"}],"replies":[{"embeddable":true,"href":"https:\/\/spuehler.legal\/fr\/wp-json\/wp\/v2\/comments?post=3665"}],"version-history":[{"count":69,"href":"https:\/\/spuehler.legal\/fr\/wp-json\/wp\/v2\/pages\/3665\/revisions"}],"predecessor-version":[{"id":7520,"href":"https:\/\/spuehler.legal\/fr\/wp-json\/wp\/v2\/pages\/3665\/revisions\/7520"}],"wp:attachment":[{"href":"https:\/\/spuehler.legal\/fr\/wp-json\/wp\/v2\/media?parent=3665"}],"curies":[{"name":"wp","href":"https:\/\/api.w.org\/{rel}","templated":true}]}}