{"id":3431,"date":"2022-06-20T15:06:43","date_gmt":"2022-06-20T13:06:43","guid":{"rendered":"https:\/\/spuehler.legal\/salome-balmelli\/"},"modified":"2025-06-15T11:09:33","modified_gmt":"2025-06-15T09:09:33","slug":"salome-balmelli","status":"publish","type":"page","link":"https:\/\/spuehler.legal\/fr\/salome-balmelli\/","title":{"rendered":"Salome Balmelli"},"content":{"rendered":"<section class=\"l-section wpb_row height_large color_primary with_img\"><div class=\"l-section-img\" role=\"img\" aria-label=\"Avocat Zurich\" data-img-width=\"1920\" data-img-height=\"1280\" style=\"background-image: url(https:\/\/spuehler.legal\/wp-content\/uploads\/2017\/12\/rwi-bibliothek-zuerich3.jpg);\"><\/div><div class=\"l-section-overlay\" style=\"background:rgba(0,0,0,0.6)\"><\/div><div class=\"l-section-h i-cf\"><div class=\"g-cols vc_row via_flex valign_top type_default stacking_default\"><div class=\"vc_col-sm-12 wpb_column vc_column_container\"><div class=\"vc_column-inner\"><div class=\"wpb_wrapper\"><div class=\"wpb_text_column\"><div class=\"wpb_wrapper\"><h1 class=\"ai-optimize-7\" style=\"text-align: left;\">Votre <strong>avocate \u00e0 Zurich<\/strong><\/h1>\n<p class=\"ai-optimize-8\">\n<\/div><\/div><div class=\"wpb_text_column us_custom_dfddb007\"><div class=\"wpb_wrapper\"><h3 class=\"ai-optimize-9\" style=\"text-align: left;\">Me Salome Balmelli vous repr\u00e9sente de<strong> mani\u00e8re engag\u00e9e et comp\u00e9tente.<\/strong><\/h3>\n<p class=\"ai-optimize-10\">\n<\/div><\/div><\/div><\/div><\/div><\/div><\/div><\/section><section class=\"l-section wpb_row us_custom_a40275d7 height_medium\"><div class=\"l-section-h i-cf\"><div class=\"g-cols vc_row via_flex valign_top type_default stacking_default\"><div class=\"vc_col-sm-4 wpb_column vc_column_container\"><div class=\"vc_column-inner\"><div class=\"wpb_wrapper\"><div class=\"w-person layout_simple\" itemscope itemtype=\"https:\/\/schema.org\/Person\"><div class=\"w-person-image\"><img decoding=\"async\" width=\"600\" height=\"800\" src=\"https:\/\/spuehler.legal\/wp-content\/uploads\/2020\/08\/Salome-Balmelli.jpg\" class=\"attachment-full size-full\" alt=\"Portrait de Salome-Balmelli\" itemprop=\"image\" srcset=\"https:\/\/spuehler.legal\/wp-content\/uploads\/2020\/08\/Salome-Balmelli.jpg 600w, https:\/\/spuehler.legal\/wp-content\/uploads\/2020\/08\/Salome-Balmelli-225x300.jpg 225w\" sizes=\"(max-width: 600px) 100vw, 600px\" \/><\/div><div class=\"w-person-content\"><h4 itemprop=\"name\" class=\"w-person-name\"><span>Salome Balmelli<\/span><\/h4><div class=\"w-person-role\" itemprop=\"jobTitle\">MLaw, avocate<\/div><\/div><\/div><\/div><\/div><\/div><div class=\"vc_col-sm-8 wpb_column vc_column_container\"><div class=\"vc_column-inner\"><div class=\"wpb_wrapper\"><div class=\"wpb_text_column\"><div class=\"wpb_wrapper\"><h2 class=\"ai-optimize-11\">Carri\u00e8re<\/h2>\n<p class=\"ai-optimize-12\">Me Salome Balmelli a obtenu son Bachelor of Arts in International Relations \u00e0 l&rsquo;Universit\u00e9 de Gen\u00e8ve en automne 2012. Elle a ensuite commenc\u00e9 ses \u00e9tudes de droit \u00e0 l&rsquo;Universit\u00e9 de Lucerne et a obtenu le titre de Bachelor of Law (BLaw) en 2014 et de Master of Law (MLaw) en 2015. <\/p>\n<p class=\"ai-optimize-13\">Apr\u00e8s avoir termin\u00e9 ses \u00e9tudes, elle a effectu\u00e9 son stage d&rsquo;avocate dans un cabinet d&rsquo;avocats de la ville de Zurich. Parall\u00e8lement \u00e0 la pr\u00e9paration de l&rsquo;examen d&rsquo;avocat, elle a continu\u00e9 \u00e0 travailler comme assistante juridique et, apr\u00e8s avoir r\u00e9ussi l&rsquo;examen d&rsquo;avocat en juin 2019, comme avocate pour le m\u00eame cabinet d&rsquo;avocats. <\/p>\n<p class=\"ai-optimize-14\">Depuis d\u00e9but ao\u00fbt 2020, Salome Balmelli travaille comme avocate chez Sp\u00fchler Rechtsanw\u00e4lte.<\/p>\n<\/div><\/div><\/div><\/div><\/div><\/div><\/div><\/section><section class=\"l-section wpb_row us_custom_8d5aa4e2 height_small\"><div class=\"l-section-h i-cf\"><div class=\"g-cols vc_row via_flex valign_top type_default stacking_default\"><div class=\"vc_col-sm-4 wpb_column vc_column_container\"><div class=\"vc_column-inner\"><div class=\"wpb_wrapper\"><div class=\"w-iconbox iconpos_top style_outlined color_primary align_center no_text no_title\"><div class=\"w-iconbox-icon\" style=\"font-size:60px;\"><i class=\"fas fa-comments\"><\/i><\/div><div class=\"w-iconbox-meta\"><\/div><\/div><div class=\"w-separator size_custom\" style=\"height:20px\"><\/div><\/div><\/div><\/div><div class=\"vc_col-sm-8 wpb_column vc_column_container\"><div class=\"vc_column-inner\"><div class=\"wpb_wrapper\"><div class=\"g-cols wpb_row via_flex valign_top type_default stacking_default\"><div class=\"vc_col-sm-6 wpb_column vc_column_container\"><div class=\"vc_column-inner us_custom_539f15ee\"><div class=\"wpb_wrapper\"><div class=\"wpb_text_column\"><div class=\"wpb_wrapper\"><h3 class=\"ai-optimize-15\">Connaissances linguistiques<\/h3>\n<p class=\"ai-optimize-16\">&#8211; Allemand (langue maternelle)<br \/>\n&#8211; Italien (2e langue maternelle)<br \/>\n&#8211; Espagnol<br \/>\n&#8211; Fran\u00e7ais<br \/>\n&#8211; Anglais<\/p>\n<\/div><\/div><\/div><\/div><\/div><div class=\"vc_col-sm-6 wpb_column vc_column_container\"><div class=\"vc_column-inner us_custom_539f15ee\"><div class=\"wpb_wrapper\"><div class=\"wpb_text_column\"><div class=\"wpb_wrapper\"><h3 class=\"ai-optimize-17\">Registre des avocats<\/h3>\n<p class=\"ai-optimize-18\">Me Salome Balmelli est inscrite au <a href=\"http:\/\/www.gerichte-zh.ch\/organisation\/obergericht\/kommissionen\/aufsichtskommission-ueber-rechtsanwaelte\/anwaltsregister.html\" target=\"_blank\" rel=\"noopener noreferrer\">registre des avocats du canton de Zurich<\/a> et est habilit\u00e9e \u00e0 repr\u00e9senter professionnellement ses clients devant tous les tribunaux suisses.<\/p>\n<\/div><\/div><\/div><\/div><\/div><\/div><\/div><\/div><\/div><\/div><\/div><\/section><section class=\"l-section wpb_row height_medium color_primary\"><div class=\"l-section-h i-cf\"><div class=\"g-cols vc_row via_flex valign_top type_default stacking_default\"><div class=\"vc_col-sm-4 wpb_column vc_column_container\"><div class=\"vc_column-inner us_custom_289537ba\"><div class=\"wpb_wrapper\"><div class=\"w-iconbox iconpos_top style_outlined color_custom align_center no_text no_title\"><div class=\"w-iconbox-icon\" style=\"font-size:60px;--icon-color:#ffffff;--icon-bg-color:#ffffff;\"><i class=\"fas fa-graduation-cap\"><\/i><\/div><div class=\"w-iconbox-meta\"><\/div><\/div><div class=\"w-separator size_custom\" style=\"height:20px\"><\/div><\/div><\/div><\/div><div class=\"vc_col-sm-8 wpb_column vc_column_container\"><div class=\"vc_column-inner\"><div class=\"wpb_wrapper\"><div class=\"wpb_text_column\"><div class=\"wpb_wrapper\"><h2 class=\"ai-optimize-19\"><strong>Aper\u00e7u <\/strong>de la formation et des activit\u00e9s professionnelles<\/h2>\n<p class=\"ai-optimize-20\"><strong>Depuis ao\u00fbt 2020<br \/>\n<\/strong>Avocate chez Sp\u00fchler Rechtsanw\u00e4lte<\/p>\n<p class=\"ai-optimize-21\"><strong>2019<br \/>\n<\/strong>Avocate dans un cabinet d&rsquo;avocats de la ville de Zurich<\/p>\n<p class=\"ai-optimize-22\"><strong>Juin 2019<\/strong><br \/>\nObtention du brevet d&rsquo;avocat du canton de Zurich<\/p>\n<p class=\"ai-optimize-23\"><strong>2015-2019<\/strong><br \/>\nCollaboratrice juridique dans un cabinet d&rsquo;avocats de la ville de Zurich<\/p>\n<p class=\"ai-optimize-24\"><strong>Septembre 2014 &#8211; ao\u00fbt 2015<br \/>\n<\/strong>Facult\u00e9 de droit de l&rsquo;Universit\u00e9 de Lucerne (Master of Law)<\/p>\n<p class=\"ai-optimize-25\"><strong>Septembre 2012 &#8211; ao\u00fbt 2014<\/strong><br \/>\nFacult\u00e9 de droit de l&rsquo;Universit\u00e9 de Lucerne<strong> (<\/strong>Bachelor of Law)<\/p>\n<p class=\"ai-optimize-26\"><strong>Septembre 2009 &#8211; septembre 2012<br \/>\n<\/strong>Facult\u00e9 des sciences \u00e9conomiques et sociales de l&rsquo;Universit\u00e9 de Gen\u00e8ve (Baccalaur\u00e9at universitaire en relations internationales)<strong><br \/>\n<\/strong><\/p>\n<\/div><\/div><\/div><\/div><\/div><\/div><\/div><\/section><section class=\"l-section wpb_row height_medium\"><div class=\"l-section-h i-cf\"><div class=\"g-cols vc_row via_flex valign_top type_default stacking_default\"><div class=\"vc_col-sm-4 wpb_column vc_column_container\"><div class=\"vc_column-inner\"><div class=\"wpb_wrapper\"><div class=\"w-iconbox iconpos_top style_outlined color_primary align_center no_text no_title\"><div class=\"w-iconbox-icon\" style=\"font-size:60px;\"><i class=\"fas fa-id-card\"><\/i><\/div><div class=\"w-iconbox-meta\"><\/div><\/div><div class=\"w-separator size_custom\" style=\"height:20px\"><\/div><\/div><\/div><\/div><div class=\"vc_col-sm-8 wpb_column vc_column_container\"><div class=\"vc_column-inner\"><div class=\"wpb_wrapper\"><div class=\"g-cols wpb_row via_flex valign_top type_default stacking_default\"><div class=\"vc_col-sm-6 wpb_column vc_column_container\"><div class=\"vc_column-inner us_custom_539f15ee\"><div class=\"wpb_wrapper\"><div class=\"wpb_text_column\"><div class=\"wpb_wrapper\"><h3 class=\"ai-optimize-27\">Affiliations<\/h3>\n<p class=\"ai-optimize-28\">&#8211; <a href=\"http:\/\/www.sav-fsa.ch\/\" target=\"_blank\" rel=\"noopener noreferrer\">Association suisse des avocats<br \/>\n<\/a>&#8211; <a href=\"https:\/\/www.zav.ch\/\" target=\"_blank\" rel=\"noopener noreferrer\">Association zurichoise des avocats<br \/>\n<\/a>&#8211; <a href=\"https:\/\/www.djs-jds.ch\/\">Juristes d\u00e9mocrates<\/a><br \/>\n&#8211; <a href=\"http:\/\/www.pikett-strafverteidigung.ch\/\" target=\"_blank\" rel=\"noopener noreferrer\">Piquet D\u00e9fense p\u00e9nale<\/a><\/p>\n<\/div><\/div><\/div><\/div><\/div><div class=\"vc_col-sm-6 wpb_column vc_column_container\"><div class=\"vc_column-inner us_custom_539f15ee\"><div class=\"wpb_wrapper\"><div class=\"wpb_text_column\"><div class=\"wpb_wrapper\"><h3 class=\"ai-optimize-29\">Contact<\/h3>\n<p class=\"ai-optimize-30\">\n<\/div><\/div><div class=\"w-socials us_custom_a5c88937 color_text shape_rounded style_outlined hover_fade\" style=\"--gap:5px;\"><div class=\"w-socials-list\"><div class=\"w-socials-item facebook\"><a target=\"_blank\" rel=\"nofollow\" href=\"https:\/\/www.facebook.com\/spuehler.legal\" class=\"w-socials-item-link\" aria-label=\"Facebook\"><span class=\"w-socials-item-link-hover\"><\/span><i class=\"fab fa-facebook\"><\/i><\/a><div class=\"w-socials-item-popup\"><span>Facebook<\/span><\/div><\/div><\/div><\/div><div class=\"w-separator size_custom\" style=\"height:25px\"><\/div><div class=\"w-iconbox iconpos_left style_default color_contrast align_left no_text\"><a href=\"tel:+41433440505\" class=\"w-iconbox-link\" aria-label=\"+41 43 344 05 05\"><div class=\"w-iconbox-icon\" style=\"font-size:1.3em;\"><i class=\"fas fa-phone\"><\/i><\/div><\/a><div class=\"w-iconbox-meta\"><div class=\"w-iconbox-title\"><a href=\"tel:+41433440505\" class=\"w-iconbox-link\" aria-label=\"+41 43 344 05 05\">+41 43 344 05 05<\/a><\/div><\/div><\/div><div class=\"w-separator size_custom\" style=\"height:16px\"><\/div><div class=\"w-iconbox iconpos_left style_default color_contrast align_left no_text\"><a title=\"\u00c9crire un e-mail \u00e0 Rechtsanw\u00e4ltin Salome Balmelli\" href=\"mailto:sb@spuehler.legal\" class=\"w-iconbox-link\" aria-label=\"SB@spuehler.legal\"><div class=\"w-iconbox-icon\" style=\"font-size:1.3em;\"><i class=\"fas fa-envelope\"><\/i><\/div><\/a><div class=\"w-iconbox-meta\"><div class=\"w-iconbox-title\"><a title=\"\u00c9crire un e-mail \u00e0 Rechtsanw\u00e4ltin Salome Balmelli\" href=\"mailto:sb@spuehler.legal\" class=\"w-iconbox-link\" aria-label=\"SB@spuehler.legal\">SB@spuehler.legal<\/a><\/div><\/div><\/div><div class=\"w-separator size_custom\" style=\"height:16px\"><\/div><div class=\"w-btn-wrapper align_none\"><a class=\"w-btn us-btn-style_1 icon_atleft\" title=\"R\u00e9server un rendez-vous\" href=\"https:\/\/spuehler.legal\/fr\/rendez-vous\/\"><i class=\"fas fa-calendar-check\"><\/i><span class=\"w-btn-label\">R\u00e9server un rendez-vous<\/span><\/a><\/div><\/div><\/div><\/div><\/div><\/div><\/div><\/div><\/div><\/div><\/section>\n","protected":false},"excerpt":{"rendered":"Votre avocate \u00e0 Zurich Me Salome Balmelli vous repr\u00e9sente de mani\u00e8re engag\u00e9e et comp\u00e9tente. Salome BalmelliMLaw, avocate Carri\u00e8re Me Salome Balmelli a obtenu son Bachelor of Arts in International Relations \u00e0 l&rsquo;Universit\u00e9 de Gen\u00e8ve en automne 2012. Elle a ensuite commenc\u00e9 ses \u00e9tudes de droit \u00e0 l&rsquo;Universit\u00e9 de Lucerne et a obtenu le titre de...","protected":false},"author":1,"featured_media":0,"parent":0,"menu_order":0,"comment_status":"closed","ping_status":"closed","template":"","meta":{"footnotes":""},"class_list":["post-3431","page","type-page","status-publish","hentry"],"yoast_head":"<!-- This site is optimized with the Yoast SEO Premium plugin v27.4 (Yoast SEO v27.4) - https:\/\/yoast.com\/product\/yoast-seo-premium-wordpress\/ -->\n<title>Avocate Salome Balmelli (Zurich) - Sp\u00fchler Rechtsanw\u00e4lte AG<\/title>\n<meta name=\"description\" content=\"En savoir plus sur Ma\u00eetre Salome Balmelli (Zurich), qui a une grande exp\u00e9rience juridique + des comp\u00e9tences linguistiques\" \/>\n<meta name=\"robots\" content=\"index, follow, max-snippet:-1, max-image-preview:large, max-video-preview:-1\" \/>\n<link rel=\"canonical\" href=\"https:\/\/spuehler.legal\/fr\/salome-balmelli\/\" \/>\n<meta property=\"og:locale\" content=\"fr_FR\" \/>\n<meta property=\"og:type\" content=\"article\" \/>\n<meta property=\"og:title\" content=\"Salome Balmelli\" \/>\n<meta property=\"og:description\" content=\"En savoir plus sur Ma\u00eetre Salome Balmelli (Zurich), qui a une grande exp\u00e9rience juridique + des comp\u00e9tences linguistiques\" \/>\n<meta property=\"og:url\" content=\"https:\/\/spuehler.legal\/fr\/salome-balmelli\/\" \/>\n<meta property=\"og:site_name\" content=\"Sp\u00fchler Rechtsanw\u00e4lte AG\" \/>\n<meta property=\"article:publisher\" content=\"https:\/\/www.facebook.com\/spuehler.legal\" \/>\n<meta property=\"article:modified_time\" content=\"2025-06-15T09:09:33+00:00\" \/>\n<meta name=\"twitter:card\" content=\"summary_large_image\" \/>\n<meta name=\"twitter:label1\" content=\"Dur\u00e9e de lecture estim\u00e9e\" \/>\n\t<meta name=\"twitter:data1\" content=\"4 minutes\" \/>\n<script type=\"application\/ld+json\" class=\"yoast-schema-graph\">{\"@context\":\"https:\\\/\\\/schema.org\",\"@graph\":[{\"@type\":\"WebPage\",\"@id\":\"https:\\\/\\\/spuehler.legal\\\/fr\\\/salome-balmelli\\\/\",\"url\":\"https:\\\/\\\/spuehler.legal\\\/fr\\\/salome-balmelli\\\/\",\"name\":\"Avocate Salome Balmelli (Zurich) - Sp\u00fchler Rechtsanw\u00e4lte AG\",\"isPartOf\":{\"@id\":\"https:\\\/\\\/spuehler.legal\\\/fr\\\/#website\"},\"datePublished\":\"2022-06-20T13:06:43+00:00\",\"dateModified\":\"2025-06-15T09:09:33+00:00\",\"description\":\"En savoir plus sur Ma\u00eetre Salome Balmelli (Zurich), qui a une grande exp\u00e9rience juridique + des comp\u00e9tences linguistiques\",\"breadcrumb\":{\"@id\":\"https:\\\/\\\/spuehler.legal\\\/fr\\\/salome-balmelli\\\/#breadcrumb\"},\"inLanguage\":\"fr-FR\",\"potentialAction\":[{\"@type\":\"ReadAction\",\"target\":[\"https:\\\/\\\/spuehler.legal\\\/fr\\\/salome-balmelli\\\/\"]}]},{\"@type\":\"BreadcrumbList\",\"@id\":\"https:\\\/\\\/spuehler.legal\\\/fr\\\/salome-balmelli\\\/#breadcrumb\",\"itemListElement\":[{\"@type\":\"ListItem\",\"position\":1,\"name\":\"Startseite\",\"item\":\"https:\\\/\\\/spuehler.legal\\\/fr\\\/accueil\\\/\"},{\"@type\":\"ListItem\",\"position\":2,\"name\":\"Salome Balmelli\"}]},{\"@type\":\"WebSite\",\"@id\":\"https:\\\/\\\/spuehler.legal\\\/fr\\\/#website\",\"url\":\"https:\\\/\\\/spuehler.legal\\\/fr\\\/\",\"name\":\"Sp\u00fchler Rechtsanw\u00e4lte AG\",\"description\":\"Rechtsberatung und Rechtsvertretung in allen Lebenslagen\",\"publisher\":{\"@id\":\"https:\\\/\\\/spuehler.legal\\\/fr\\\/#organization\"},\"potentialAction\":[{\"@type\":\"SearchAction\",\"target\":{\"@type\":\"EntryPoint\",\"urlTemplate\":\"https:\\\/\\\/spuehler.legal\\\/fr\\\/?s={search_term_string}\"},\"query-input\":{\"@type\":\"PropertyValueSpecification\",\"valueRequired\":true,\"valueName\":\"search_term_string\"}}],\"inLanguage\":\"fr-FR\"},{\"@type\":\"Organization\",\"@id\":\"https:\\\/\\\/spuehler.legal\\\/fr\\\/#organization\",\"name\":\"Sp\u00fchler Rechtsanw\u00e4lte AG\",\"url\":\"https:\\\/\\\/spuehler.legal\\\/fr\\\/\",\"logo\":{\"@type\":\"ImageObject\",\"inLanguage\":\"fr-FR\",\"@id\":\"https:\\\/\\\/spuehler.legal\\\/fr\\\/#\\\/schema\\\/logo\\\/image\\\/\",\"url\":\"https:\\\/\\\/spuehler.legal\\\/wp-content\\\/uploads\\\/2020\\\/08\\\/logo-spuehler-rechtsanwaelte.png\",\"contentUrl\":\"https:\\\/\\\/spuehler.legal\\\/wp-content\\\/uploads\\\/2020\\\/08\\\/logo-spuehler-rechtsanwaelte.png\",\"width\":898,\"height\":259,\"caption\":\"Sp\u00fchler Rechtsanw\u00e4lte AG\"},\"image\":{\"@id\":\"https:\\\/\\\/spuehler.legal\\\/fr\\\/#\\\/schema\\\/logo\\\/image\\\/\"},\"sameAs\":[\"https:\\\/\\\/www.facebook.com\\\/spuehler.legal\",\"https:\\\/\\\/www.linkedin.com\\\/in\\\/fspuehler\\\/\"],\"description\":\"Die Anwaltskanzlei Sp\u00fchler Rechtsanw\u00e4lte AG ist beratend und prozessierend t\u00e4tig. Sie vertritt Privatpersonen sowie kleine und mittlere Unternehmen (KMU) in nationalen und internationalen Sachverhalten. Durch die breite Ausrichtung der Kanzlei ist eine ganzheitliche Beratung m\u00f6glich, welche auf Deutsch, Englisch, Spanisch, Franz\u00f6sisch, Italienisch oder Portugiesisch stattfindet. Kontaktieren Sie Ihre Anw\u00e4ltin oder Ihren Anwalt in Z\u00fcrich!\",\"email\":\"info@spuehler.legal\",\"telephone\":\"+41433440505\",\"legalName\":\"Sp\u00fchler Rechtsanw\u00e4lte AG\",\"foundingDate\":\"2018-01-01\",\"vatID\":\"CHE-431.484.624\",\"numberOfEmployees\":{\"@type\":\"QuantitativeValue\",\"minValue\":\"1\",\"maxValue\":\"10\"}}]}<\/script>\n<!-- \/ Yoast SEO Premium plugin. -->","yoast_head_json":{"title":"Avocate Salome Balmelli (Zurich) - Sp\u00fchler Rechtsanw\u00e4lte AG","description":"En savoir plus sur Ma\u00eetre Salome Balmelli (Zurich), qui a une grande exp\u00e9rience juridique + des comp\u00e9tences linguistiques","robots":{"index":"index","follow":"follow","max-snippet":"max-snippet:-1","max-image-preview":"max-image-preview:large","max-video-preview":"max-video-preview:-1"},"canonical":"https:\/\/spuehler.legal\/fr\/salome-balmelli\/","og_locale":"fr_FR","og_type":"article","og_title":"Salome Balmelli","og_description":"En savoir plus sur Ma\u00eetre Salome Balmelli (Zurich), qui a une grande exp\u00e9rience juridique + des comp\u00e9tences linguistiques","og_url":"https:\/\/spuehler.legal\/fr\/salome-balmelli\/","og_site_name":"Sp\u00fchler Rechtsanw\u00e4lte AG","article_publisher":"https:\/\/www.facebook.com\/spuehler.legal","article_modified_time":"2025-06-15T09:09:33+00:00","twitter_card":"summary_large_image","twitter_misc":{"Dur\u00e9e de lecture estim\u00e9e":"4 minutes"},"schema":{"@context":"https:\/\/schema.org","@graph":[{"@type":"WebPage","@id":"https:\/\/spuehler.legal\/fr\/salome-balmelli\/","url":"https:\/\/spuehler.legal\/fr\/salome-balmelli\/","name":"Avocate Salome Balmelli (Zurich) - Sp\u00fchler Rechtsanw\u00e4lte AG","isPartOf":{"@id":"https:\/\/spuehler.legal\/fr\/#website"},"datePublished":"2022-06-20T13:06:43+00:00","dateModified":"2025-06-15T09:09:33+00:00","description":"En savoir plus sur Ma\u00eetre Salome Balmelli (Zurich), qui a une grande exp\u00e9rience juridique + des comp\u00e9tences linguistiques","breadcrumb":{"@id":"https:\/\/spuehler.legal\/fr\/salome-balmelli\/#breadcrumb"},"inLanguage":"fr-FR","potentialAction":[{"@type":"ReadAction","target":["https:\/\/spuehler.legal\/fr\/salome-balmelli\/"]}]},{"@type":"BreadcrumbList","@id":"https:\/\/spuehler.legal\/fr\/salome-balmelli\/#breadcrumb","itemListElement":[{"@type":"ListItem","position":1,"name":"Startseite","item":"https:\/\/spuehler.legal\/fr\/accueil\/"},{"@type":"ListItem","position":2,"name":"Salome Balmelli"}]},{"@type":"WebSite","@id":"https:\/\/spuehler.legal\/fr\/#website","url":"https:\/\/spuehler.legal\/fr\/","name":"Sp\u00fchler Rechtsanw\u00e4lte AG","description":"Rechtsberatung und Rechtsvertretung in allen Lebenslagen","publisher":{"@id":"https:\/\/spuehler.legal\/fr\/#organization"},"potentialAction":[{"@type":"SearchAction","target":{"@type":"EntryPoint","urlTemplate":"https:\/\/spuehler.legal\/fr\/?s={search_term_string}"},"query-input":{"@type":"PropertyValueSpecification","valueRequired":true,"valueName":"search_term_string"}}],"inLanguage":"fr-FR"},{"@type":"Organization","@id":"https:\/\/spuehler.legal\/fr\/#organization","name":"Sp\u00fchler Rechtsanw\u00e4lte AG","url":"https:\/\/spuehler.legal\/fr\/","logo":{"@type":"ImageObject","inLanguage":"fr-FR","@id":"https:\/\/spuehler.legal\/fr\/#\/schema\/logo\/image\/","url":"https:\/\/spuehler.legal\/wp-content\/uploads\/2020\/08\/logo-spuehler-rechtsanwaelte.png","contentUrl":"https:\/\/spuehler.legal\/wp-content\/uploads\/2020\/08\/logo-spuehler-rechtsanwaelte.png","width":898,"height":259,"caption":"Sp\u00fchler Rechtsanw\u00e4lte AG"},"image":{"@id":"https:\/\/spuehler.legal\/fr\/#\/schema\/logo\/image\/"},"sameAs":["https:\/\/www.facebook.com\/spuehler.legal","https:\/\/www.linkedin.com\/in\/fspuehler\/"],"description":"Die Anwaltskanzlei Sp\u00fchler Rechtsanw\u00e4lte AG ist beratend und prozessierend t\u00e4tig. Sie vertritt Privatpersonen sowie kleine und mittlere Unternehmen (KMU) in nationalen und internationalen Sachverhalten. Durch die breite Ausrichtung der Kanzlei ist eine ganzheitliche Beratung m\u00f6glich, welche auf Deutsch, Englisch, Spanisch, Franz\u00f6sisch, Italienisch oder Portugiesisch stattfindet. Kontaktieren Sie Ihre Anw\u00e4ltin oder Ihren Anwalt in Z\u00fcrich!","email":"info@spuehler.legal","telephone":"+41433440505","legalName":"Sp\u00fchler Rechtsanw\u00e4lte AG","foundingDate":"2018-01-01","vatID":"CHE-431.484.624","numberOfEmployees":{"@type":"QuantitativeValue","minValue":"1","maxValue":"10"}}]}},"_links":{"self":[{"href":"https:\/\/spuehler.legal\/fr\/wp-json\/wp\/v2\/pages\/3431","targetHints":{"allow":["GET"]}}],"collection":[{"href":"https:\/\/spuehler.legal\/fr\/wp-json\/wp\/v2\/pages"}],"about":[{"href":"https:\/\/spuehler.legal\/fr\/wp-json\/wp\/v2\/types\/page"}],"author":[{"embeddable":true,"href":"https:\/\/spuehler.legal\/fr\/wp-json\/wp\/v2\/users\/1"}],"replies":[{"embeddable":true,"href":"https:\/\/spuehler.legal\/fr\/wp-json\/wp\/v2\/comments?post=3431"}],"version-history":[{"count":7,"href":"https:\/\/spuehler.legal\/fr\/wp-json\/wp\/v2\/pages\/3431\/revisions"}],"predecessor-version":[{"id":6829,"href":"https:\/\/spuehler.legal\/fr\/wp-json\/wp\/v2\/pages\/3431\/revisions\/6829"}],"wp:attachment":[{"href":"https:\/\/spuehler.legal\/fr\/wp-json\/wp\/v2\/media?parent=3431"}],"curies":[{"name":"wp","href":"https:\/\/api.w.org\/{rel}","templated":true}]}}