{"id":6703,"date":"2025-06-15T10:52:43","date_gmt":"2025-06-15T08:52:43","guid":{"rendered":"https:\/\/spuehler.legal\/derecho-laboral\/"},"modified":"2025-06-15T10:52:46","modified_gmt":"2025-06-15T08:52:46","slug":"derecho-laboral","status":"publish","type":"page","link":"https:\/\/spuehler.legal\/es\/derecho-laboral\/","title":{"rendered":"Derecho laboral"},"content":{"rendered":"<section class=\"l-section wpb_row height_large color_primary with_img\"><div class=\"l-section-img\" role=\"img\" aria-label=\"Imagen\" data-img-width=\"2560\" data-img-height=\"834\" style=\"background-image: url(https:\/\/spuehler.legal\/wp-content\/uploads\/2025\/06\/anwalt-arbeitrecht-zuerich-scaled.jpg);background-position: top center;\"><\/div><div class=\"l-section-overlay\" style=\"background:rgba(0,0,0,0.6)\"><\/div><div class=\"l-section-h i-cf\"><div class=\"g-cols vc_row via_flex valign_top type_default stacking_default\"><div class=\"vc_col-sm-12 wpb_column vc_column_container\"><div class=\"vc_column-inner\"><div class=\"wpb_wrapper\"><div class=\"wpb_text_column\"><div class=\"wpb_wrapper\"><h1 class=\"ai-optimize-7\" style=\"text-align: left;\">Abogado de <strong>derecho laboral en Z\u00farich<\/strong><\/h1>\n<p class=\"ai-optimize-7\">\n<\/div><\/div><div class=\"wpb_text_column us_custom_dfddb007\"><div class=\"wpb_wrapper\"><h3 class=\"ai-optimize-9\" data-pm-slice=\"1 1 &#091;&#093;\">\u00bfNo tiene claros sus derechos y obligaciones? Haga <strong>revisar<\/strong> su <strong>contrato de trabajo.<\/strong> <\/h3>\n<p class=\"ai-optimize-8\">\n<\/div><\/div><\/div><\/div><\/div><\/div><\/div><\/section><section class=\"l-section wpb_row height_medium\"><div class=\"l-section-h i-cf\"><div class=\"g-cols vc_row via_flex valign_top type_default stacking_default\"><div class=\"vc_col-sm-12 wpb_column vc_column_container\"><div class=\"vc_column-inner\"><div class=\"wpb_wrapper\"><div class=\"wpb_text_column\"><div class=\"wpb_wrapper\"><h2 class=\"ai-optimize-9\" data-pm-slice=\"1 1 &#091;&#093;\"><span><strong>Derecho laboral &#8211; claridad y protecci\u00f3n en la relaci\u00f3n laboral<\/strong><\/span><\/h2>\n<p class=\"ai-optimize-10\">\n<\/div><\/div><div class=\"w-separator size_small\"><\/div><div class=\"g-cols wpb_row via_flex valign_top type_default reversed stacking_default\"><div class=\"vc_col-sm-6 wpb_column vc_column_container\"><div class=\"vc_column-inner\"><div class=\"wpb_wrapper\"><div class=\"w-image has_ratio align_none\"><div class=\"w-image-h\"><div style=\"padding-bottom:100%\"><\/div><img decoding=\"async\" width=\"1024\" height=\"1024\" src=\"https:\/\/spuehler.legal\/wp-content\/uploads\/2025\/06\/anwalt-arbeitsvertrag-zuerich-1024x1024.jpg\" class=\"attachment-large size-large\" alt=\"\" loading=\"lazy\" \/><\/div><\/div><\/div><\/div><\/div><div class=\"vc_col-sm-6 wpb_column vc_column_container\"><div class=\"vc_column-inner\"><div class=\"wpb_wrapper\"><div class=\"wpb_text_column\"><div class=\"wpb_wrapper\"><p class=\"ai-optimize-365\" data-pm-slice=\"1 1 &#091;&#093;\"><span>La legislaci\u00f3n laboral regula los derechos y obligaciones de empleados y empleadores: desde la celebraci\u00f3n de contratos hasta el pago continuado de salarios, horas de trabajo, vacaciones, enfermedad y despido, pasando por los litigios ante los tribunales. En la vida cotidiana, pueden surgir r\u00e1pidamente incertidumbres jur\u00eddicas en relaci\u00f3n con un contrato de trabajo que requieran la intervenci\u00f3n de un abogado. \u00bfCu\u00e1ndo puede rescindirse una relaci\u00f3n laboral sin previo aviso? \u00bfHay que seguir pagando el salario en caso de enfermedad o accidente? \u00bfQu\u00e9 hacer en caso de intimidaci\u00f3n, acoso sexual, despido improcedente o impago de salarios?    <\/span><\/p>\n<p class=\"ai-optimize-366\"><span>En el derecho laboral en particular, es crucial estar al tanto de los plazos y actuar a tiempo. Sp\u00fchler Rechtsanw\u00e4lte AG asesora a trabajadores y empresarios en todas las cuestiones de derecho laboral. Ofrecemos apoyo en la redacci\u00f3n de contratos, resoluci\u00f3n de conflictos y representaci\u00f3n ante autoridades arbitrales y tribunales.  <\/span><\/p>\n<p class=\"ai-optimize-11\">\n<\/div><\/div><\/div><\/div><\/div><\/div><\/div><\/div><\/div><\/div><\/div><\/section><section class=\"l-section wpb_row height_medium\"><div class=\"l-section-h i-cf\"><div class=\"g-cols vc_row via_flex valign_top type_default stacking_default\"><div class=\"vc_col-sm-12 wpb_column vc_column_container\"><div class=\"vc_column-inner\"><div class=\"wpb_wrapper\"><div class=\"wpb_text_column\"><div class=\"wpb_wrapper\"><h2 class=\"ai-optimize-17\">FAQ &#8211; Preguntas frecuentes <strong>sobre derecho laboral y contratos de trabajo<\/strong><\/h2>\n<p class=\"ai-optimize-12\">\n<\/div><\/div><div class=\"w-tabs style_default switch_click accordion type_togglable has_scrolling\" style=\"--sections-title-size:inherit\"><div class=\"w-tabs-sections titles-align_none icon_chevron cpos_right\"><div class=\"w-tabs-section\" id=\"1514906054235-ddcee7ae-22e7\" itemscope itemprop=\"mainEntity\" itemtype=\"https:\/\/schema.org\/Question\"><button class=\"w-tabs-section-header with_icon\" aria-controls=\"content-1514906054235-ddcee7ae-22e7\" aria-expanded=\"false\"><i class=\"fas fa-question-circle\"><\/i><h4 class=\"w-tabs-section-title\" itemprop=\"name\">\u00bfDebe celebrarse por escrito un contrato de trabajo?<\/h4><div class=\"w-tabs-section-control\"><\/div><\/button><div  class=\"w-tabs-section-content\" id=\"content-1514906054235-ddcee7ae-22e7\" itemscope itemprop=\"acceptedAnswer\" itemtype=\"https:\/\/schema.org\/Answer\"><div class=\"w-tabs-section-content-h i-cf\" itemprop=\"text\"><div class=\"g-cols wpb_row via_flex valign_top type_default stacking_default\"><div class=\"vc_col-sm-12 wpb_column vc_column_container\"><div class=\"vc_column-inner\"><div class=\"wpb_wrapper\"><div class=\"wpb_text_column\"><div class=\"wpb_wrapper\"><p class=\"ai-optimize-13\" data-pm-slice=\"1 1 &#091;&#093;\"><span>No, la ley no exige una forma escrita. Un contrato de trabajo verbal o impl\u00edcito es v\u00e1lido. Sin embargo, los contratos de trabajo por escrito son habituales y recomendables por razones de prueba.  <\/span><\/p>\n<p class=\"ai-optimize-14\">\n<\/div><\/div><\/div><\/div><\/div><\/div><\/div><\/div><\/div><div class=\"w-tabs-section\" id=\"1514906054271-8f4647e7-246e\" itemscope itemprop=\"mainEntity\" itemtype=\"https:\/\/schema.org\/Question\"><button class=\"w-tabs-section-header with_icon\" aria-controls=\"content-1514906054271-8f4647e7-246e\" aria-expanded=\"false\"><i class=\"fas fa-question-circle\"><\/i><h4 class=\"w-tabs-section-title\" itemprop=\"name\">\u00bfTengo derecho a un salario en caso de enfermedad o accidente?<\/h4><div class=\"w-tabs-section-control\"><\/div><\/button><div  class=\"w-tabs-section-content\" id=\"content-1514906054271-8f4647e7-246e\" itemscope itemprop=\"acceptedAnswer\" itemtype=\"https:\/\/schema.org\/Answer\"><div class=\"w-tabs-section-content-h i-cf\" itemprop=\"text\"><div class=\"g-cols wpb_row via_flex valign_top type_default stacking_default\"><div class=\"vc_col-sm-12 wpb_column vc_column_container\"><div class=\"vc_column-inner\"><div class=\"wpb_wrapper\"><div class=\"wpb_text_column\"><div class=\"wpb_wrapper\"><p class=\"ai-optimize-15\" data-pm-slice=\"1 1 &#091;&#093;\"><span>S\u00ed, en caso de enfermedad, se aplica o bien la obligaci\u00f3n legal de continuar percibiendo el salario (en funci\u00f3n de los a\u00f1os de servicio) o bien el seguro diario de enfermedad. En caso de accidente, suele hacerse cargo el seguro obligatorio de accidentes (UVG).  <\/span><\/p>\n<p class=\"ai-optimize-16\">\n<\/div><\/div><\/div><\/div><\/div><\/div><\/div><\/div><\/div><div class=\"w-tabs-section\" id=\"1514906054271-8f4647e7-246e\" itemscope itemprop=\"mainEntity\" itemtype=\"https:\/\/schema.org\/Question\"><button class=\"w-tabs-section-header with_icon\" aria-controls=\"content-1514906054271-8f4647e7-246e\" aria-expanded=\"false\"><i class=\"fas fa-question-circle\"><\/i><h4 class=\"w-tabs-section-title\" itemprop=\"name\">\u00bfA cu\u00e1ntos d\u00edas de vacaciones tengo derecho legalmente?<\/h4><div class=\"w-tabs-section-control\"><\/div><\/button><div  class=\"w-tabs-section-content\" id=\"content-1514906054271-8f4647e7-246e\" itemscope itemprop=\"acceptedAnswer\" itemtype=\"https:\/\/schema.org\/Answer\"><div class=\"w-tabs-section-content-h i-cf\" itemprop=\"text\"><div class=\"g-cols wpb_row via_flex valign_top type_default stacking_default\"><div class=\"vc_col-sm-12 wpb_column vc_column_container\"><div class=\"vc_column-inner\"><div class=\"wpb_wrapper\"><div class=\"wpb_text_column\"><div class=\"wpb_wrapper\"><p class=\"ai-optimize-introduction ai-optimize-17\" data-pm-slice=\"1 1 &#091;&#093;\"><span>Al menos cuatro semanas al a\u00f1o, cinco semanas para los j\u00f3venes menores de 20 a\u00f1os. Las desviaciones al alza son posibles por contrato o CCT, pero no a la baja. <\/span><\/p>\n<p class=\"ai-optimize-18\">\n<\/div><\/div><\/div><\/div><\/div><\/div><\/div><\/div><\/div><div class=\"w-tabs-section\" id=\"1514906054271-8f4647e7-246e\" itemscope itemprop=\"mainEntity\" itemtype=\"https:\/\/schema.org\/Question\"><button class=\"w-tabs-section-header with_icon\" aria-controls=\"content-1514906054271-8f4647e7-246e\" aria-expanded=\"false\"><i class=\"fas fa-question-circle\"><\/i><h4 class=\"w-tabs-section-title\" itemprop=\"name\">\u00bfCu\u00e1ndo es admisible la rescisi\u00f3n sin preaviso?<\/h4><div class=\"w-tabs-section-control\"><\/div><\/button><div  class=\"w-tabs-section-content\" id=\"content-1514906054271-8f4647e7-246e\" itemscope itemprop=\"acceptedAnswer\" itemtype=\"https:\/\/schema.org\/Answer\"><div class=\"w-tabs-section-content-h i-cf\" itemprop=\"text\"><div class=\"g-cols wpb_row via_flex valign_top type_default stacking_default\"><div class=\"vc_col-sm-12 wpb_column vc_column_container\"><div class=\"vc_column-inner\"><div class=\"wpb_wrapper\"><div class=\"wpb_text_column\"><div class=\"wpb_wrapper\"><p class=\"ai-optimize-introduction ai-optimize-19\" data-pm-slice=\"1 1 &#091;&#093;\"><span>S\u00f3lo por motivos graves, por ejemplo, robo, violencia o un grave abuso de confianza. Un \u00fanico caso de mal comportamiento no suele ser suficiente.<\/span><\/p>\n<p class=\"ai-optimize-20\">\n<\/div><\/div><\/div><\/div><\/div><\/div><\/div><\/div><\/div><div class=\"w-tabs-section\" id=\"1514906054271-8f4647e7-246e\" itemscope itemprop=\"mainEntity\" itemtype=\"https:\/\/schema.org\/Question\"><button class=\"w-tabs-section-header with_icon\" aria-controls=\"content-1514906054271-8f4647e7-246e\" aria-expanded=\"false\"><i class=\"fas fa-question-circle\"><\/i><h4 class=\"w-tabs-section-title\" itemprop=\"name\">\u00bfQu\u00e9 significa una cancelaci\u00f3n durante un periodo de bloqueo?<\/h4><div class=\"w-tabs-section-control\"><\/div><\/button><div  class=\"w-tabs-section-content\" id=\"content-1514906054271-8f4647e7-246e\" itemscope itemprop=\"acceptedAnswer\" itemtype=\"https:\/\/schema.org\/Answer\"><div class=\"w-tabs-section-content-h i-cf\" itemprop=\"text\"><div class=\"g-cols wpb_row via_flex valign_top type_default stacking_default\"><div class=\"vc_col-sm-12 wpb_column vc_column_container\"><div class=\"vc_column-inner\"><div class=\"wpb_wrapper\"><div class=\"wpb_text_column\"><div class=\"wpb_wrapper\"><p class=\"ai-optimize-21\" data-pm-slice=\"1 1 &#091;&#093;\"><span>Los despidos son nulos durante ciertos periodos de bloqueo (por ejemplo, en caso de enfermedad, accidente, embarazo o servicio militar). En este caso, la relaci\u00f3n laboral contin\u00faa como si nunca se hubiera dado el preaviso de despido. <\/span><\/p>\n<p class=\"ai-optimize-22\">\n<\/div><\/div><\/div><\/div><\/div><\/div><\/div><\/div><\/div><div class=\"w-tabs-section\" id=\"1514906054271-8f4647e7-246e\" itemscope itemprop=\"mainEntity\" itemtype=\"https:\/\/schema.org\/Question\"><button class=\"w-tabs-section-header with_icon\" aria-controls=\"content-1514906054271-8f4647e7-246e\" aria-expanded=\"false\"><i class=\"fas fa-question-circle\"><\/i><h4 class=\"w-tabs-section-title\" itemprop=\"name\">\u00bfPuede rescindirse prematuramente un contrato de trabajo de duraci\u00f3n determinada?<\/h4><div class=\"w-tabs-section-control\"><\/div><\/button><div  class=\"w-tabs-section-content\" id=\"content-1514906054271-8f4647e7-246e\" itemscope itemprop=\"acceptedAnswer\" itemtype=\"https:\/\/schema.org\/Answer\"><div class=\"w-tabs-section-content-h i-cf\" itemprop=\"text\"><div class=\"g-cols wpb_row via_flex valign_top type_default stacking_default\"><div class=\"vc_col-sm-12 wpb_column vc_column_container\"><div class=\"vc_column-inner\"><div class=\"wpb_wrapper\"><div class=\"wpb_text_column\"><div class=\"wpb_wrapper\"><p class=\"ai-optimize-introduction ai-optimize-23\" data-pm-slice=\"1 1 &#091;&#093;\"><span>S\u00f3lo por causa justificada. Sin una raz\u00f3n extraordinaria para la cancelaci\u00f3n, un contrato de duraci\u00f3n determinada estar\u00e1 vigente hasta la fecha de finalizaci\u00f3n acordada. <\/span><\/p>\n<p class=\"ai-optimize-24\">\n<\/div><\/div><\/div><\/div><\/div><\/div><\/div><\/div><\/div><div class=\"w-tabs-section\" id=\"1514906054271-8f4647e7-246e\" itemscope itemprop=\"mainEntity\" itemtype=\"https:\/\/schema.org\/Question\"><button class=\"w-tabs-section-header with_icon\" aria-controls=\"content-1514906054271-8f4647e7-246e\" aria-expanded=\"false\"><i class=\"fas fa-question-circle\"><\/i><h4 class=\"w-tabs-section-title\" itemprop=\"name\">\u00bfTengo derecho a las referencias de un empleador?<\/h4><div class=\"w-tabs-section-control\"><\/div><\/button><div  class=\"w-tabs-section-content\" id=\"content-1514906054271-8f4647e7-246e\" itemscope itemprop=\"acceptedAnswer\" itemtype=\"https:\/\/schema.org\/Answer\"><div class=\"w-tabs-section-content-h i-cf\" itemprop=\"text\"><div class=\"g-cols wpb_row via_flex valign_top type_default stacking_default\"><div class=\"vc_col-sm-12 wpb_column vc_column_container\"><div class=\"vc_column-inner\"><div class=\"wpb_wrapper\"><div class=\"wpb_text_column\"><div class=\"wpb_wrapper\"><p class=\"ai-optimize-25\" data-pm-slice=\"1 1 &#091;&#093;\"><span>S\u00ed, tiene derecho a una referencia provisional o al t\u00e9rmino de su relaci\u00f3n laboral en cualquier momento. Debe ser favorable, veraz y completa. Si hay discrepancias, puede solicitar una rectificaci\u00f3n o emprender acciones legales.  <\/span><\/p>\n<p class=\"ai-optimize-26\">\n<\/div><\/div><\/div><\/div><\/div><\/div><\/div><\/div><\/div><div class=\"w-tabs-section\" id=\"1514906054271-8f4647e7-246e\" itemscope itemprop=\"mainEntity\" itemtype=\"https:\/\/schema.org\/Question\"><button class=\"w-tabs-section-header with_icon\" aria-controls=\"content-1514906054271-8f4647e7-246e\" aria-expanded=\"false\"><i class=\"fas fa-question-circle\"><\/i><h4 class=\"w-tabs-section-title\" itemprop=\"name\">\u00bfQu\u00e9 hacer en caso de acoso o discriminaci\u00f3n?<\/h4><div class=\"w-tabs-section-control\"><\/div><\/button><div  class=\"w-tabs-section-content\" id=\"content-1514906054271-8f4647e7-246e\" itemscope itemprop=\"acceptedAnswer\" itemtype=\"https:\/\/schema.org\/Answer\"><div class=\"w-tabs-section-content-h i-cf\" itemprop=\"text\"><div class=\"g-cols wpb_row via_flex valign_top type_default stacking_default\"><div class=\"vc_col-sm-12 wpb_column vc_column_container\"><div class=\"vc_column-inner\"><div class=\"wpb_wrapper\"><div class=\"wpb_text_column\"><div class=\"wpb_wrapper\"><p class=\"ai-optimize-27\" data-pm-slice=\"1 1 &#091;&#093;\"><span>Los afectados deben documentar los incidentes y buscar asesoramiento jur\u00eddico. Los empresarios tienen el deber de cuidar y deben tomar medidas. <\/span><\/p>\n<p class=\"ai-optimize-28\">\n<\/div><\/div><\/div><\/div><\/div><\/div><\/div><\/div><\/div><div class=\"w-tabs-section\" id=\"1514906054271-8f4647e7-246e\" itemscope itemprop=\"mainEntity\" itemtype=\"https:\/\/schema.org\/Question\"><button class=\"w-tabs-section-header with_icon\" aria-controls=\"content-1514906054271-8f4647e7-246e\" aria-expanded=\"false\"><i class=\"fas fa-question-circle\"><\/i><h4 class=\"w-tabs-section-title\" itemprop=\"name\">\u00bfC\u00f3mo puede ayudarme Sp\u00fchler Rechtsanw\u00e4lte AG con mis problemas de derecho laboral?<\/h4><div class=\"w-tabs-section-control\"><\/div><\/button><div  class=\"w-tabs-section-content\" id=\"content-1514906054271-8f4647e7-246e\" itemscope itemprop=\"acceptedAnswer\" itemtype=\"https:\/\/schema.org\/Answer\"><div class=\"w-tabs-section-content-h i-cf\" itemprop=\"text\"><div class=\"g-cols wpb_row via_flex valign_top type_default stacking_default\"><div class=\"vc_col-sm-12 wpb_column vc_column_container\"><div class=\"vc_column-inner\"><div class=\"wpb_wrapper\"><div class=\"wpb_text_column\"><div class=\"wpb_wrapper\"><p class=\"ai-optimize-29\" data-pm-slice=\"1 1 &#091;&#093;\"><span>Examinamos sus reclamaciones, le asistimos en los conflictos, le representamos ante las autoridades de arbitraje y los tribunales y le apoyamos en las negociaciones de conciliaci\u00f3n. <a href=\"https:\/\/spuehler.legal\/es\/contacto\/\">P\u00f3ngase en contacto con<\/a> un abogado ahora.<\/span><\/p>\n<p class=\"ai-optimize-30\">\n<\/div><\/div><\/div><\/div><\/div><\/div><\/div><\/div><\/div><\/div><\/div><\/div><\/div><\/div><\/div><\/div><\/section><section class=\"l-section wpb_row align_center height_medium color_primary\"><div class=\"l-section-h i-cf\"><div class=\"g-cols vc_row via_flex valign_top type_default stacking_default\"><div class=\"vc_col-sm-12 wpb_column vc_column_container\"><div class=\"vc_column-inner\"><div class=\"wpb_wrapper\"><div class=\"wpb_text_column\"><div class=\"wpb_wrapper\"><h2 class=\"ai-optimize-57\" style=\"text-align: center;\"><strong>Contacte<\/strong> ahora <strong>con su abogado en Z\u00farich para derecho laboral<\/strong><\/h2>\n<p class=\"ai-optimize-31\">\n<\/div><\/div><div class=\"w-btn-wrapper align_none\"><a class=\"w-btn us-btn-style_6 us_custom_f73f4019 font_bold icon_atleft\" title=\"Reservar cita\" href=\"https:\/\/spuehler.legal\/es\/reunion\/\"><i class=\"fas fa-calendar-check\"><\/i><span class=\"w-btn-label\">Reservar cita<\/span><\/a><\/div><div class=\"w-btn-wrapper align_none\"><a class=\"w-btn us-btn-style_7 us_custom_f73f4019 icon_atleft\" href=\"https:\/\/spuehler.legal\/es\/contacto\/\"><i class=\"fas fa-address-book\"><\/i><span class=\"w-btn-label\">Contacto<\/span><\/a><\/div><\/div><\/div><\/div><\/div><\/div><\/section>\n","protected":false},"excerpt":{"rendered":"Abogado de derecho laboral en Z\u00farich \u00bfNo tiene claros sus derechos y obligaciones? Haga revisar su contrato de trabajo. Derecho laboral &#8211; claridad y protecci\u00f3n en la relaci\u00f3n laboral La legislaci\u00f3n laboral regula los derechos y obligaciones de empleados y empleadores: desde la celebraci\u00f3n de contratos hasta el pago continuado de salarios, horas de trabajo,...","protected":false},"author":1,"featured_media":0,"parent":0,"menu_order":0,"comment_status":"closed","ping_status":"closed","template":"","meta":{"footnotes":""},"class_list":["post-6703","page","type-page","status-publish","hentry"],"yoast_head":"<!-- This site is optimized with the Yoast SEO Premium plugin v27.4 (Yoast SEO v27.4) - https:\/\/yoast.com\/product\/yoast-seo-premium-wordpress\/ -->\n<title>Abogado de derecho laboral en Z\u00farich<\/title>\n<meta name=\"description\" content=\"Abogado en Zurich para derecho laboral: Obtenga apoyo y asesoramiento sobre despidos, impago de salarios, referencias, etc.\" \/>\n<meta name=\"robots\" content=\"index, follow, max-snippet:-1, max-image-preview:large, max-video-preview:-1\" \/>\n<link rel=\"canonical\" href=\"https:\/\/spuehler.legal\/es\/derecho-laboral\/\" \/>\n<meta property=\"og:locale\" content=\"es_ES\" \/>\n<meta property=\"og:type\" content=\"article\" \/>\n<meta property=\"og:title\" content=\"Derecho laboral\" \/>\n<meta property=\"og:description\" content=\"Abogado en Zurich para derecho laboral: Obtenga apoyo y asesoramiento sobre despidos, impago de salarios, referencias, etc.\" \/>\n<meta property=\"og:url\" content=\"https:\/\/spuehler.legal\/es\/derecho-laboral\/\" \/>\n<meta property=\"og:site_name\" content=\"Sp\u00fchler Rechtsanw\u00e4lte AG\" \/>\n<meta property=\"article:publisher\" content=\"https:\/\/www.facebook.com\/spuehler.legal\" \/>\n<meta property=\"article:modified_time\" content=\"2025-06-15T08:52:46+00:00\" \/>\n<meta name=\"twitter:card\" content=\"summary_large_image\" \/>\n<meta name=\"twitter:label1\" content=\"Tiempo de lectura\" \/>\n\t<meta name=\"twitter:data1\" content=\"6 minutos\" \/>\n<script type=\"application\/ld+json\" class=\"yoast-schema-graph\">{\"@context\":\"https:\\\/\\\/schema.org\",\"@graph\":[{\"@type\":\"WebPage\",\"@id\":\"https:\\\/\\\/spuehler.legal\\\/es\\\/derecho-laboral\\\/\",\"url\":\"https:\\\/\\\/spuehler.legal\\\/es\\\/derecho-laboral\\\/\",\"name\":\"Abogado de derecho laboral en Z\u00farich\",\"isPartOf\":{\"@id\":\"https:\\\/\\\/spuehler.legal\\\/es\\\/#website\"},\"datePublished\":\"2025-06-15T08:52:43+00:00\",\"dateModified\":\"2025-06-15T08:52:46+00:00\",\"description\":\"Abogado en Zurich para derecho laboral: Obtenga apoyo y asesoramiento sobre despidos, impago de salarios, referencias, etc.\",\"breadcrumb\":{\"@id\":\"https:\\\/\\\/spuehler.legal\\\/es\\\/derecho-laboral\\\/#breadcrumb\"},\"inLanguage\":\"es\",\"potentialAction\":[{\"@type\":\"ReadAction\",\"target\":[\"https:\\\/\\\/spuehler.legal\\\/es\\\/derecho-laboral\\\/\"]}]},{\"@type\":\"BreadcrumbList\",\"@id\":\"https:\\\/\\\/spuehler.legal\\\/es\\\/derecho-laboral\\\/#breadcrumb\",\"itemListElement\":[{\"@type\":\"ListItem\",\"position\":1,\"name\":\"Startseite\",\"item\":\"https:\\\/\\\/spuehler.legal\\\/es\\\/inicio\\\/\"},{\"@type\":\"ListItem\",\"position\":2,\"name\":\"Derecho laboral\"}]},{\"@type\":\"WebSite\",\"@id\":\"https:\\\/\\\/spuehler.legal\\\/es\\\/#website\",\"url\":\"https:\\\/\\\/spuehler.legal\\\/es\\\/\",\"name\":\"Sp\u00fchler Rechtsanw\u00e4lte AG\",\"description\":\"Rechtsberatung und Rechtsvertretung in allen Lebenslagen\",\"publisher\":{\"@id\":\"https:\\\/\\\/spuehler.legal\\\/es\\\/#organization\"},\"potentialAction\":[{\"@type\":\"SearchAction\",\"target\":{\"@type\":\"EntryPoint\",\"urlTemplate\":\"https:\\\/\\\/spuehler.legal\\\/es\\\/?s={search_term_string}\"},\"query-input\":{\"@type\":\"PropertyValueSpecification\",\"valueRequired\":true,\"valueName\":\"search_term_string\"}}],\"inLanguage\":\"es\"},{\"@type\":\"Organization\",\"@id\":\"https:\\\/\\\/spuehler.legal\\\/es\\\/#organization\",\"name\":\"Sp\u00fchler Rechtsanw\u00e4lte AG\",\"url\":\"https:\\\/\\\/spuehler.legal\\\/es\\\/\",\"logo\":{\"@type\":\"ImageObject\",\"inLanguage\":\"es\",\"@id\":\"https:\\\/\\\/spuehler.legal\\\/es\\\/#\\\/schema\\\/logo\\\/image\\\/\",\"url\":\"https:\\\/\\\/spuehler.legal\\\/wp-content\\\/uploads\\\/2020\\\/08\\\/logo-spuehler-rechtsanwaelte.png\",\"contentUrl\":\"https:\\\/\\\/spuehler.legal\\\/wp-content\\\/uploads\\\/2020\\\/08\\\/logo-spuehler-rechtsanwaelte.png\",\"width\":898,\"height\":259,\"caption\":\"Sp\u00fchler Rechtsanw\u00e4lte AG\"},\"image\":{\"@id\":\"https:\\\/\\\/spuehler.legal\\\/es\\\/#\\\/schema\\\/logo\\\/image\\\/\"},\"sameAs\":[\"https:\\\/\\\/www.facebook.com\\\/spuehler.legal\",\"https:\\\/\\\/www.linkedin.com\\\/in\\\/fspuehler\\\/\"],\"description\":\"Die Anwaltskanzlei Sp\u00fchler Rechtsanw\u00e4lte AG ist beratend und prozessierend t\u00e4tig. Sie vertritt Privatpersonen sowie kleine und mittlere Unternehmen (KMU) in nationalen und internationalen Sachverhalten. Durch die breite Ausrichtung der Kanzlei ist eine ganzheitliche Beratung m\u00f6glich, welche auf Deutsch, Englisch, Spanisch, Franz\u00f6sisch, Italienisch oder Portugiesisch stattfindet. Kontaktieren Sie Ihre Anw\u00e4ltin oder Ihren Anwalt in Z\u00fcrich!\",\"email\":\"info@spuehler.legal\",\"telephone\":\"+41433440505\",\"legalName\":\"Sp\u00fchler Rechtsanw\u00e4lte AG\",\"foundingDate\":\"2018-01-01\",\"vatID\":\"CHE-431.484.624\",\"numberOfEmployees\":{\"@type\":\"QuantitativeValue\",\"minValue\":\"1\",\"maxValue\":\"10\"}}]}<\/script>\n<!-- \/ Yoast SEO Premium plugin. -->","yoast_head_json":{"title":"Abogado de derecho laboral en Z\u00farich","description":"Abogado en Zurich para derecho laboral: Obtenga apoyo y asesoramiento sobre despidos, impago de salarios, referencias, etc.","robots":{"index":"index","follow":"follow","max-snippet":"max-snippet:-1","max-image-preview":"max-image-preview:large","max-video-preview":"max-video-preview:-1"},"canonical":"https:\/\/spuehler.legal\/es\/derecho-laboral\/","og_locale":"es_ES","og_type":"article","og_title":"Derecho laboral","og_description":"Abogado en Zurich para derecho laboral: Obtenga apoyo y asesoramiento sobre despidos, impago de salarios, referencias, etc.","og_url":"https:\/\/spuehler.legal\/es\/derecho-laboral\/","og_site_name":"Sp\u00fchler Rechtsanw\u00e4lte AG","article_publisher":"https:\/\/www.facebook.com\/spuehler.legal","article_modified_time":"2025-06-15T08:52:46+00:00","twitter_card":"summary_large_image","twitter_misc":{"Tiempo de lectura":"6 minutos"},"schema":{"@context":"https:\/\/schema.org","@graph":[{"@type":"WebPage","@id":"https:\/\/spuehler.legal\/es\/derecho-laboral\/","url":"https:\/\/spuehler.legal\/es\/derecho-laboral\/","name":"Abogado de derecho laboral en Z\u00farich","isPartOf":{"@id":"https:\/\/spuehler.legal\/es\/#website"},"datePublished":"2025-06-15T08:52:43+00:00","dateModified":"2025-06-15T08:52:46+00:00","description":"Abogado en Zurich para derecho laboral: Obtenga apoyo y asesoramiento sobre despidos, impago de salarios, referencias, etc.","breadcrumb":{"@id":"https:\/\/spuehler.legal\/es\/derecho-laboral\/#breadcrumb"},"inLanguage":"es","potentialAction":[{"@type":"ReadAction","target":["https:\/\/spuehler.legal\/es\/derecho-laboral\/"]}]},{"@type":"BreadcrumbList","@id":"https:\/\/spuehler.legal\/es\/derecho-laboral\/#breadcrumb","itemListElement":[{"@type":"ListItem","position":1,"name":"Startseite","item":"https:\/\/spuehler.legal\/es\/inicio\/"},{"@type":"ListItem","position":2,"name":"Derecho laboral"}]},{"@type":"WebSite","@id":"https:\/\/spuehler.legal\/es\/#website","url":"https:\/\/spuehler.legal\/es\/","name":"Sp\u00fchler Rechtsanw\u00e4lte AG","description":"Rechtsberatung und Rechtsvertretung in allen Lebenslagen","publisher":{"@id":"https:\/\/spuehler.legal\/es\/#organization"},"potentialAction":[{"@type":"SearchAction","target":{"@type":"EntryPoint","urlTemplate":"https:\/\/spuehler.legal\/es\/?s={search_term_string}"},"query-input":{"@type":"PropertyValueSpecification","valueRequired":true,"valueName":"search_term_string"}}],"inLanguage":"es"},{"@type":"Organization","@id":"https:\/\/spuehler.legal\/es\/#organization","name":"Sp\u00fchler Rechtsanw\u00e4lte AG","url":"https:\/\/spuehler.legal\/es\/","logo":{"@type":"ImageObject","inLanguage":"es","@id":"https:\/\/spuehler.legal\/es\/#\/schema\/logo\/image\/","url":"https:\/\/spuehler.legal\/wp-content\/uploads\/2020\/08\/logo-spuehler-rechtsanwaelte.png","contentUrl":"https:\/\/spuehler.legal\/wp-content\/uploads\/2020\/08\/logo-spuehler-rechtsanwaelte.png","width":898,"height":259,"caption":"Sp\u00fchler Rechtsanw\u00e4lte AG"},"image":{"@id":"https:\/\/spuehler.legal\/es\/#\/schema\/logo\/image\/"},"sameAs":["https:\/\/www.facebook.com\/spuehler.legal","https:\/\/www.linkedin.com\/in\/fspuehler\/"],"description":"Die Anwaltskanzlei Sp\u00fchler Rechtsanw\u00e4lte AG ist beratend und prozessierend t\u00e4tig. Sie vertritt Privatpersonen sowie kleine und mittlere Unternehmen (KMU) in nationalen und internationalen Sachverhalten. Durch die breite Ausrichtung der Kanzlei ist eine ganzheitliche Beratung m\u00f6glich, welche auf Deutsch, Englisch, Spanisch, Franz\u00f6sisch, Italienisch oder Portugiesisch stattfindet. Kontaktieren Sie Ihre Anw\u00e4ltin oder Ihren Anwalt in Z\u00fcrich!","email":"info@spuehler.legal","telephone":"+41433440505","legalName":"Sp\u00fchler Rechtsanw\u00e4lte AG","foundingDate":"2018-01-01","vatID":"CHE-431.484.624","numberOfEmployees":{"@type":"QuantitativeValue","minValue":"1","maxValue":"10"}}]}},"_links":{"self":[{"href":"https:\/\/spuehler.legal\/es\/wp-json\/wp\/v2\/pages\/6703","targetHints":{"allow":["GET"]}}],"collection":[{"href":"https:\/\/spuehler.legal\/es\/wp-json\/wp\/v2\/pages"}],"about":[{"href":"https:\/\/spuehler.legal\/es\/wp-json\/wp\/v2\/types\/page"}],"author":[{"embeddable":true,"href":"https:\/\/spuehler.legal\/es\/wp-json\/wp\/v2\/users\/1"}],"replies":[{"embeddable":true,"href":"https:\/\/spuehler.legal\/es\/wp-json\/wp\/v2\/comments?post=6703"}],"version-history":[{"count":2,"href":"https:\/\/spuehler.legal\/es\/wp-json\/wp\/v2\/pages\/6703\/revisions"}],"predecessor-version":[{"id":6711,"href":"https:\/\/spuehler.legal\/es\/wp-json\/wp\/v2\/pages\/6703\/revisions\/6711"}],"wp:attachment":[{"href":"https:\/\/spuehler.legal\/es\/wp-json\/wp\/v2\/media?parent=6703"}],"curies":[{"name":"wp","href":"https:\/\/api.w.org\/{rel}","templated":true}]}}