{"id":5335,"date":"2025-04-17T16:42:15","date_gmt":"2025-04-17T14:42:15","guid":{"rendered":"https:\/\/spuehler.legal\/teresa-huttl\/"},"modified":"2025-08-08T09:11:22","modified_gmt":"2025-08-08T07:11:22","slug":"teresa-huttl","status":"publish","type":"page","link":"https:\/\/spuehler.legal\/en\/teresa-huttl\/","title":{"rendered":"Teresa H\u00fcttl"},"content":{"rendered":"<section class=\"l-section wpb_row height_large color_primary with_img\"><div class=\"l-section-img\" role=\"img\" aria-label=\"Lawyer Zurich\" data-img-width=\"1920\" data-img-height=\"1280\" style=\"background-image: url(https:\/\/spuehler.legal\/wp-content\/uploads\/2017\/12\/rwi-bibliothek-zuerich3.jpg);\"><\/div><div class=\"l-section-overlay\" style=\"background:rgba(0,0,0,0.6)\"><\/div><div class=\"l-section-h i-cf\"><div class=\"g-cols vc_row via_flex valign_top type_default stacking_default\"><div class=\"vc_col-sm-12 wpb_column vc_column_container\"><div class=\"vc_column-inner\"><div class=\"wpb_wrapper\"><div class=\"wpb_text_column\"><div class=\"wpb_wrapper\"><h1>Teresa H\u00fcttl<\/h1>\n<\/div><\/div><div class=\"wpb_text_column us_custom_dfddb007\"><div class=\"wpb_wrapper\"><h3>Legal assistant<\/h3>\n<\/div><\/div><\/div><\/div><\/div><\/div><\/div><\/section><section class=\"l-section wpb_row us_custom_a40275d7 height_medium\"><div class=\"l-section-h i-cf\"><div class=\"g-cols vc_row via_flex valign_top type_default stacking_default\"><div class=\"vc_col-sm-4 wpb_column vc_column_container\"><div class=\"vc_column-inner\"><div class=\"wpb_wrapper\"><div class=\"w-person layout_simple\" itemscope itemtype=\"https:\/\/schema.org\/Person\"><div class=\"w-person-image\"><img decoding=\"async\" width=\"600\" height=\"800\" src=\"https:\/\/spuehler.legal\/wp-content\/uploads\/2025\/08\/anwaltsassistentin-teresa-huettl.jpg\" class=\"attachment-full size-full\" alt=\"Portrait of legal assistant Teresa H\u00fcttl\" itemprop=\"image\" srcset=\"https:\/\/spuehler.legal\/wp-content\/uploads\/2025\/08\/anwaltsassistentin-teresa-huettl.jpg 600w, https:\/\/spuehler.legal\/wp-content\/uploads\/2025\/08\/anwaltsassistentin-teresa-huettl-225x300.jpg 225w\" sizes=\"(max-width: 600px) 100vw, 600px\" \/><\/div><div class=\"w-person-content\"><h4 itemprop=\"name\" class=\"w-person-name\"><span>Teresa H\u00fcttl<\/span><\/h4><div class=\"w-person-role\" itemprop=\"jobTitle\">Legal assistant<\/div><\/div><\/div><\/div><\/div><\/div><div class=\"vc_col-sm-8 wpb_column vc_column_container\"><div class=\"vc_column-inner\"><div class=\"wpb_wrapper\"><div class=\"wpb_text_column\"><div class=\"wpb_wrapper\"><h2>Career<\/h2>\n<p>Teresa H\u00fcttl completed her commercial apprenticeship as a foreign language correspondent in 2021 and then worked as a paralegal in Munich. Since October 2023, she has been studying for a B.A. in European Studies with a focus on law. <\/p>\n<p>Teresa H\u00fcttl has been working as a paralegal at Sp\u00fchler Rechtsanw\u00e4lte AG since March 2025.<\/p>\n<\/div><\/div><\/div><\/div><\/div><\/div><\/div><\/section><section class=\"l-section wpb_row us_custom_8d5aa4e2 height_small\"><div class=\"l-section-h i-cf\"><div class=\"g-cols vc_row via_flex valign_top type_default stacking_default\"><div class=\"vc_col-sm-4 wpb_column vc_column_container\"><div class=\"vc_column-inner\"><div class=\"wpb_wrapper\"><div class=\"w-iconbox iconpos_top style_outlined color_primary align_center no_text no_title\"><div class=\"w-iconbox-icon\" style=\"font-size:60px;\"><i class=\"fas fa-comments\"><\/i><\/div><div class=\"w-iconbox-meta\"><\/div><\/div><div class=\"w-separator size_custom\" style=\"height:20px\"><\/div><\/div><\/div><\/div><div class=\"vc_col-sm-8 wpb_column vc_column_container\"><div class=\"vc_column-inner\"><div class=\"wpb_wrapper\"><div class=\"g-cols wpb_row via_flex valign_top type_default stacking_default\"><div class=\"vc_col-sm-6 wpb_column vc_column_container\"><div class=\"vc_column-inner us_custom_539f15ee\"><div class=\"wpb_wrapper\"><div class=\"wpb_text_column\"><div class=\"wpb_wrapper\"><h3>Language skills<\/h3>\n<p>&#8211; German (mother tongue)<br \/>\n&#8211; English<br \/>\n&#8211; Spanish<\/p>\n<\/div><\/div><\/div><\/div><\/div><div class=\"vc_col-sm-6 wpb_column vc_column_container\"><div class=\"vc_column-inner us_custom_539f15ee\"><div class=\"wpb_wrapper\"><\/div><\/div><\/div><\/div><\/div><\/div><\/div><\/div><\/div><\/section><section class=\"l-section wpb_row height_large color_primary\"><div class=\"l-section-h i-cf\"><div class=\"g-cols vc_row via_flex valign_top type_default stacking_default\"><div class=\"vc_col-sm-4 wpb_column vc_column_container\"><div class=\"vc_column-inner us_custom_289537ba\"><div class=\"wpb_wrapper\"><div class=\"w-iconbox iconpos_top style_outlined color_custom align_center no_text no_title\"><div class=\"w-iconbox-icon\" style=\"font-size:60px;--icon-color:#ffffff;--icon-bg-color:#ffffff;\"><i class=\"fas fa-graduation-cap\"><\/i><\/div><div class=\"w-iconbox-meta\"><\/div><\/div><div class=\"w-separator size_custom\" style=\"height:20px\"><\/div><\/div><\/div><\/div><div class=\"vc_col-sm-8 wpb_column vc_column_container\"><div class=\"vc_column-inner\"><div class=\"wpb_wrapper\"><div class=\"wpb_text_column\"><div class=\"wpb_wrapper\"><h2>Overview of <strong>education and professional activities<\/strong><\/h2>\n<p><strong>Since March 2025<\/strong><br \/>\nParalegal at Sp\u00fchler Rechtsanw\u00e4lte AG<\/p>\n<p><strong>Since October 2023<\/strong><br \/>\nB.A. European Studies with specialization in Law, Universidad Complutense de Madrid and University of Zurich<\/p>\n<p><strong>September 2021 until July 2022<\/strong><br \/>\nLegal assistant in a law firm in Munich<\/p>\n<p><strong>September 2019 until July 2021<\/strong><br \/>\nCommercial apprenticeship as a foreign language correspondent for English and Spanish<\/p>\n<\/div><\/div><\/div><\/div><\/div><\/div><\/div><\/section><section class=\"l-section wpb_row height_medium\"><div class=\"l-section-h i-cf\"><div class=\"g-cols vc_row via_flex valign_top type_default stacking_default\"><div class=\"vc_col-sm-4 wpb_column vc_column_container\"><div class=\"vc_column-inner\"><div class=\"wpb_wrapper\"><div class=\"w-iconbox iconpos_top style_outlined color_primary align_center no_text no_title\"><div class=\"w-iconbox-icon\" style=\"font-size:60px;\"><i class=\"fas fa-id-card\"><\/i><\/div><div class=\"w-iconbox-meta\"><\/div><\/div><div class=\"w-separator size_custom\" style=\"height:20px\"><\/div><\/div><\/div><\/div><div class=\"vc_col-sm-8 wpb_column vc_column_container\"><div class=\"vc_column-inner\"><div class=\"wpb_wrapper\"><div class=\"g-cols wpb_row via_flex valign_top type_default stacking_default\"><div class=\"vc_col-sm-6 wpb_column vc_column_container\"><div class=\"vc_column-inner us_custom_539f15ee\"><div class=\"wpb_wrapper\"><div class=\"wpb_text_column\"><div class=\"wpb_wrapper\"><h3>Contact<\/h3>\n<\/div><\/div><div class=\"w-iconbox iconpos_left style_default color_contrast align_left no_text\"><a href=\"tel:+41433440505\" class=\"w-iconbox-link\" aria-label=\"+41 43 344 05 05\"><div class=\"w-iconbox-icon\" style=\"font-size:1.3em;\"><i class=\"fas fa-phone\"><\/i><\/div><\/a><div class=\"w-iconbox-meta\"><div class=\"w-iconbox-title\"><a href=\"tel:+41433440505\" class=\"w-iconbox-link\" aria-label=\"+41 43 344 05 05\">+41 43 344 05 05<\/a><\/div><\/div><\/div><div class=\"w-separator size_custom\" style=\"height:25px\"><\/div><div class=\"w-iconbox iconpos_left style_default color_contrast align_left no_text\"><a href=\"mailto:th@spuehler.legal\" class=\"w-iconbox-link\" aria-label=\"TH@spuehler.legal\"><div class=\"w-iconbox-icon\" style=\"font-size:1.3em;\"><i class=\"fas fa-envelope\"><\/i><\/div><\/a><div class=\"w-iconbox-meta\"><div class=\"w-iconbox-title\"><a href=\"mailto:th@spuehler.legal\" class=\"w-iconbox-link\" aria-label=\"TH@spuehler.legal\">TH@spuehler.legal<\/a><\/div><\/div><\/div><\/div><\/div><\/div><div class=\"vc_col-sm-6 wpb_column vc_column_container\"><div class=\"vc_column-inner us_custom_539f15ee\"><div class=\"wpb_wrapper\"><\/div><\/div><\/div><\/div><\/div><\/div><\/div><\/div><\/div><\/section>\n","protected":false},"excerpt":{"rendered":"Teresa H\u00fcttl Legal assistant Teresa H\u00fcttlLegal assistantCareer Teresa H\u00fcttl completed her commercial apprenticeship as a foreign language correspondent in 2021 and then worked as a paralegal in Munich. Since October 2023, she has been studying for a B.A. in European Studies with a focus on law. Teresa H\u00fcttl has been working as a paralegal at...","protected":false},"author":1,"featured_media":0,"parent":0,"menu_order":0,"comment_status":"closed","ping_status":"closed","template":"","meta":{"footnotes":""},"class_list":["post-5335","page","type-page","status-publish","hentry"],"yoast_head":"<!-- This site is optimized with the Yoast SEO Premium plugin v27.5 (Yoast SEO v27.5) - https:\/\/yoast.com\/product\/yoast-seo-premium-wordpress\/ -->\n<title>Teresa H\u00fcttl - Sp\u00fchler Rechtsanw\u00e4lte AG<\/title>\n<meta name=\"robots\" content=\"index, follow, max-snippet:-1, max-image-preview:large, max-video-preview:-1\" \/>\n<link rel=\"canonical\" href=\"https:\/\/spuehler.legal\/en\/teresa-huttl\/\" \/>\n<meta property=\"og:locale\" content=\"en_US\" \/>\n<meta property=\"og:type\" content=\"article\" \/>\n<meta property=\"og:title\" content=\"Teresa H\u00fcttl\" \/>\n<meta property=\"og:url\" content=\"https:\/\/spuehler.legal\/en\/teresa-huttl\/\" \/>\n<meta property=\"og:site_name\" content=\"Sp\u00fchler Rechtsanw\u00e4lte AG\" \/>\n<meta property=\"article:publisher\" content=\"https:\/\/www.facebook.com\/spuehler.legal\" \/>\n<meta property=\"article:modified_time\" content=\"2025-08-08T07:11:22+00:00\" \/>\n<meta name=\"twitter:card\" content=\"summary_large_image\" \/>\n<meta name=\"twitter:label1\" content=\"Est. reading time\" \/>\n\t<meta name=\"twitter:data1\" content=\"3 minutes\" \/>\n<script type=\"application\/ld+json\" class=\"yoast-schema-graph\">{\"@context\":\"https:\\\/\\\/schema.org\",\"@graph\":[{\"@type\":\"WebPage\",\"@id\":\"https:\\\/\\\/spuehler.legal\\\/en\\\/teresa-huttl\\\/\",\"url\":\"https:\\\/\\\/spuehler.legal\\\/en\\\/teresa-huttl\\\/\",\"name\":\"Teresa H\u00fcttl - Sp\u00fchler Rechtsanw\u00e4lte AG\",\"isPartOf\":{\"@id\":\"https:\\\/\\\/spuehler.legal\\\/en\\\/#website\"},\"datePublished\":\"2025-04-17T14:42:15+00:00\",\"dateModified\":\"2025-08-08T07:11:22+00:00\",\"breadcrumb\":{\"@id\":\"https:\\\/\\\/spuehler.legal\\\/en\\\/teresa-huttl\\\/#breadcrumb\"},\"inLanguage\":\"en-US\",\"potentialAction\":[{\"@type\":\"ReadAction\",\"target\":[\"https:\\\/\\\/spuehler.legal\\\/en\\\/teresa-huttl\\\/\"]}]},{\"@type\":\"BreadcrumbList\",\"@id\":\"https:\\\/\\\/spuehler.legal\\\/en\\\/teresa-huttl\\\/#breadcrumb\",\"itemListElement\":[{\"@type\":\"ListItem\",\"position\":1,\"name\":\"Startseite\",\"item\":\"https:\\\/\\\/spuehler.legal\\\/en\\\/home\\\/\"},{\"@type\":\"ListItem\",\"position\":2,\"name\":\"Teresa H\u00fcttl\"}]},{\"@type\":\"WebSite\",\"@id\":\"https:\\\/\\\/spuehler.legal\\\/en\\\/#website\",\"url\":\"https:\\\/\\\/spuehler.legal\\\/en\\\/\",\"name\":\"Sp\u00fchler Rechtsanw\u00e4lte AG\",\"description\":\"Rechtsberatung und Rechtsvertretung in allen Lebenslagen\",\"publisher\":{\"@id\":\"https:\\\/\\\/spuehler.legal\\\/en\\\/#organization\"},\"potentialAction\":[{\"@type\":\"SearchAction\",\"target\":{\"@type\":\"EntryPoint\",\"urlTemplate\":\"https:\\\/\\\/spuehler.legal\\\/en\\\/?s={search_term_string}\"},\"query-input\":{\"@type\":\"PropertyValueSpecification\",\"valueRequired\":true,\"valueName\":\"search_term_string\"}}],\"inLanguage\":\"en-US\"},{\"@type\":\"Organization\",\"@id\":\"https:\\\/\\\/spuehler.legal\\\/en\\\/#organization\",\"name\":\"Sp\u00fchler Rechtsanw\u00e4lte AG\",\"url\":\"https:\\\/\\\/spuehler.legal\\\/en\\\/\",\"logo\":{\"@type\":\"ImageObject\",\"inLanguage\":\"en-US\",\"@id\":\"https:\\\/\\\/spuehler.legal\\\/en\\\/#\\\/schema\\\/logo\\\/image\\\/\",\"url\":\"https:\\\/\\\/spuehler.legal\\\/wp-content\\\/uploads\\\/2020\\\/08\\\/logo-spuehler-rechtsanwaelte.png\",\"contentUrl\":\"https:\\\/\\\/spuehler.legal\\\/wp-content\\\/uploads\\\/2020\\\/08\\\/logo-spuehler-rechtsanwaelte.png\",\"width\":898,\"height\":259,\"caption\":\"Sp\u00fchler Rechtsanw\u00e4lte AG\"},\"image\":{\"@id\":\"https:\\\/\\\/spuehler.legal\\\/en\\\/#\\\/schema\\\/logo\\\/image\\\/\"},\"sameAs\":[\"https:\\\/\\\/www.facebook.com\\\/spuehler.legal\",\"https:\\\/\\\/www.linkedin.com\\\/in\\\/fspuehler\\\/\"],\"description\":\"Die Anwaltskanzlei Sp\u00fchler Rechtsanw\u00e4lte AG ist beratend und prozessierend t\u00e4tig. Sie vertritt Privatpersonen sowie kleine und mittlere Unternehmen (KMU) in nationalen und internationalen Sachverhalten. Durch die breite Ausrichtung der Kanzlei ist eine ganzheitliche Beratung m\u00f6glich, welche auf Deutsch, Englisch, Spanisch, Franz\u00f6sisch, Italienisch oder Portugiesisch stattfindet. Kontaktieren Sie Ihre Anw\u00e4ltin oder Ihren Anwalt in Z\u00fcrich!\",\"email\":\"info@spuehler.legal\",\"telephone\":\"+41433440505\",\"legalName\":\"Sp\u00fchler Rechtsanw\u00e4lte AG\",\"foundingDate\":\"2018-01-01\",\"vatID\":\"CHE-431.484.624\",\"numberOfEmployees\":{\"@type\":\"QuantitativeValue\",\"minValue\":\"1\",\"maxValue\":\"10\"}}]}<\/script>\n<!-- \/ Yoast SEO Premium plugin. -->","yoast_head_json":{"title":"Teresa H\u00fcttl - Sp\u00fchler Rechtsanw\u00e4lte AG","robots":{"index":"index","follow":"follow","max-snippet":"max-snippet:-1","max-image-preview":"max-image-preview:large","max-video-preview":"max-video-preview:-1"},"canonical":"https:\/\/spuehler.legal\/en\/teresa-huttl\/","og_locale":"en_US","og_type":"article","og_title":"Teresa H\u00fcttl","og_url":"https:\/\/spuehler.legal\/en\/teresa-huttl\/","og_site_name":"Sp\u00fchler Rechtsanw\u00e4lte AG","article_publisher":"https:\/\/www.facebook.com\/spuehler.legal","article_modified_time":"2025-08-08T07:11:22+00:00","twitter_card":"summary_large_image","twitter_misc":{"Est. reading time":"3 minutes"},"schema":{"@context":"https:\/\/schema.org","@graph":[{"@type":"WebPage","@id":"https:\/\/spuehler.legal\/en\/teresa-huttl\/","url":"https:\/\/spuehler.legal\/en\/teresa-huttl\/","name":"Teresa H\u00fcttl - Sp\u00fchler Rechtsanw\u00e4lte AG","isPartOf":{"@id":"https:\/\/spuehler.legal\/en\/#website"},"datePublished":"2025-04-17T14:42:15+00:00","dateModified":"2025-08-08T07:11:22+00:00","breadcrumb":{"@id":"https:\/\/spuehler.legal\/en\/teresa-huttl\/#breadcrumb"},"inLanguage":"en-US","potentialAction":[{"@type":"ReadAction","target":["https:\/\/spuehler.legal\/en\/teresa-huttl\/"]}]},{"@type":"BreadcrumbList","@id":"https:\/\/spuehler.legal\/en\/teresa-huttl\/#breadcrumb","itemListElement":[{"@type":"ListItem","position":1,"name":"Startseite","item":"https:\/\/spuehler.legal\/en\/home\/"},{"@type":"ListItem","position":2,"name":"Teresa H\u00fcttl"}]},{"@type":"WebSite","@id":"https:\/\/spuehler.legal\/en\/#website","url":"https:\/\/spuehler.legal\/en\/","name":"Sp\u00fchler Rechtsanw\u00e4lte AG","description":"Rechtsberatung und Rechtsvertretung in allen Lebenslagen","publisher":{"@id":"https:\/\/spuehler.legal\/en\/#organization"},"potentialAction":[{"@type":"SearchAction","target":{"@type":"EntryPoint","urlTemplate":"https:\/\/spuehler.legal\/en\/?s={search_term_string}"},"query-input":{"@type":"PropertyValueSpecification","valueRequired":true,"valueName":"search_term_string"}}],"inLanguage":"en-US"},{"@type":"Organization","@id":"https:\/\/spuehler.legal\/en\/#organization","name":"Sp\u00fchler Rechtsanw\u00e4lte AG","url":"https:\/\/spuehler.legal\/en\/","logo":{"@type":"ImageObject","inLanguage":"en-US","@id":"https:\/\/spuehler.legal\/en\/#\/schema\/logo\/image\/","url":"https:\/\/spuehler.legal\/wp-content\/uploads\/2020\/08\/logo-spuehler-rechtsanwaelte.png","contentUrl":"https:\/\/spuehler.legal\/wp-content\/uploads\/2020\/08\/logo-spuehler-rechtsanwaelte.png","width":898,"height":259,"caption":"Sp\u00fchler Rechtsanw\u00e4lte AG"},"image":{"@id":"https:\/\/spuehler.legal\/en\/#\/schema\/logo\/image\/"},"sameAs":["https:\/\/www.facebook.com\/spuehler.legal","https:\/\/www.linkedin.com\/in\/fspuehler\/"],"description":"Die Anwaltskanzlei Sp\u00fchler Rechtsanw\u00e4lte AG ist beratend und prozessierend t\u00e4tig. Sie vertritt Privatpersonen sowie kleine und mittlere Unternehmen (KMU) in nationalen und internationalen Sachverhalten. Durch die breite Ausrichtung der Kanzlei ist eine ganzheitliche Beratung m\u00f6glich, welche auf Deutsch, Englisch, Spanisch, Franz\u00f6sisch, Italienisch oder Portugiesisch stattfindet. Kontaktieren Sie Ihre Anw\u00e4ltin oder Ihren Anwalt in Z\u00fcrich!","email":"info@spuehler.legal","telephone":"+41433440505","legalName":"Sp\u00fchler Rechtsanw\u00e4lte AG","foundingDate":"2018-01-01","vatID":"CHE-431.484.624","numberOfEmployees":{"@type":"QuantitativeValue","minValue":"1","maxValue":"10"}}]}},"_links":{"self":[{"href":"https:\/\/spuehler.legal\/en\/wp-json\/wp\/v2\/pages\/5335","targetHints":{"allow":["GET"]}}],"collection":[{"href":"https:\/\/spuehler.legal\/en\/wp-json\/wp\/v2\/pages"}],"about":[{"href":"https:\/\/spuehler.legal\/en\/wp-json\/wp\/v2\/types\/page"}],"author":[{"embeddable":true,"href":"https:\/\/spuehler.legal\/en\/wp-json\/wp\/v2\/users\/1"}],"replies":[{"embeddable":true,"href":"https:\/\/spuehler.legal\/en\/wp-json\/wp\/v2\/comments?post=5335"}],"version-history":[{"count":6,"href":"https:\/\/spuehler.legal\/en\/wp-json\/wp\/v2\/pages\/5335\/revisions"}],"predecessor-version":[{"id":7329,"href":"https:\/\/spuehler.legal\/en\/wp-json\/wp\/v2\/pages\/5335\/revisions\/7329"}],"wp:attachment":[{"href":"https:\/\/spuehler.legal\/en\/wp-json\/wp\/v2\/media?parent=5335"}],"curies":[{"name":"wp","href":"https:\/\/api.w.org\/{rel}","templated":true}]}}